{"id":54393,"date":"2023-05-25T22:33:01","date_gmt":"2023-05-26T01:33:01","guid":{"rendered":"https:\/\/www.iset.com.br\/blog\/pagina-inicial-2\/"},"modified":"2025-06-25T16:45:51","modified_gmt":"2025-06-25T19:45:51","slug":"pagina-inicial-2","status":"publish","type":"page","link":"https:\/\/www.iset.com.br\/blog\/","title":{"rendered":"P\u00e1gina Inicial"},"content":{"rendered":"\t\t<div data-elementor-type=\"wp-page\" data-elementor-id=\"54393\" class=\"elementor elementor-54393\" data-elementor-post-type=\"page\">\n\t\t\t\t\t\t<section class=\"elementor-section elementor-top-section elementor-element elementor-element-698b94e6 elementor-section-height-min-height elementor-hidden-tablet elementor-hidden-mobile elementor-section-boxed elementor-section-height-default elementor-section-items-middle\" data-id=\"698b94e6\" data-element_type=\"section\" data-settings=\"{&quot;background_background&quot;:&quot;classic&quot;}\">\n\t\t\t\t\t\t\t<div class=\"elementor-background-overlay\"><\/div>\n\t\t\t\t\t\t\t<div class=\"elementor-container elementor-column-gap-default\">\n\t\t\t\t\t<div class=\"elementor-column elementor-col-50 elementor-top-column elementor-element elementor-element-3940b69d\" data-id=\"3940b69d\" data-element_type=\"column\">\n\t\t\t<div class=\"elementor-widget-wrap elementor-element-populated\">\n\t\t\t\t\t\t<div class=\"elementor-element elementor-element-74e8231c elementor-invisible elementor-widget elementor-widget-heading\" data-id=\"74e8231c\" data-element_type=\"widget\" data-settings=\"{&quot;_animation&quot;:&quot;fadeInUp&quot;,&quot;_animation_delay&quot;:150}\" data-widget_type=\"heading.default\">\n\t\t\t\t<div class=\"elementor-widget-container\">\n\t\t\t\t\t<span class=\"elementor-heading-title elementor-size-default\">BLOG DA iSET<\/span>\t\t\t\t<\/div>\n\t\t\t\t<\/div>\n\t\t\t\t<div class=\"elementor-element elementor-element-5a1a5ccc elementor-widget__width-auto elementor-invisible elementor-widget elementor-widget-heading\" data-id=\"5a1a5ccc\" data-element_type=\"widget\" data-settings=\"{&quot;_animation&quot;:&quot;fadeInUp&quot;}\" data-widget_type=\"heading.default\">\n\t\t\t\t<div class=\"elementor-widget-container\">\n\t\t\t\t\t<h1 class=\"elementor-heading-title elementor-size-default\">Acelere o<\/h1>\t\t\t\t<\/div>\n\t\t\t\t<\/div>\n\t\t\t\t<div class=\"elementor-element elementor-element-2c0c3bf0 elementor-widget__width-auto elementor-invisible elementor-widget elementor-widget-heading\" data-id=\"2c0c3bf0\" data-element_type=\"widget\" data-settings=\"{&quot;_animation&quot;:&quot;fadeInUp&quot;,&quot;_animation_delay&quot;:50}\" data-widget_type=\"heading.default\">\n\t\t\t\t<div class=\"elementor-widget-container\">\n\t\t\t\t\t<h1 class=\"elementor-heading-title elementor-size-default\">Crescimento<\/h1>\t\t\t\t<\/div>\n\t\t\t\t<\/div>\n\t\t\t\t<div class=\"elementor-element elementor-element-59e935e5 elementor-invisible elementor-widget elementor-widget-heading\" data-id=\"59e935e5\" data-element_type=\"widget\" data-settings=\"{&quot;_animation&quot;:&quot;fadeInUp&quot;,&quot;_animation_delay&quot;:100}\" data-widget_type=\"heading.default\">\n\t\t\t\t<div class=\"elementor-widget-container\">\n\t\t\t\t\t<h1 class=\"elementor-heading-title elementor-size-default\">Do Seu Neg\u00f3cio<\/h1>\t\t\t\t<\/div>\n\t\t\t\t<\/div>\n\t\t\t\t<div class=\"elementor-element elementor-element-452af91 elementor-widget-divider--view-line_icon elementor-view-default elementor-widget-divider--element-align-center elementor-invisible elementor-widget elementor-widget-divider\" data-id=\"452af91\" data-element_type=\"widget\" data-settings=\"{&quot;_animation&quot;:&quot;fadeInUp&quot;,&quot;_animation_delay&quot;:80}\" data-widget_type=\"divider.default\">\n\t\t\t\t<div class=\"elementor-widget-container\">\n\t\t\t\t\t\t\t<div class=\"elementor-divider\">\n\t\t\t<span class=\"elementor-divider-separator\">\n\t\t\t\t\t\t\t<div class=\"elementor-icon elementor-divider__element\">\n\t\t\t\t\t<svg aria-hidden=\"true\" class=\"e-font-icon-svg e-fas-dot-circle\" viewBox=\"0 0 512 512\" xmlns=\"http:\/\/www.w3.org\/2000\/svg\"><path d=\"M256 8C119.033 8 8 119.033 8 256s111.033 248 248 248 248-111.033 248-248S392.967 8 256 8zm80 248c0 44.112-35.888 80-80 80s-80-35.888-80-80 35.888-80 80-80 80 35.888 80 80z\"><\/path><\/svg><\/div>\n\t\t\t\t\t\t<\/span>\n\t\t<\/div>\n\t\t\t\t\t\t<\/div>\n\t\t\t\t<\/div>\n\t\t\t\t<div class=\"elementor-element elementor-element-fcc221b elementor-invisible elementor-widget elementor-widget-heading\" data-id=\"fcc221b\" data-element_type=\"widget\" data-settings=\"{&quot;_animation&quot;:&quot;fadeInUp&quot;,&quot;_animation_delay&quot;:150}\" data-widget_type=\"heading.default\">\n\t\t\t\t<div class=\"elementor-widget-container\">\n\t\t\t\t\t<p class=\"elementor-heading-title elementor-size-default\">Descubra como criar experi\u00eancias que impulsionam suas vendas e fidelizam seus clientes.<\/p>\t\t\t\t<\/div>\n\t\t\t\t<\/div>\n\t\t\t\t\t<\/div>\n\t\t<\/div>\n\t\t\t\t<div class=\"elementor-column elementor-col-50 elementor-top-column elementor-element elementor-element-32d069a2 elementor-hidden-mobile\" data-id=\"32d069a2\" data-element_type=\"column\">\n\t\t\t<div class=\"elementor-widget-wrap elementor-element-populated\">\n\t\t\t\t\t\t<div class=\"elementor-element elementor-element-77f96a1c elementor-widget__width-auto elementor-widget-tablet__width-auto elementor-widget elementor-widget-tf-slide-swiper\" data-id=\"77f96a1c\" data-element_type=\"widget\" data-widget_type=\"tf-slide-swiper.default\">\n\t\t\t\t<div class=\"elementor-widget-container\">\n\t\t\t\t\t\t\t<div id=\"tf-slide-swiper-77f96a1c\" class=\"tf-slide-swiper\" data-tabid=\"77f96a1c\" data-transition_speed=\"3000\" data-autoplay=\"yes\" data-pause_on_interaction=\"yes\" data-autoplay_speed=\"500\" data-infinite_loop=\"yes\" data-bullets_type=\"\" data-direction=\"vertical\" data-space_between=\"10\" data-slides_show=\"2\" data-slides_show_tablet=\"1\" data-slides_show_mobile=\"1\" data-reverse_direction=\"no\">\r\n\t\t\t<div class=\"wrap-swiper-container\">\r\n\t\t\t\t<!-- Slider container -->\r\n\t\t\t\t<div class=\"swiper swiper-container swiper-container-primary\">\r\n\t\t\t\t\t<!-- Swiper wrapper -->\r\n\t\t\t\t\t<div class=\"swiper-wrapper\">\r\n\t\t\t\t\t\t<!-- Slides -->\r\n\t\t\t\t\t\t<div class=\"swiper-slide\"><div class=\"wrap-image\"><img decoding=\"async\" class=\"swiper-slide-image\" src=\"https:\/\/www.iset.com.br\/blog\/wp-content\/uploads\/2025\/06\/acompanhe-iset-1.png\" alt=\"a woman smiling while holding a phone\" \/><\/div><\/div><div class=\"swiper-slide\"><div class=\"wrap-image\"><img decoding=\"async\" class=\"swiper-slide-image\" src=\"https:\/\/www.iset.com.br\/blog\/wp-content\/uploads\/2025\/06\/site-de-vendas-iset.png\" alt=\"a cellphone with a picture of women on the screen\" \/><\/div><\/div><div class=\"swiper-slide\"><div class=\"wrap-image\"><img decoding=\"async\" class=\"swiper-slide-image\" src=\"https:\/\/www.iset.com.br\/blog\/wp-content\/uploads\/2025\/06\/feature_request_picture_.png\" alt=\"a man with his arms crossed\" \/><\/div><\/div>\t\t\t\t\t<\/div>\r\n\r\n\t\t\t\t\t\t\t\t\t\t\t\t<!-- Pagination -->\r\n\t\t\t\t\t\t\t\t\t\t\t\t\r\n\t\t\t\t\t\t\t\t\t\t\t\t\t\t\t<\/div>\r\n\t\t\t<\/div>\r\n        <\/div>\r\n\r\n\t\t\t\t\t\t<\/div>\n\t\t\t\t<\/div>\n\t\t\t\t\t<\/div>\n\t\t<\/div>\n\t\t\t\t\t<\/div>\n\t\t<\/section>\n\t\t\t\t<section class=\"elementor-section elementor-top-section elementor-element elementor-element-fded043 elementor-section-height-min-height elementor-hidden-desktop elementor-section-boxed elementor-section-height-default elementor-section-items-middle\" data-id=\"fded043\" data-element_type=\"section\" data-settings=\"{&quot;background_background&quot;:&quot;classic&quot;}\">\n\t\t\t\t\t\t\t<div class=\"elementor-background-overlay\"><\/div>\n\t\t\t\t\t\t\t<div class=\"elementor-container elementor-column-gap-default\">\n\t\t\t\t\t<div class=\"elementor-column elementor-col-100 elementor-top-column elementor-element elementor-element-5218877f\" data-id=\"5218877f\" data-element_type=\"column\">\n\t\t\t<div class=\"elementor-widget-wrap elementor-element-populated\">\n\t\t\t\t\t\t<div class=\"elementor-element elementor-element-38d70a51 elementor-invisible elementor-widget elementor-widget-heading\" data-id=\"38d70a51\" data-element_type=\"widget\" data-settings=\"{&quot;_animation&quot;:&quot;fadeInUp&quot;,&quot;_animation_delay&quot;:150}\" data-widget_type=\"heading.default\">\n\t\t\t\t<div class=\"elementor-widget-container\">\n\t\t\t\t\t<span class=\"elementor-heading-title elementor-size-default\">BLOG DA iSET<\/span>\t\t\t\t<\/div>\n\t\t\t\t<\/div>\n\t\t\t\t<div class=\"elementor-element elementor-element-73fd4b29 elementor-widget__width-auto elementor-invisible elementor-widget elementor-widget-heading\" data-id=\"73fd4b29\" data-element_type=\"widget\" data-settings=\"{&quot;_animation&quot;:&quot;fadeInUp&quot;}\" data-widget_type=\"heading.default\">\n\t\t\t\t<div class=\"elementor-widget-container\">\n\t\t\t\t\t<h1 class=\"elementor-heading-title elementor-size-default\">Acelere o<\/h1>\t\t\t\t<\/div>\n\t\t\t\t<\/div>\n\t\t\t\t<div class=\"elementor-element elementor-element-60173fa1 elementor-widget__width-auto elementor-invisible elementor-widget elementor-widget-heading\" data-id=\"60173fa1\" data-element_type=\"widget\" data-settings=\"{&quot;_animation&quot;:&quot;fadeInUp&quot;,&quot;_animation_delay&quot;:50}\" data-widget_type=\"heading.default\">\n\t\t\t\t<div class=\"elementor-widget-container\">\n\t\t\t\t\t<h1 class=\"elementor-heading-title elementor-size-default\">Crescimento<\/h1>\t\t\t\t<\/div>\n\t\t\t\t<\/div>\n\t\t\t\t<div class=\"elementor-element elementor-element-2fd9a0b1 elementor-invisible elementor-widget elementor-widget-heading\" data-id=\"2fd9a0b1\" data-element_type=\"widget\" data-settings=\"{&quot;_animation&quot;:&quot;fadeInUp&quot;,&quot;_animation_delay&quot;:100}\" data-widget_type=\"heading.default\">\n\t\t\t\t<div class=\"elementor-widget-container\">\n\t\t\t\t\t<h1 class=\"elementor-heading-title elementor-size-default\">Do Seu Neg\u00f3cio<\/h1>\t\t\t\t<\/div>\n\t\t\t\t<\/div>\n\t\t\t\t<div class=\"elementor-element elementor-element-6dbad912 elementor-widget-divider--view-line_icon elementor-view-default elementor-widget-divider--element-align-center elementor-invisible elementor-widget elementor-widget-divider\" data-id=\"6dbad912\" data-element_type=\"widget\" data-settings=\"{&quot;_animation&quot;:&quot;fadeInUp&quot;,&quot;_animation_delay&quot;:80}\" data-widget_type=\"divider.default\">\n\t\t\t\t<div class=\"elementor-widget-container\">\n\t\t\t\t\t\t\t<div class=\"elementor-divider\">\n\t\t\t<span class=\"elementor-divider-separator\">\n\t\t\t\t\t\t\t<div class=\"elementor-icon elementor-divider__element\">\n\t\t\t\t\t<svg aria-hidden=\"true\" class=\"e-font-icon-svg e-fas-dot-circle\" viewBox=\"0 0 512 512\" xmlns=\"http:\/\/www.w3.org\/2000\/svg\"><path d=\"M256 8C119.033 8 8 119.033 8 256s111.033 248 248 248 248-111.033 248-248S392.967 8 256 8zm80 248c0 44.112-35.888 80-80 80s-80-35.888-80-80 35.888-80 80-80 80 35.888 80 80z\"><\/path><\/svg><\/div>\n\t\t\t\t\t\t<\/span>\n\t\t<\/div>\n\t\t\t\t\t\t<\/div>\n\t\t\t\t<\/div>\n\t\t\t\t<div class=\"elementor-element elementor-element-2bd6edf7 elementor-invisible elementor-widget elementor-widget-heading\" data-id=\"2bd6edf7\" data-element_type=\"widget\" data-settings=\"{&quot;_animation&quot;:&quot;fadeInUp&quot;,&quot;_animation_delay&quot;:150}\" data-widget_type=\"heading.default\">\n\t\t\t\t<div class=\"elementor-widget-container\">\n\t\t\t\t\t<p class=\"elementor-heading-title elementor-size-default\">Descubra como criar experi\u00eancias que impulsionam suas vendas e fidelizam seus clientes.<\/p>\t\t\t\t<\/div>\n\t\t\t\t<\/div>\n\t\t\t\t\t<\/div>\n\t\t<\/div>\n\t\t\t\t\t<\/div>\n\t\t<\/section>\n\t\t\t\t<section class=\"elementor-section elementor-top-section elementor-element elementor-element-62c8d24e elementor-section-boxed elementor-section-height-default elementor-section-height-default\" data-id=\"62c8d24e\" data-element_type=\"section\" data-settings=\"{&quot;background_background&quot;:&quot;classic&quot;}\">\n\t\t\t\t\t\t<div class=\"elementor-container elementor-column-gap-default\">\n\t\t\t\t\t<div class=\"elementor-column elementor-col-100 elementor-top-column elementor-element elementor-element-75891b33\" data-id=\"75891b33\" data-element_type=\"column\">\n\t\t\t<div class=\"elementor-widget-wrap elementor-element-populated\">\n\t\t\t\t\t\t<div class=\"elementor-element elementor-element-6f3f125f elementor-invisible elementor-widget elementor-widget-heading\" data-id=\"6f3f125f\" data-element_type=\"widget\" data-settings=\"{&quot;_animation&quot;:&quot;fadeInUp&quot;,&quot;_animation_delay&quot;:150}\" data-widget_type=\"heading.default\">\n\t\t\t\t<div class=\"elementor-widget-container\">\n\t\t\t\t\t<span class=\"elementor-heading-title elementor-size-default\">CATEGORIAS<\/span>\t\t\t\t<\/div>\n\t\t\t\t<\/div>\n\t\t\t\t<div class=\"elementor-element elementor-element-6fe92308 elementor-invisible elementor-widget elementor-widget-heading\" data-id=\"6fe92308\" data-element_type=\"widget\" data-settings=\"{&quot;_animation&quot;:&quot;fadeInUp&quot;,&quot;_animation_delay&quot;:80}\" data-widget_type=\"heading.default\">\n\t\t\t\t<div class=\"elementor-widget-container\">\n\t\t\t\t\t<h2 class=\"elementor-heading-title elementor-size-default\">Mais Populares<\/h2>\t\t\t\t<\/div>\n\t\t\t\t<\/div>\n\t\t\t\t<div class=\"elementor-element elementor-element-1d9f11db elementor-widget-divider--view-line_icon elementor-view-default elementor-widget-divider--element-align-center elementor-invisible elementor-widget elementor-widget-divider\" data-id=\"1d9f11db\" data-element_type=\"widget\" data-settings=\"{&quot;_animation&quot;:&quot;fadeInUp&quot;,&quot;_animation_delay&quot;:80}\" data-widget_type=\"divider.default\">\n\t\t\t\t<div class=\"elementor-widget-container\">\n\t\t\t\t\t\t\t<div class=\"elementor-divider\">\n\t\t\t<span class=\"elementor-divider-separator\">\n\t\t\t\t\t\t\t<div class=\"elementor-icon elementor-divider__element\">\n\t\t\t\t\t<svg aria-hidden=\"true\" class=\"e-font-icon-svg e-fas-dot-circle\" viewBox=\"0 0 512 512\" xmlns=\"http:\/\/www.w3.org\/2000\/svg\"><path d=\"M256 8C119.033 8 8 119.033 8 256s111.033 248 248 248 248-111.033 248-248S392.967 8 256 8zm80 248c0 44.112-35.888 80-80 80s-80-35.888-80-80 35.888-80 80-80 80 35.888 80 80z\"><\/path><\/svg><\/div>\n\t\t\t\t\t\t<\/span>\n\t\t<\/div>\n\t\t\t\t\t\t<\/div>\n\t\t\t\t<\/div>\n\t\t\t\t\t<\/div>\n\t\t<\/div>\n\t\t\t\t\t<\/div>\n\t\t<\/section>\n\t\t\t\t<section class=\"elementor-section elementor-top-section elementor-element elementor-element-14d19e7f elementor-section-boxed elementor-section-height-default elementor-section-height-default\" data-id=\"14d19e7f\" data-element_type=\"section\" data-settings=\"{&quot;background_background&quot;:&quot;classic&quot;}\">\n\t\t\t\t\t\t<div class=\"elementor-container elementor-column-gap-default\">\n\t\t\t\t\t<div class=\"elementor-column elementor-col-100 elementor-top-column elementor-element elementor-element-776d7830\" data-id=\"776d7830\" data-element_type=\"column\">\n\t\t\t<div class=\"elementor-widget-wrap elementor-element-populated\">\n\t\t\t\t\t\t<section class=\"elementor-section elementor-inner-section elementor-element elementor-element-7985c283 elementor-section-boxed elementor-section-height-default elementor-section-height-default\" data-id=\"7985c283\" data-element_type=\"section\">\n\t\t\t\t\t\t<div class=\"elementor-container elementor-column-gap-default\">\n\t\t\t\t\t<div class=\"elementor-column elementor-col-20 elementor-inner-column elementor-element elementor-element-20fad90b animated-slow elementor-invisible\" data-id=\"20fad90b\" data-element_type=\"column\" data-settings=\"{&quot;animation&quot;:&quot;zoomIn&quot;}\">\n\t\t\t<div class=\"elementor-widget-wrap elementor-element-populated\">\n\t\t\t\t\t\t<div class=\"elementor-element elementor-element-aa29af6 ekit-equal-height-disable elementor-widget elementor-widget-elementskit-image-box\" data-id=\"aa29af6\" data-element_type=\"widget\" data-widget_type=\"elementskit-image-box.default\">\n\t\t\t\t<div class=\"elementor-widget-container\">\n\t\t\t\t\t<div class=\"ekit-wid-con\" >\n            <div class=\"elementskit-info-image-box ekit-image-box text-center simple-card\" >\n\n                <a href=\"https:\/\/iset.com.br\/blog\/categoria\/tecnologia-e-desenvolvimento\/\" rel=\"nofollow noopener\" target=\"_blank\">\n                <div class=\"elementskit-box-header image-box-img-center\">\n\n                    <img fetchpriority=\"high\" decoding=\"async\" width=\"900\" height=\"600\" src=\"https:\/\/www.iset.com.br\/blog\/wp-content\/uploads\/2023\/05\/design-_1_.webp\" class=\"attachment-full size-full wp-image-54400\" alt=\"Tecnologia | Blog da iSET\" srcset=\"https:\/\/www.iset.com.br\/blog\/wp-content\/uploads\/2023\/05\/design-_1_.webp 900w, https:\/\/www.iset.com.br\/blog\/wp-content\/uploads\/2023\/05\/design-_1_-300x200.webp 300w, https:\/\/www.iset.com.br\/blog\/wp-content\/uploads\/2023\/05\/design-_1_-768x512.webp 768w\" sizes=\"(max-width: 900px) 100vw, 900px\" \/>\n                <\/div>\n                <\/a>\n                <div class=\"elementskit-box-body ekit-image-box-body\">\n                    <div class=\"elementskit-box-content ekit-image-box-body-inner\">\n                                                <h3 class=\"elementskit-info-box-title\">\n\n                        Tecnologia\n                        \n                    <\/h3>\n                                                        <\/div>\n\n                            <\/div>\n            <\/div>\n    <\/div>\t\t\t\t<\/div>\n\t\t\t\t<\/div>\n\t\t\t\t\t<\/div>\n\t\t<\/div>\n\t\t\t\t<div class=\"elementor-column elementor-col-20 elementor-inner-column elementor-element elementor-element-b358eb5 animated-slow elementor-invisible\" data-id=\"b358eb5\" data-element_type=\"column\" data-settings=\"{&quot;animation&quot;:&quot;zoomIn&quot;,&quot;animation_delay&quot;:100}\">\n\t\t\t<div class=\"elementor-widget-wrap elementor-element-populated\">\n\t\t\t\t\t\t<div class=\"elementor-element elementor-element-7f8e10f ekit-equal-height-disable elementor-widget elementor-widget-elementskit-image-box\" data-id=\"7f8e10f\" data-element_type=\"widget\" data-widget_type=\"elementskit-image-box.default\">\n\t\t\t\t<div class=\"elementor-widget-container\">\n\t\t\t\t\t<div class=\"ekit-wid-con\" >\n            <div class=\"elementskit-info-image-box ekit-image-box text-center simple-card\" >\n\n                <a href=\"https:\/\/iset.com.br\/blog\/categoria\/marketing-digital\/\" rel=\"nofollow noopener\" target=\"_blank\">\n                <div class=\"elementskit-box-header image-box-img-center\">\n\n                    <img decoding=\"async\" width=\"900\" height=\"600\" src=\"https:\/\/www.iset.com.br\/blog\/wp-content\/uploads\/2023\/05\/marketing-digital-_1_.webp\" class=\"attachment-full size-full wp-image-54401\" alt=\"Marketing Digital | Blog da iSET\" srcset=\"https:\/\/www.iset.com.br\/blog\/wp-content\/uploads\/2023\/05\/marketing-digital-_1_.webp 900w, https:\/\/www.iset.com.br\/blog\/wp-content\/uploads\/2023\/05\/marketing-digital-_1_-300x200.webp 300w, https:\/\/www.iset.com.br\/blog\/wp-content\/uploads\/2023\/05\/marketing-digital-_1_-768x512.webp 768w\" sizes=\"(max-width: 900px) 100vw, 900px\" \/>\n                <\/div>\n                <\/a>\n                <div class=\"elementskit-box-body ekit-image-box-body\">\n                    <div class=\"elementskit-box-content ekit-image-box-body-inner\">\n                                                <h3 class=\"elementskit-info-box-title\">\n\n                        Marketing Digital\n                        \n                    <\/h3>\n                                                        <\/div>\n\n                            <\/div>\n            <\/div>\n    <\/div>\t\t\t\t<\/div>\n\t\t\t\t<\/div>\n\t\t\t\t\t<\/div>\n\t\t<\/div>\n\t\t\t\t<div class=\"elementor-column elementor-col-20 elementor-inner-column elementor-element elementor-element-2fc05753 animated-slow elementor-invisible\" data-id=\"2fc05753\" data-element_type=\"column\" data-settings=\"{&quot;animation&quot;:&quot;zoomIn&quot;,&quot;animation_delay&quot;:150}\">\n\t\t\t<div class=\"elementor-widget-wrap elementor-element-populated\">\n\t\t\t\t\t\t<div class=\"elementor-element elementor-element-0f7a84f ekit-equal-height-disable elementor-widget elementor-widget-elementskit-image-box\" data-id=\"0f7a84f\" data-element_type=\"widget\" data-widget_type=\"elementskit-image-box.default\">\n\t\t\t\t<div class=\"elementor-widget-container\">\n\t\t\t\t\t<div class=\"ekit-wid-con\" >\n            <div class=\"elementskit-info-image-box ekit-image-box text-center simple-card\" >\n\n                <a href=\"https:\/\/iset.com.br\/blog\/categoria\/primeiros-passos-vender-na-internet\/\" rel=\"nofollow noopener\" target=\"_blank\">\n                <div class=\"elementskit-box-header image-box-img-center\">\n\n                    <img decoding=\"async\" width=\"900\" height=\"600\" src=\"https:\/\/www.iset.com.br\/blog\/wp-content\/uploads\/2023\/05\/vendas-_1_.webp\" class=\"attachment-full size-full wp-image-54403\" alt=\"dicas-tendencias-dia-do-consumidor-2500x1440\" srcset=\"https:\/\/www.iset.com.br\/blog\/wp-content\/uploads\/2023\/05\/vendas-_1_.webp 900w, https:\/\/www.iset.com.br\/blog\/wp-content\/uploads\/2023\/05\/vendas-_1_-300x200.webp 300w, https:\/\/www.iset.com.br\/blog\/wp-content\/uploads\/2023\/05\/vendas-_1_-768x512.webp 768w\" sizes=\"(max-width: 900px) 100vw, 900px\" \/>\n                <\/div>\n                <\/a>\n                <div class=\"elementskit-box-body ekit-image-box-body\">\n                    <div class=\"elementskit-box-content ekit-image-box-body-inner\">\n                                                <h3 class=\"elementskit-info-box-title\">\n\n                        Primeiros Passos\n                        \n                    <\/h3>\n                                                        <\/div>\n\n                            <\/div>\n            <\/div>\n    <\/div>\t\t\t\t<\/div>\n\t\t\t\t<\/div>\n\t\t\t\t\t<\/div>\n\t\t<\/div>\n\t\t\t\t<div class=\"elementor-column elementor-col-20 elementor-inner-column elementor-element elementor-element-4480c816 animated-slow elementor-invisible\" data-id=\"4480c816\" data-element_type=\"column\" data-settings=\"{&quot;animation&quot;:&quot;zoomIn&quot;,&quot;animation_delay&quot;:200}\">\n\t\t\t<div class=\"elementor-widget-wrap elementor-element-populated\">\n\t\t\t\t\t\t<div class=\"elementor-element elementor-element-8a152f2 ekit-equal-height-disable elementor-widget elementor-widget-elementskit-image-box\" data-id=\"8a152f2\" data-element_type=\"widget\" data-widget_type=\"elementskit-image-box.default\">\n\t\t\t\t<div class=\"elementor-widget-container\">\n\t\t\t\t\t<div class=\"ekit-wid-con\" >\n            <div class=\"elementskit-info-image-box ekit-image-box text-center simple-card\" >\n\n                <a href=\"https:\/\/iset.com.br\/blog\/categoria\/gestao-e-negocios\/\" rel=\"nofollow noopener\" target=\"_blank\">\n                <div class=\"elementskit-box-header image-box-img-center\">\n\n                    <img loading=\"lazy\" decoding=\"async\" width=\"900\" height=\"600\" src=\"https:\/\/www.iset.com.br\/blog\/wp-content\/uploads\/2023\/05\/ecommerce-_1_.webp\" class=\"attachment-full size-full wp-image-54402\" alt=\"Gest\u00e3o &amp; Neg\u00f3cios | Blog da iSET\" srcset=\"https:\/\/www.iset.com.br\/blog\/wp-content\/uploads\/2023\/05\/ecommerce-_1_.webp 900w, https:\/\/www.iset.com.br\/blog\/wp-content\/uploads\/2023\/05\/ecommerce-_1_-300x200.webp 300w, https:\/\/www.iset.com.br\/blog\/wp-content\/uploads\/2023\/05\/ecommerce-_1_-768x512.webp 768w\" sizes=\"(max-width: 900px) 100vw, 900px\" \/>\n                <\/div>\n                <\/a>\n                <div class=\"elementskit-box-body ekit-image-box-body\">\n                    <div class=\"elementskit-box-content ekit-image-box-body-inner\">\n                                                <h3 class=\"elementskit-info-box-title\">\n\n                        Gest\u00e3o &amp; Neg\u00f3cios\n                        \n                    <\/h3>\n                                                        <\/div>\n\n                            <\/div>\n            <\/div>\n    <\/div>\t\t\t\t<\/div>\n\t\t\t\t<\/div>\n\t\t\t\t\t<\/div>\n\t\t<\/div>\n\t\t\t\t<div class=\"elementor-column elementor-col-20 elementor-inner-column elementor-element elementor-element-5c9cc1ab animated-slow elementor-invisible\" data-id=\"5c9cc1ab\" data-element_type=\"column\" data-settings=\"{&quot;animation&quot;:&quot;zoomIn&quot;,&quot;animation_delay&quot;:250}\">\n\t\t\t<div class=\"elementor-widget-wrap elementor-element-populated\">\n\t\t\t\t\t\t<div class=\"elementor-element elementor-element-8c427a5 ekit-equal-height-disable elementor-widget elementor-widget-elementskit-image-box\" data-id=\"8c427a5\" data-element_type=\"widget\" data-widget_type=\"elementskit-image-box.default\">\n\t\t\t\t<div class=\"elementor-widget-container\">\n\t\t\t\t\t<div class=\"ekit-wid-con\" >\n            <div class=\"elementskit-info-image-box ekit-image-box text-center simple-card\" >\n\n                <a href=\"https:\/\/iset.com.br\/blog\/categoria\/e-commerce-para-agencias\/\" rel=\"nofollow noopener\" target=\"_blank\">\n                <div class=\"elementskit-box-header image-box-img-center\">\n\n                    <img loading=\"lazy\" decoding=\"async\" width=\"900\" height=\"600\" src=\"https:\/\/www.iset.com.br\/blog\/wp-content\/uploads\/2023\/05\/team-_1_.webp\" class=\"attachment-full size-full wp-image-54404\" alt=\"Dicas para Ag\u00eancias | Blog da iSET\" srcset=\"https:\/\/www.iset.com.br\/blog\/wp-content\/uploads\/2023\/05\/team-_1_.webp 900w, https:\/\/www.iset.com.br\/blog\/wp-content\/uploads\/2023\/05\/team-_1_-300x200.webp 300w, https:\/\/www.iset.com.br\/blog\/wp-content\/uploads\/2023\/05\/team-_1_-768x512.webp 768w\" sizes=\"(max-width: 900px) 100vw, 900px\" \/>\n                <\/div>\n                <\/a>\n                <div class=\"elementskit-box-body ekit-image-box-body\">\n                    <div class=\"elementskit-box-content ekit-image-box-body-inner\">\n                                                <h3 class=\"elementskit-info-box-title\">\n\n                        Para Ag\u00eancias\n                        \n                    <\/h3>\n                                                        <\/div>\n\n                            <\/div>\n            <\/div>\n    <\/div>\t\t\t\t<\/div>\n\t\t\t\t<\/div>\n\t\t\t\t\t<\/div>\n\t\t<\/div>\n\t\t\t\t\t<\/div>\n\t\t<\/section>\n\t\t\t\t\t<\/div>\n\t\t<\/div>\n\t\t\t\t\t<\/div>\n\t\t<\/section>\n\t\t\t\t<section class=\"elementor-section elementor-top-section elementor-element elementor-element-35c4d869 elementor-section-boxed elementor-section-height-default elementor-section-height-default\" data-id=\"35c4d869\" data-element_type=\"section\" data-settings=\"{&quot;background_background&quot;:&quot;classic&quot;}\">\n\t\t\t\t\t\t<div class=\"elementor-container elementor-column-gap-default\">\n\t\t\t\t\t<div class=\"elementor-column elementor-col-100 elementor-top-column elementor-element elementor-element-643b4dc4\" data-id=\"643b4dc4\" data-element_type=\"column\">\n\t\t\t<div class=\"elementor-widget-wrap elementor-element-populated\">\n\t\t\t\t\t\t<div class=\"elementor-element elementor-element-59c45aba elementor-invisible elementor-widget elementor-widget-heading\" data-id=\"59c45aba\" data-element_type=\"widget\" data-settings=\"{&quot;_animation&quot;:&quot;fadeInUp&quot;,&quot;_animation_delay&quot;:150}\" data-widget_type=\"heading.default\">\n\t\t\t\t<div class=\"elementor-widget-container\">\n\t\t\t\t\t<span class=\"elementor-heading-title elementor-size-default\">CONTE\u00daDOS<\/span>\t\t\t\t<\/div>\n\t\t\t\t<\/div>\n\t\t\t\t<div class=\"elementor-element elementor-element-5eac1b83 elementor-invisible elementor-widget elementor-widget-heading\" data-id=\"5eac1b83\" data-element_type=\"widget\" data-settings=\"{&quot;_animation&quot;:&quot;fadeInUp&quot;,&quot;_animation_delay&quot;:80}\" data-widget_type=\"heading.default\">\n\t\t\t\t<div class=\"elementor-widget-container\">\n\t\t\t\t\t<h2 class=\"elementor-heading-title elementor-size-default\">Mais Recentes<\/h2>\t\t\t\t<\/div>\n\t\t\t\t<\/div>\n\t\t\t\t<div class=\"elementor-element elementor-element-1d88d965 elementor-widget-divider--view-line_icon elementor-view-default elementor-widget-divider--element-align-center elementor-invisible elementor-widget elementor-widget-divider\" data-id=\"1d88d965\" data-element_type=\"widget\" data-settings=\"{&quot;_animation&quot;:&quot;fadeInUp&quot;,&quot;_animation_delay&quot;:80}\" data-widget_type=\"divider.default\">\n\t\t\t\t<div class=\"elementor-widget-container\">\n\t\t\t\t\t\t\t<div class=\"elementor-divider\">\n\t\t\t<span class=\"elementor-divider-separator\">\n\t\t\t\t\t\t\t<div class=\"elementor-icon elementor-divider__element\">\n\t\t\t\t\t<svg aria-hidden=\"true\" class=\"e-font-icon-svg e-fas-dot-circle\" viewBox=\"0 0 512 512\" xmlns=\"http:\/\/www.w3.org\/2000\/svg\"><path d=\"M256 8C119.033 8 8 119.033 8 256s111.033 248 248 248 248-111.033 248-248S392.967 8 256 8zm80 248c0 44.112-35.888 80-80 80s-80-35.888-80-80 35.888-80 80-80 80 35.888 80 80z\"><\/path><\/svg><\/div>\n\t\t\t\t\t\t<\/span>\n\t\t<\/div>\n\t\t\t\t\t\t<\/div>\n\t\t\t\t<\/div>\n\t\t\t\t<div class=\"elementor-element elementor-element-ea44014 animated-slow premium-blog-align-left elementor-invisible elementor-widget elementor-widget-premium-addon-blog\" data-id=\"ea44014\" data-element_type=\"widget\" data-settings=\"{&quot;force_height&quot;:&quot;true&quot;,&quot;_animation&quot;:&quot;fadeInUp&quot;,&quot;_animation_delay&quot;:80,&quot;premium_blog_columns_number&quot;:&quot;33.33%&quot;,&quot;premium_blog_grid&quot;:&quot;yes&quot;,&quot;premium_blog_layout&quot;:&quot;even&quot;,&quot;premium_blog_columns_number_tablet&quot;:&quot;50%&quot;,&quot;premium_blog_columns_number_mobile&quot;:&quot;100%&quot;}\" data-widget_type=\"premium-addon-blog.default\">\n\t\t\t\t<div class=\"elementor-widget-container\">\n\t\t\t\t\t\n\t\t\t\t<div class=\"premium-blog-wrap  premium-blog-even\" data-page=\"54393\">\n\t\t\t\t\t<article class=\"premium-blog-post-outer-container\" data-total=\"109\">\r\n\t\t\t<div class=\"premium-blog-post-container premium-blog-skin-cards\">\r\n\t\t\t\t\t\t\t\t\t<div class=\"premium-blog-thumb-effect-wrapper\">\r\n\t\t\t\t\t\t<div class=\"premium-blog-thumbnail-container premium-blog-scale-effect\">\r\n\t\t\t\t\t\t\t\t\t\t\t<a href=\"https:\/\/www.iset.com.br\/blog\/como-aumentar-a-fidelizacao-dos-clientes-com-6-estrategias-eficazes-no-dia-do-cliente\/\" target=\"_blank\">\r\n\t\t\t\t<img loading=\"lazy\" decoding=\"async\" width=\"1792\" height=\"1024\" src=\"https:\/\/www.iset.com.br\/blog\/wp-content\/uploads\/2025\/12\/img-EUDFFzk12cO7xv1SZL0AW4Vy.png\" class=\"attachment-full size-full wp-image-56023\" alt=\"\" srcset=\"https:\/\/www.iset.com.br\/blog\/wp-content\/uploads\/2025\/12\/img-EUDFFzk12cO7xv1SZL0AW4Vy.png 1792w, https:\/\/www.iset.com.br\/blog\/wp-content\/uploads\/2025\/12\/img-EUDFFzk12cO7xv1SZL0AW4Vy-300x171.png 300w, https:\/\/www.iset.com.br\/blog\/wp-content\/uploads\/2025\/12\/img-EUDFFzk12cO7xv1SZL0AW4Vy-1024x585.png 1024w, https:\/\/www.iset.com.br\/blog\/wp-content\/uploads\/2025\/12\/img-EUDFFzk12cO7xv1SZL0AW4Vy-768x439.png 768w, https:\/\/www.iset.com.br\/blog\/wp-content\/uploads\/2025\/12\/img-EUDFFzk12cO7xv1SZL0AW4Vy-1536x878.png 1536w\" sizes=\"(max-width: 1792px) 100vw, 1792px\" \/>\t\t\t\t<\/a>\r\n\t\t\t\t\t\t\t\t\t\t<\/div>\r\n\t\t\t\t\t\t\t\t\t\t\t\t\t<div class=\"premium-blog-effect-container premium-blog-diagonal-effect\">\r\n\t\t\t\t\t\t\t\t<a class=\"premium-blog-post-link\" href=\"https:\/\/www.iset.com.br\/blog\/como-aumentar-a-fidelizacao-dos-clientes-com-6-estrategias-eficazes-no-dia-do-cliente\/\" target=\"_blank\"><span>Como Aumentar a Fideliza\u00e7\u00e3o dos Clientes com 6 Estrat\u00e9gias Eficazes no Dia do Cliente<\/span><\/a>\r\n\t\t\t\t\t\t\t\t\t\t\t\t\t\t\t<\/div>\r\n\t\t\t\t\t\t\t\t\t\t\t<\/div>\r\n\t\t\t\t\t\t\t\t\t\t\t\t\t\t\t\t\t\t\t\t\t<div class=\"premium-blog-content-wrapper \">\r\n\r\n\t\t\t\t\t<div class=\"premium-blog-inner-container\">\r\n\r\n\t\t\t\t\t\t\t\t\t\t\t\t\t\t<h3 class=\"premium-blog-entry-title\">\r\n\t\t\t<a href=\"https:\/\/www.iset.com.br\/blog\/como-aumentar-a-fidelizacao-dos-clientes-com-6-estrategias-eficazes-no-dia-do-cliente\/\" target=\"_blank\">\r\n\t\t\t\tComo Aumentar a Fideliza\u00e7\u00e3o dos Clientes com 6 Estrat\u00e9gias Eficazes no Dia do Cliente\t\t\t<\/a>\r\n\t\t<\/h3>\r\n\t\t\r\n\t\t\t\t\t<\/div>\r\n\r\n\t\t\t\t\t\t\t<div class=\"premium-blog-content-inner-wrapper\">\r\n\t\t<p class=\"premium-blog-post-content\">Desperte o Potencial de Suas Vendas no Dia do Cliente Com a aproxima\u00e7\u00e3o do Dia do Cliente, temos a oportunidade ideal para n\u00e3o apenas atrair \u2026<\/p>\t\t<\/div>\r\n\t\t\t\t<div class=\"premium-blog-entry-meta\">\r\n\t\t\t\r\n\t\t\t\r\n\t\t\t\r\n\t\t\t\t\t<\/div>\r\n\t\t\t\t\t\t\t\r\n\t\t\t\t<\/div>\r\n\t\t\t<\/div>\r\n\t\t<\/article>\r\n\r\n\t\t\t\t<article class=\"premium-blog-post-outer-container\" data-total=\"109\">\r\n\t\t\t<div class=\"premium-blog-post-container premium-blog-skin-cards\">\r\n\t\t\t\t\t\t\t\t\t<div class=\"premium-blog-thumb-effect-wrapper\">\r\n\t\t\t\t\t\t<div class=\"premium-blog-thumbnail-container premium-blog-scale-effect\">\r\n\t\t\t\t\t\t\t\t\t\t\t<a href=\"https:\/\/www.iset.com.br\/blog\/como-aproveitar-o-dia-do-cliente-para-fidelizar-seus-consumidores-em-sua-loja-virtual\/\" target=\"_blank\">\r\n\t\t\t\t<img loading=\"lazy\" decoding=\"async\" width=\"1792\" height=\"1024\" src=\"https:\/\/www.iset.com.br\/blog\/wp-content\/uploads\/2025\/11\/img-3vkMRgoMu47blsZOW6o61IPD.png\" class=\"attachment-full size-full wp-image-56021\" alt=\"\" srcset=\"https:\/\/www.iset.com.br\/blog\/wp-content\/uploads\/2025\/11\/img-3vkMRgoMu47blsZOW6o61IPD.png 1792w, https:\/\/www.iset.com.br\/blog\/wp-content\/uploads\/2025\/11\/img-3vkMRgoMu47blsZOW6o61IPD-300x171.png 300w, https:\/\/www.iset.com.br\/blog\/wp-content\/uploads\/2025\/11\/img-3vkMRgoMu47blsZOW6o61IPD-1024x585.png 1024w, https:\/\/www.iset.com.br\/blog\/wp-content\/uploads\/2025\/11\/img-3vkMRgoMu47blsZOW6o61IPD-768x439.png 768w, https:\/\/www.iset.com.br\/blog\/wp-content\/uploads\/2025\/11\/img-3vkMRgoMu47blsZOW6o61IPD-1536x878.png 1536w\" sizes=\"(max-width: 1792px) 100vw, 1792px\" \/>\t\t\t\t<\/a>\r\n\t\t\t\t\t\t\t\t\t\t<\/div>\r\n\t\t\t\t\t\t\t\t\t\t\t\t\t<div class=\"premium-blog-effect-container premium-blog-diagonal-effect\">\r\n\t\t\t\t\t\t\t\t<a class=\"premium-blog-post-link\" href=\"https:\/\/www.iset.com.br\/blog\/como-aproveitar-o-dia-do-cliente-para-fidelizar-seus-consumidores-em-sua-loja-virtual\/\" target=\"_blank\"><span>Como Aproveitar o Dia do Cliente para Fidelizar Seus Consumidores em sua Loja Virtual<\/span><\/a>\r\n\t\t\t\t\t\t\t\t\t\t\t\t\t\t\t<\/div>\r\n\t\t\t\t\t\t\t\t\t\t\t<\/div>\r\n\t\t\t\t\t\t\t\t\t\t\t\t\t\t\t\t\t\t\t\t\t<div class=\"premium-blog-content-wrapper \">\r\n\r\n\t\t\t\t\t<div class=\"premium-blog-inner-container\">\r\n\r\n\t\t\t\t\t\t\t\t\t\t\t\t\t\t<h3 class=\"premium-blog-entry-title\">\r\n\t\t\t<a href=\"https:\/\/www.iset.com.br\/blog\/como-aproveitar-o-dia-do-cliente-para-fidelizar-seus-consumidores-em-sua-loja-virtual\/\" target=\"_blank\">\r\n\t\t\t\tComo Aproveitar o Dia do Cliente para Fidelizar Seus Consumidores em sua Loja Virtual\t\t\t<\/a>\r\n\t\t<\/h3>\r\n\t\t\r\n\t\t\t\t\t<\/div>\r\n\r\n\t\t\t\t\t\t\t<div class=\"premium-blog-content-inner-wrapper\">\r\n\t\t<p class=\"premium-blog-post-content\">Transforme o Dia do Cliente em uma Oportunidade de Fideliza\u00e7\u00e3o O Dia do Cliente \u00e9 mais do que apenas uma data no calend\u00e1rio; \u00e9 uma \u2026<\/p>\t\t<\/div>\r\n\t\t\t\t<div class=\"premium-blog-entry-meta\">\r\n\t\t\t\r\n\t\t\t\r\n\t\t\t\r\n\t\t\t\t\t<\/div>\r\n\t\t\t\t\t\t\t\r\n\t\t\t\t<\/div>\r\n\t\t\t<\/div>\r\n\t\t<\/article>\r\n\r\n\t\t\t\t<article class=\"premium-blog-post-outer-container\" data-total=\"109\">\r\n\t\t\t<div class=\"premium-blog-post-container premium-blog-skin-cards\">\r\n\t\t\t\t\t\t\t\t\t<div class=\"premium-blog-thumb-effect-wrapper\">\r\n\t\t\t\t\t\t<div class=\"premium-blog-thumbnail-container premium-blog-scale-effect\">\r\n\t\t\t\t\t\t\t\t\t\t\t<a href=\"https:\/\/www.iset.com.br\/blog\/como-aproveitar-o-7-de-setembro-para-impulsionar-suas-vendas-online\/\" target=\"_blank\">\r\n\t\t\t\t<img loading=\"lazy\" decoding=\"async\" width=\"1792\" height=\"1024\" src=\"https:\/\/www.iset.com.br\/blog\/wp-content\/uploads\/2025\/11\/img-RvWmKxkfSsbYZsEE2SM9frv0.png\" class=\"attachment-full size-full wp-image-56019\" alt=\"\" srcset=\"https:\/\/www.iset.com.br\/blog\/wp-content\/uploads\/2025\/11\/img-RvWmKxkfSsbYZsEE2SM9frv0.png 1792w, https:\/\/www.iset.com.br\/blog\/wp-content\/uploads\/2025\/11\/img-RvWmKxkfSsbYZsEE2SM9frv0-300x171.png 300w, https:\/\/www.iset.com.br\/blog\/wp-content\/uploads\/2025\/11\/img-RvWmKxkfSsbYZsEE2SM9frv0-1024x585.png 1024w, https:\/\/www.iset.com.br\/blog\/wp-content\/uploads\/2025\/11\/img-RvWmKxkfSsbYZsEE2SM9frv0-768x439.png 768w, https:\/\/www.iset.com.br\/blog\/wp-content\/uploads\/2025\/11\/img-RvWmKxkfSsbYZsEE2SM9frv0-1536x878.png 1536w\" sizes=\"(max-width: 1792px) 100vw, 1792px\" \/>\t\t\t\t<\/a>\r\n\t\t\t\t\t\t\t\t\t\t<\/div>\r\n\t\t\t\t\t\t\t\t\t\t\t\t\t<div class=\"premium-blog-effect-container premium-blog-diagonal-effect\">\r\n\t\t\t\t\t\t\t\t<a class=\"premium-blog-post-link\" href=\"https:\/\/www.iset.com.br\/blog\/como-aproveitar-o-7-de-setembro-para-impulsionar-suas-vendas-online\/\" target=\"_blank\"><span>Como Aproveitar o 7 de Setembro para Impulsionar suas Vendas Online<\/span><\/a>\r\n\t\t\t\t\t\t\t\t\t\t\t\t\t\t\t<\/div>\r\n\t\t\t\t\t\t\t\t\t\t\t<\/div>\r\n\t\t\t\t\t\t\t\t\t\t\t\t\t\t\t\t\t\t\t\t\t<div class=\"premium-blog-content-wrapper \">\r\n\r\n\t\t\t\t\t<div class=\"premium-blog-inner-container\">\r\n\r\n\t\t\t\t\t\t\t\t\t\t\t\t\t\t<h3 class=\"premium-blog-entry-title\">\r\n\t\t\t<a href=\"https:\/\/www.iset.com.br\/blog\/como-aproveitar-o-7-de-setembro-para-impulsionar-suas-vendas-online\/\" target=\"_blank\">\r\n\t\t\t\tComo Aproveitar o 7 de Setembro para Impulsionar suas Vendas Online\t\t\t<\/a>\r\n\t\t<\/h3>\r\n\t\t\r\n\t\t\t\t\t<\/div>\r\n\r\n\t\t\t\t\t\t\t<div class=\"premium-blog-content-inner-wrapper\">\r\n\t\t<p class=\"premium-blog-post-content\">Oportunidade de Vendas no Dia da Independ\u00eancia O Dia da Independ\u00eancia \u00e9 muito mais do que uma data comemorativa. Para empreendedores e gestores de e-commerce, \u2026<\/p>\t\t<\/div>\r\n\t\t\t\t<div class=\"premium-blog-entry-meta\">\r\n\t\t\t\r\n\t\t\t\r\n\t\t\t\r\n\t\t\t\t\t<\/div>\r\n\t\t\t\t\t\t\t\r\n\t\t\t\t<\/div>\r\n\t\t\t<\/div>\r\n\t\t<\/article>\r\n\r\n\t\t\t\t<article class=\"premium-blog-post-outer-container\" data-total=\"109\">\r\n\t\t\t<div class=\"premium-blog-post-container premium-blog-skin-cards\">\r\n\t\t\t\t\t\t\t\t\t<div class=\"premium-blog-thumb-effect-wrapper\">\r\n\t\t\t\t\t\t<div class=\"premium-blog-thumbnail-container premium-blog-scale-effect\">\r\n\t\t\t\t\t\t\t\t\t\t\t<a href=\"https:\/\/www.iset.com.br\/blog\/5-estrategias-para-maximizar-suas-vendas-na-black-friday-2025\/\" target=\"_blank\">\r\n\t\t\t\t<img loading=\"lazy\" decoding=\"async\" width=\"1792\" height=\"1024\" src=\"https:\/\/www.iset.com.br\/blog\/wp-content\/uploads\/2025\/11\/img-oxCFp6gIoGngUoOL9hXZXzhn.png\" class=\"attachment-full size-full wp-image-56016\" alt=\"\" srcset=\"https:\/\/www.iset.com.br\/blog\/wp-content\/uploads\/2025\/11\/img-oxCFp6gIoGngUoOL9hXZXzhn.png 1792w, https:\/\/www.iset.com.br\/blog\/wp-content\/uploads\/2025\/11\/img-oxCFp6gIoGngUoOL9hXZXzhn-300x171.png 300w, https:\/\/www.iset.com.br\/blog\/wp-content\/uploads\/2025\/11\/img-oxCFp6gIoGngUoOL9hXZXzhn-1024x585.png 1024w, https:\/\/www.iset.com.br\/blog\/wp-content\/uploads\/2025\/11\/img-oxCFp6gIoGngUoOL9hXZXzhn-768x439.png 768w, https:\/\/www.iset.com.br\/blog\/wp-content\/uploads\/2025\/11\/img-oxCFp6gIoGngUoOL9hXZXzhn-1536x878.png 1536w\" sizes=\"(max-width: 1792px) 100vw, 1792px\" \/>\t\t\t\t<\/a>\r\n\t\t\t\t\t\t\t\t\t\t<\/div>\r\n\t\t\t\t\t\t\t\t\t\t\t\t\t<div class=\"premium-blog-effect-container premium-blog-diagonal-effect\">\r\n\t\t\t\t\t\t\t\t<a class=\"premium-blog-post-link\" href=\"https:\/\/www.iset.com.br\/blog\/5-estrategias-para-maximizar-suas-vendas-na-black-friday-2025\/\" target=\"_blank\"><span>5 Estrat\u00e9gias Para Maximizar Suas Vendas na Black Friday 2025<\/span><\/a>\r\n\t\t\t\t\t\t\t\t\t\t\t\t\t\t\t<\/div>\r\n\t\t\t\t\t\t\t\t\t\t\t<\/div>\r\n\t\t\t\t\t\t\t\t\t\t\t\t\t\t\t\t\t\t\t\t\t<div class=\"premium-blog-content-wrapper \">\r\n\r\n\t\t\t\t\t<div class=\"premium-blog-inner-container\">\r\n\r\n\t\t\t\t\t\t\t\t\t\t\t\t\t\t<h3 class=\"premium-blog-entry-title\">\r\n\t\t\t<a href=\"https:\/\/www.iset.com.br\/blog\/5-estrategias-para-maximizar-suas-vendas-na-black-friday-2025\/\" target=\"_blank\">\r\n\t\t\t\t5 Estrat\u00e9gias Para Maximizar Suas Vendas na Black Friday 2025\t\t\t<\/a>\r\n\t\t<\/h3>\r\n\t\t\r\n\t\t\t\t\t<\/div>\r\n\r\n\t\t\t\t\t\t\t<div class=\"premium-blog-content-inner-wrapper\">\r\n\t\t<p class=\"premium-blog-post-content\">Introdu\u00e7\u00e3o A Black Friday \u00e9 mais do que um evento de vendas; \u00e9 um verdadeiro fen\u00f4meno que transforma a maneira como os consumidores compram e \u2026<\/p>\t\t<\/div>\r\n\t\t\t\t<div class=\"premium-blog-entry-meta\">\r\n\t\t\t\r\n\t\t\t\r\n\t\t\t\r\n\t\t\t\t\t<\/div>\r\n\t\t\t\t\t\t\t\r\n\t\t\t\t<\/div>\r\n\t\t\t<\/div>\r\n\t\t<\/article>\r\n\r\n\t\t\t\t<article class=\"premium-blog-post-outer-container\" data-total=\"109\">\r\n\t\t\t<div class=\"premium-blog-post-container premium-blog-skin-cards\">\r\n\t\t\t\t\t\t\t\t\t<div class=\"premium-blog-thumb-effect-wrapper\">\r\n\t\t\t\t\t\t<div class=\"premium-blog-thumbnail-container premium-blog-scale-effect\">\r\n\t\t\t\t\t\t\t\t\t\t\t<a href=\"https:\/\/www.iset.com.br\/blog\/dicas-essenciais-para-fidelizar-e-aumentar-as-vendas-no-dia-do-cliente\/\" target=\"_blank\">\r\n\t\t\t\t<img loading=\"lazy\" decoding=\"async\" width=\"1792\" height=\"1024\" src=\"https:\/\/www.iset.com.br\/blog\/wp-content\/uploads\/2025\/11\/img-3AJvJekwKgqmYVSkOC6Tolfo.png\" class=\"attachment-full size-full wp-image-56013\" alt=\"\" srcset=\"https:\/\/www.iset.com.br\/blog\/wp-content\/uploads\/2025\/11\/img-3AJvJekwKgqmYVSkOC6Tolfo.png 1792w, https:\/\/www.iset.com.br\/blog\/wp-content\/uploads\/2025\/11\/img-3AJvJekwKgqmYVSkOC6Tolfo-300x171.png 300w, https:\/\/www.iset.com.br\/blog\/wp-content\/uploads\/2025\/11\/img-3AJvJekwKgqmYVSkOC6Tolfo-1024x585.png 1024w, https:\/\/www.iset.com.br\/blog\/wp-content\/uploads\/2025\/11\/img-3AJvJekwKgqmYVSkOC6Tolfo-768x439.png 768w, https:\/\/www.iset.com.br\/blog\/wp-content\/uploads\/2025\/11\/img-3AJvJekwKgqmYVSkOC6Tolfo-1536x878.png 1536w\" sizes=\"(max-width: 1792px) 100vw, 1792px\" \/>\t\t\t\t<\/a>\r\n\t\t\t\t\t\t\t\t\t\t<\/div>\r\n\t\t\t\t\t\t\t\t\t\t\t\t\t<div class=\"premium-blog-effect-container premium-blog-diagonal-effect\">\r\n\t\t\t\t\t\t\t\t<a class=\"premium-blog-post-link\" href=\"https:\/\/www.iset.com.br\/blog\/dicas-essenciais-para-fidelizar-e-aumentar-as-vendas-no-dia-do-cliente\/\" target=\"_blank\"><span>Dicas Essenciais para Fidelizar e Aumentar as Vendas no Dia do Cliente<\/span><\/a>\r\n\t\t\t\t\t\t\t\t\t\t\t\t\t\t\t<\/div>\r\n\t\t\t\t\t\t\t\t\t\t\t<\/div>\r\n\t\t\t\t\t\t\t\t\t\t\t\t\t\t\t\t\t\t\t\t\t<div class=\"premium-blog-content-wrapper \">\r\n\r\n\t\t\t\t\t<div class=\"premium-blog-inner-container\">\r\n\r\n\t\t\t\t\t\t\t\t\t\t\t\t\t\t<h3 class=\"premium-blog-entry-title\">\r\n\t\t\t<a href=\"https:\/\/www.iset.com.br\/blog\/dicas-essenciais-para-fidelizar-e-aumentar-as-vendas-no-dia-do-cliente\/\" target=\"_blank\">\r\n\t\t\t\tDicas Essenciais para Fidelizar e Aumentar as Vendas no Dia do Cliente\t\t\t<\/a>\r\n\t\t<\/h3>\r\n\t\t\r\n\t\t\t\t\t<\/div>\r\n\r\n\t\t\t\t\t\t\t<div class=\"premium-blog-content-inner-wrapper\">\r\n\t\t<p class=\"premium-blog-post-content\">Preparando sua Loja Online para o Dia do Cliente Com a aproxima\u00e7\u00e3o do Dia do Cliente, sua loja online se encontra em uma posi\u00e7\u00e3o \u00fanica \u2026<\/p>\t\t<\/div>\r\n\t\t\t\t<div class=\"premium-blog-entry-meta\">\r\n\t\t\t\r\n\t\t\t\r\n\t\t\t\r\n\t\t\t\t\t<\/div>\r\n\t\t\t\t\t\t\t\r\n\t\t\t\t<\/div>\r\n\t\t\t<\/div>\r\n\t\t<\/article>\r\n\r\n\t\t\t\t<article class=\"premium-blog-post-outer-container\" data-total=\"109\">\r\n\t\t\t<div class=\"premium-blog-post-container premium-blog-skin-cards\">\r\n\t\t\t\t\t\t\t\t\t<div class=\"premium-blog-thumb-effect-wrapper\">\r\n\t\t\t\t\t\t<div class=\"premium-blog-thumbnail-container premium-blog-scale-effect\">\r\n\t\t\t\t\t\t\t\t\t\t\t<a href=\"https:\/\/www.iset.com.br\/blog\/como-fidelizar-e-aumentar-vendas-no-e-commerce-no-dia-do-cliente\/\" target=\"_blank\">\r\n\t\t\t\t<img loading=\"lazy\" decoding=\"async\" width=\"1792\" height=\"1024\" src=\"https:\/\/www.iset.com.br\/blog\/wp-content\/uploads\/2025\/11\/img-jpWk2yXMurYFJpBJFV5f7wyL.png\" class=\"attachment-full size-full wp-image-56011\" alt=\"\" srcset=\"https:\/\/www.iset.com.br\/blog\/wp-content\/uploads\/2025\/11\/img-jpWk2yXMurYFJpBJFV5f7wyL.png 1792w, https:\/\/www.iset.com.br\/blog\/wp-content\/uploads\/2025\/11\/img-jpWk2yXMurYFJpBJFV5f7wyL-300x171.png 300w, https:\/\/www.iset.com.br\/blog\/wp-content\/uploads\/2025\/11\/img-jpWk2yXMurYFJpBJFV5f7wyL-1024x585.png 1024w, https:\/\/www.iset.com.br\/blog\/wp-content\/uploads\/2025\/11\/img-jpWk2yXMurYFJpBJFV5f7wyL-768x439.png 768w, https:\/\/www.iset.com.br\/blog\/wp-content\/uploads\/2025\/11\/img-jpWk2yXMurYFJpBJFV5f7wyL-1536x878.png 1536w\" sizes=\"(max-width: 1792px) 100vw, 1792px\" \/>\t\t\t\t<\/a>\r\n\t\t\t\t\t\t\t\t\t\t<\/div>\r\n\t\t\t\t\t\t\t\t\t\t\t\t\t<div class=\"premium-blog-effect-container premium-blog-diagonal-effect\">\r\n\t\t\t\t\t\t\t\t<a class=\"premium-blog-post-link\" href=\"https:\/\/www.iset.com.br\/blog\/como-fidelizar-e-aumentar-vendas-no-e-commerce-no-dia-do-cliente\/\" target=\"_blank\"><span>Como Fidelizar e Aumentar Vendas no E-commerce no Dia do Cliente<\/span><\/a>\r\n\t\t\t\t\t\t\t\t\t\t\t\t\t\t\t<\/div>\r\n\t\t\t\t\t\t\t\t\t\t\t<\/div>\r\n\t\t\t\t\t\t\t\t\t\t\t\t\t\t\t\t\t\t\t\t\t<div class=\"premium-blog-content-wrapper \">\r\n\r\n\t\t\t\t\t<div class=\"premium-blog-inner-container\">\r\n\r\n\t\t\t\t\t\t\t\t\t\t\t\t\t\t<h3 class=\"premium-blog-entry-title\">\r\n\t\t\t<a href=\"https:\/\/www.iset.com.br\/blog\/como-fidelizar-e-aumentar-vendas-no-e-commerce-no-dia-do-cliente\/\" target=\"_blank\">\r\n\t\t\t\tComo Fidelizar e Aumentar Vendas no E-commerce no Dia do Cliente\t\t\t<\/a>\r\n\t\t<\/h3>\r\n\t\t\r\n\t\t\t\t\t<\/div>\r\n\r\n\t\t\t\t\t\t\t<div class=\"premium-blog-content-inner-wrapper\">\r\n\t\t<p class=\"premium-blog-post-content\">Oportunidades \u00danicas para o Dia do Cliente O Dia do Cliente \u00e9 mais do que apenas uma data no calend\u00e1rio; \u00e9 uma oportunidade singular para \u2026<\/p>\t\t<\/div>\r\n\t\t\t\t<div class=\"premium-blog-entry-meta\">\r\n\t\t\t\r\n\t\t\t\r\n\t\t\t\r\n\t\t\t\t\t<\/div>\r\n\t\t\t\t\t\t\t\r\n\t\t\t\t<\/div>\r\n\t\t\t<\/div>\r\n\t\t<\/article>\r\n\r\n\t\t\t\t<article class=\"premium-blog-post-outer-container\" data-total=\"109\">\r\n\t\t\t<div class=\"premium-blog-post-container premium-blog-skin-cards\">\r\n\t\t\t\t\t\t\t\t\t<div class=\"premium-blog-thumb-effect-wrapper\">\r\n\t\t\t\t\t\t<div class=\"premium-blog-thumbnail-container premium-blog-scale-effect\">\r\n\t\t\t\t\t\t\t\t\t\t\t<a href=\"https:\/\/www.iset.com.br\/blog\/como-fidelizar-clientes-no-dia-do-cliente-5-estrategias-de-e-commerce\/\" target=\"_blank\">\r\n\t\t\t\t<img loading=\"lazy\" decoding=\"async\" width=\"1792\" height=\"1024\" src=\"https:\/\/www.iset.com.br\/blog\/wp-content\/uploads\/2025\/11\/img-bIAZwvuBPucaIfzcoKEPJTox.png\" class=\"attachment-full size-full wp-image-56009\" alt=\"\" srcset=\"https:\/\/www.iset.com.br\/blog\/wp-content\/uploads\/2025\/11\/img-bIAZwvuBPucaIfzcoKEPJTox.png 1792w, https:\/\/www.iset.com.br\/blog\/wp-content\/uploads\/2025\/11\/img-bIAZwvuBPucaIfzcoKEPJTox-300x171.png 300w, https:\/\/www.iset.com.br\/blog\/wp-content\/uploads\/2025\/11\/img-bIAZwvuBPucaIfzcoKEPJTox-1024x585.png 1024w, https:\/\/www.iset.com.br\/blog\/wp-content\/uploads\/2025\/11\/img-bIAZwvuBPucaIfzcoKEPJTox-768x439.png 768w, https:\/\/www.iset.com.br\/blog\/wp-content\/uploads\/2025\/11\/img-bIAZwvuBPucaIfzcoKEPJTox-1536x878.png 1536w\" sizes=\"(max-width: 1792px) 100vw, 1792px\" \/>\t\t\t\t<\/a>\r\n\t\t\t\t\t\t\t\t\t\t<\/div>\r\n\t\t\t\t\t\t\t\t\t\t\t\t\t<div class=\"premium-blog-effect-container premium-blog-diagonal-effect\">\r\n\t\t\t\t\t\t\t\t<a class=\"premium-blog-post-link\" href=\"https:\/\/www.iset.com.br\/blog\/como-fidelizar-clientes-no-dia-do-cliente-5-estrategias-de-e-commerce\/\" target=\"_blank\"><span>Como Fidelizar Clientes no Dia do Cliente: 5 Estrat\u00e9gias de E-commerce<\/span><\/a>\r\n\t\t\t\t\t\t\t\t\t\t\t\t\t\t\t<\/div>\r\n\t\t\t\t\t\t\t\t\t\t\t<\/div>\r\n\t\t\t\t\t\t\t\t\t\t\t\t\t\t\t\t\t\t\t\t\t<div class=\"premium-blog-content-wrapper \">\r\n\r\n\t\t\t\t\t<div class=\"premium-blog-inner-container\">\r\n\r\n\t\t\t\t\t\t\t\t\t\t\t\t\t\t<h3 class=\"premium-blog-entry-title\">\r\n\t\t\t<a href=\"https:\/\/www.iset.com.br\/blog\/como-fidelizar-clientes-no-dia-do-cliente-5-estrategias-de-e-commerce\/\" target=\"_blank\">\r\n\t\t\t\tComo Fidelizar Clientes no Dia do Cliente: 5 Estrat\u00e9gias de E-commerce\t\t\t<\/a>\r\n\t\t<\/h3>\r\n\t\t\r\n\t\t\t\t\t<\/div>\r\n\r\n\t\t\t\t\t\t\t<div class=\"premium-blog-content-inner-wrapper\">\r\n\t\t<p class=\"premium-blog-post-content\">Import\u00e2ncia da Coleta e An\u00e1lise de Dados Em um mundo cada vez mais digital, coletar e analisar dados dos clientes se tornou uma necessidade vital \u2026<\/p>\t\t<\/div>\r\n\t\t\t\t<div class=\"premium-blog-entry-meta\">\r\n\t\t\t\r\n\t\t\t\r\n\t\t\t\r\n\t\t\t\t\t<\/div>\r\n\t\t\t\t\t\t\t\r\n\t\t\t\t<\/div>\r\n\t\t\t<\/div>\r\n\t\t<\/article>\r\n\r\n\t\t\t\t<article class=\"premium-blog-post-outer-container\" data-total=\"109\">\r\n\t\t\t<div class=\"premium-blog-post-container premium-blog-skin-cards\">\r\n\t\t\t\t\t\t\t\t\t<div class=\"premium-blog-thumb-effect-wrapper\">\r\n\t\t\t\t\t\t<div class=\"premium-blog-thumbnail-container premium-blog-scale-effect\">\r\n\t\t\t\t\t\t\t\t\t\t\t<a href=\"https:\/\/www.iset.com.br\/blog\/como-preparar-sua-loja-virtual-para-o-dia-do-cliente-estrategias-de-fidelizacao-e-vendas-eficientes\/\" target=\"_blank\">\r\n\t\t\t\t<img loading=\"lazy\" decoding=\"async\" width=\"1792\" height=\"1024\" src=\"https:\/\/www.iset.com.br\/blog\/wp-content\/uploads\/2025\/10\/img-O6mct1ihBW9SDNlXankZoblP.png\" class=\"attachment-full size-full wp-image-56007\" alt=\"\" srcset=\"https:\/\/www.iset.com.br\/blog\/wp-content\/uploads\/2025\/10\/img-O6mct1ihBW9SDNlXankZoblP.png 1792w, https:\/\/www.iset.com.br\/blog\/wp-content\/uploads\/2025\/10\/img-O6mct1ihBW9SDNlXankZoblP-300x171.png 300w, https:\/\/www.iset.com.br\/blog\/wp-content\/uploads\/2025\/10\/img-O6mct1ihBW9SDNlXankZoblP-1024x585.png 1024w, https:\/\/www.iset.com.br\/blog\/wp-content\/uploads\/2025\/10\/img-O6mct1ihBW9SDNlXankZoblP-768x439.png 768w, https:\/\/www.iset.com.br\/blog\/wp-content\/uploads\/2025\/10\/img-O6mct1ihBW9SDNlXankZoblP-1536x878.png 1536w\" sizes=\"(max-width: 1792px) 100vw, 1792px\" \/>\t\t\t\t<\/a>\r\n\t\t\t\t\t\t\t\t\t\t<\/div>\r\n\t\t\t\t\t\t\t\t\t\t\t\t\t<div class=\"premium-blog-effect-container premium-blog-diagonal-effect\">\r\n\t\t\t\t\t\t\t\t<a class=\"premium-blog-post-link\" href=\"https:\/\/www.iset.com.br\/blog\/como-preparar-sua-loja-virtual-para-o-dia-do-cliente-estrategias-de-fidelizacao-e-vendas-eficientes\/\" target=\"_blank\"><span>Como Preparar Sua Loja Virtual para o Dia do Cliente: Estrat\u00e9gias de Fideliza\u00e7\u00e3o e Vendas Eficientes<\/span><\/a>\r\n\t\t\t\t\t\t\t\t\t\t\t\t\t\t\t<\/div>\r\n\t\t\t\t\t\t\t\t\t\t\t<\/div>\r\n\t\t\t\t\t\t\t\t\t\t\t\t\t\t\t\t\t\t\t\t\t<div class=\"premium-blog-content-wrapper \">\r\n\r\n\t\t\t\t\t<div class=\"premium-blog-inner-container\">\r\n\r\n\t\t\t\t\t\t\t\t\t\t\t\t\t\t<h3 class=\"premium-blog-entry-title\">\r\n\t\t\t<a href=\"https:\/\/www.iset.com.br\/blog\/como-preparar-sua-loja-virtual-para-o-dia-do-cliente-estrategias-de-fidelizacao-e-vendas-eficientes\/\" target=\"_blank\">\r\n\t\t\t\tComo Preparar Sua Loja Virtual para o Dia do Cliente: Estrat\u00e9gias de Fideliza\u00e7\u00e3o e Vendas Eficientes\t\t\t<\/a>\r\n\t\t<\/h3>\r\n\t\t\r\n\t\t\t\t\t<\/div>\r\n\r\n\t\t\t\t\t\t\t<div class=\"premium-blog-content-inner-wrapper\">\r\n\t\t<p class=\"premium-blog-post-content\">Introdu\u00e7\u00e3o O Dia do Cliente \u00e9 uma data marcada por grandes oportunidades para todas as lojas virtuais. Capacitar-se para aproveitar esse momento pode ser o \u2026<\/p>\t\t<\/div>\r\n\t\t\t\t<div class=\"premium-blog-entry-meta\">\r\n\t\t\t\r\n\t\t\t\r\n\t\t\t\r\n\t\t\t\t\t<\/div>\r\n\t\t\t\t\t\t\t\r\n\t\t\t\t<\/div>\r\n\t\t\t<\/div>\r\n\t\t<\/article>\r\n\r\n\t\t\t\t<article class=\"premium-blog-post-outer-container\" data-total=\"109\">\r\n\t\t\t<div class=\"premium-blog-post-container premium-blog-skin-cards\">\r\n\t\t\t\t\t\t\t\t\t<div class=\"premium-blog-thumb-effect-wrapper\">\r\n\t\t\t\t\t\t<div class=\"premium-blog-thumbnail-container premium-blog-scale-effect\">\r\n\t\t\t\t\t\t\t\t\t\t\t<a href=\"https:\/\/www.iset.com.br\/blog\/como-se-preparar-para-o-dia-dos-pais-dicas-de-vendas-para-e-commerce\/\" target=\"_blank\">\r\n\t\t\t\t<img loading=\"lazy\" decoding=\"async\" width=\"1792\" height=\"1024\" src=\"https:\/\/www.iset.com.br\/blog\/wp-content\/uploads\/2025\/10\/img-a1MvRKCuLS8q2A773w42k7o8.png\" class=\"attachment-full size-full wp-image-56005\" alt=\"\" srcset=\"https:\/\/www.iset.com.br\/blog\/wp-content\/uploads\/2025\/10\/img-a1MvRKCuLS8q2A773w42k7o8.png 1792w, https:\/\/www.iset.com.br\/blog\/wp-content\/uploads\/2025\/10\/img-a1MvRKCuLS8q2A773w42k7o8-300x171.png 300w, https:\/\/www.iset.com.br\/blog\/wp-content\/uploads\/2025\/10\/img-a1MvRKCuLS8q2A773w42k7o8-1024x585.png 1024w, https:\/\/www.iset.com.br\/blog\/wp-content\/uploads\/2025\/10\/img-a1MvRKCuLS8q2A773w42k7o8-768x439.png 768w, https:\/\/www.iset.com.br\/blog\/wp-content\/uploads\/2025\/10\/img-a1MvRKCuLS8q2A773w42k7o8-1536x878.png 1536w\" sizes=\"(max-width: 1792px) 100vw, 1792px\" \/>\t\t\t\t<\/a>\r\n\t\t\t\t\t\t\t\t\t\t<\/div>\r\n\t\t\t\t\t\t\t\t\t\t\t\t\t<div class=\"premium-blog-effect-container premium-blog-diagonal-effect\">\r\n\t\t\t\t\t\t\t\t<a class=\"premium-blog-post-link\" href=\"https:\/\/www.iset.com.br\/blog\/como-se-preparar-para-o-dia-dos-pais-dicas-de-vendas-para-e-commerce\/\" target=\"_blank\"><span>Como Se Preparar para o Dia dos Pais: Dicas de Vendas para E-commerce<\/span><\/a>\r\n\t\t\t\t\t\t\t\t\t\t\t\t\t\t\t<\/div>\r\n\t\t\t\t\t\t\t\t\t\t\t<\/div>\r\n\t\t\t\t\t\t\t\t\t\t\t\t\t\t\t\t\t\t\t\t\t<div class=\"premium-blog-content-wrapper \">\r\n\r\n\t\t\t\t\t<div class=\"premium-blog-inner-container\">\r\n\r\n\t\t\t\t\t\t\t\t\t\t\t\t\t\t<h3 class=\"premium-blog-entry-title\">\r\n\t\t\t<a href=\"https:\/\/www.iset.com.br\/blog\/como-se-preparar-para-o-dia-dos-pais-dicas-de-vendas-para-e-commerce\/\" target=\"_blank\">\r\n\t\t\t\tComo Se Preparar para o Dia dos Pais: Dicas de Vendas para E-commerce\t\t\t<\/a>\r\n\t\t<\/h3>\r\n\t\t\r\n\t\t\t\t\t<\/div>\r\n\r\n\t\t\t\t\t\t\t<div class=\"premium-blog-content-inner-wrapper\">\r\n\t\t<p class=\"premium-blog-post-content\">Preparando seu E-commerce para o Dia dos Pais O Dia dos Pais est\u00e1 se aproximando e, para muitos e-commerces, isso representa uma das melhores oportunidades \u2026<\/p>\t\t<\/div>\r\n\t\t\t\t<div class=\"premium-blog-entry-meta\">\r\n\t\t\t\r\n\t\t\t\r\n\t\t\t\r\n\t\t\t\t\t<\/div>\r\n\t\t\t\t\t\t\t\r\n\t\t\t\t<\/div>\r\n\t\t\t<\/div>\r\n\t\t<\/article>\r\n\r\n\t\t\t\t<\/div>\n\n\t\t\t\t\t\t<\/div>\n\t\t\t\t<\/div>\n\t\t\t\t<div class=\"elementor-element elementor-element-1fbefcd5 elementor-button-info elementor-align-center elementor-widget elementor-widget-button\" data-id=\"1fbefcd5\" data-element_type=\"widget\" data-widget_type=\"button.default\">\n\t\t\t\t<div class=\"elementor-widget-container\">\n\t\t\t\t\t\t\t\t\t<div class=\"elementor-button-wrapper\">\n\t\t\t\t\t<a class=\"elementor-button elementor-button-link elementor-size-sm elementor-animation-bob\" href=\"https:\/\/iset.com.br\/blog\/todos-conteudos\/\" target=\"_blank\" rel=\"nofollow noopener\">\n\t\t\t\t\t\t<span class=\"elementor-button-content-wrapper\">\n\t\t\t\t\t\t\t\t\t<span class=\"elementor-button-text\">VER MAIS CONTE\u00daDOS<\/span>\n\t\t\t\t\t<\/span>\n\t\t\t\t\t<\/a>\n\t\t\t\t<\/div>\n\t\t\t\t\t\t\t\t<\/div>\n\t\t\t\t<\/div>\n\t\t\t\t\t<\/div>\n\t\t<\/div>\n\t\t\t\t\t<\/div>\n\t\t<\/section>\n\t\t\t\t<section class=\"elementor-section elementor-top-section elementor-element elementor-element-2a42796e elementor-hidden-tablet elementor-hidden-mobile elementor-section-boxed elementor-section-height-default elementor-section-height-default\" data-id=\"2a42796e\" data-element_type=\"section\" data-settings=\"{&quot;background_background&quot;:&quot;classic&quot;}\">\n\t\t\t\t\t\t\t<div class=\"elementor-background-overlay\"><\/div>\n\t\t\t\t\t\t\t<div class=\"elementor-container elementor-column-gap-default\">\n\t\t\t\t\t<div class=\"elementor-column elementor-col-100 elementor-top-column elementor-element elementor-element-5fb3c879\" data-id=\"5fb3c879\" data-element_type=\"column\">\n\t\t\t<div class=\"elementor-widget-wrap elementor-element-populated\">\n\t\t\t\t\t\t<section class=\"elementor-section elementor-inner-section elementor-element elementor-element-40463333 elementor-section-boxed elementor-section-height-default elementor-section-height-default\" data-id=\"40463333\" data-element_type=\"section\">\n\t\t\t\t\t\t<div class=\"elementor-container elementor-column-gap-default\">\n\t\t\t\t\t<div class=\"elementor-column elementor-col-50 elementor-inner-column elementor-element elementor-element-1f2a5d57\" data-id=\"1f2a5d57\" data-element_type=\"column\">\n\t\t\t<div class=\"elementor-widget-wrap elementor-element-populated\">\n\t\t\t\t\t\t<div class=\"elementor-element elementor-element-525efaf0 elementor-widget elementor-widget-image\" data-id=\"525efaf0\" data-element_type=\"widget\" data-settings=\"{&quot;motion_fx_motion_fx_mouse&quot;:&quot;yes&quot;,&quot;motion_fx_mouseTrack_effect&quot;:&quot;yes&quot;,&quot;motion_fx_mouseTrack_speed&quot;:{&quot;unit&quot;:&quot;px&quot;,&quot;size&quot;:1,&quot;sizes&quot;:[]}}\" data-widget_type=\"image.default\">\n\t\t\t\t<div class=\"elementor-widget-container\">\n\t\t\t\t\t\t\t\t\t\t\t\t\t\t\t<img loading=\"lazy\" decoding=\"async\" width=\"800\" height=\"877\" src=\"https:\/\/www.iset.com.br\/blog\/wp-content\/uploads\/2023\/05\/fone-de-ouvido-rosa-dispositivo-digital-sem-fio-_1_.webp\" class=\"attachment-large size-large wp-image-54405\" alt=\"Fone de ouvido rosa | YouTube da iSET | Blog da iSET\" srcset=\"https:\/\/www.iset.com.br\/blog\/wp-content\/uploads\/2023\/05\/fone-de-ouvido-rosa-dispositivo-digital-sem-fio-_1_.webp 800w, https:\/\/www.iset.com.br\/blog\/wp-content\/uploads\/2023\/05\/fone-de-ouvido-rosa-dispositivo-digital-sem-fio-_1_-274x300.webp 274w, https:\/\/www.iset.com.br\/blog\/wp-content\/uploads\/2023\/05\/fone-de-ouvido-rosa-dispositivo-digital-sem-fio-_1_-768x842.webp 768w\" sizes=\"(max-width: 800px) 100vw, 800px\" \/>\t\t\t\t\t\t\t\t\t\t\t\t\t\t\t<\/div>\n\t\t\t\t<\/div>\n\t\t\t\t\t<\/div>\n\t\t<\/div>\n\t\t\t\t<div class=\"elementor-column elementor-col-50 elementor-inner-column elementor-element elementor-element-7873792\" data-id=\"7873792\" data-element_type=\"column\">\n\t\t\t<div class=\"elementor-widget-wrap elementor-element-populated\">\n\t\t\t\t\t\t<div class=\"elementor-element elementor-element-52f929e6 elementor-invisible elementor-widget elementor-widget-heading\" data-id=\"52f929e6\" data-element_type=\"widget\" data-settings=\"{&quot;_animation&quot;:&quot;fadeInUp&quot;,&quot;_animation_delay&quot;:150}\" data-widget_type=\"heading.default\">\n\t\t\t\t<div class=\"elementor-widget-container\">\n\t\t\t\t\t<span class=\"elementor-heading-title elementor-size-default\">CONTE\u00daDO EXCLUSIVO<\/span>\t\t\t\t<\/div>\n\t\t\t\t<\/div>\n\t\t\t\t<div class=\"elementor-element elementor-element-53f84828 elementor-invisible elementor-widget elementor-widget-heading\" data-id=\"53f84828\" data-element_type=\"widget\" data-settings=\"{&quot;_animation&quot;:&quot;fadeInUp&quot;,&quot;_animation_delay&quot;:80}\" data-widget_type=\"heading.default\">\n\t\t\t\t<div class=\"elementor-widget-container\">\n\t\t\t\t\t<h2 class=\"elementor-heading-title elementor-size-default\">N\u00e3o Perca Nenhum V\u00eddeo!<\/h2>\t\t\t\t<\/div>\n\t\t\t\t<\/div>\n\t\t\t\t<div class=\"elementor-element elementor-element-544d6065 elementor-widget-divider--view-line_icon elementor-view-default elementor-widget-divider--element-align-center elementor-invisible elementor-widget elementor-widget-divider\" data-id=\"544d6065\" data-element_type=\"widget\" data-settings=\"{&quot;_animation&quot;:&quot;fadeInUp&quot;,&quot;_animation_delay&quot;:80}\" data-widget_type=\"divider.default\">\n\t\t\t\t<div class=\"elementor-widget-container\">\n\t\t\t\t\t\t\t<div class=\"elementor-divider\">\n\t\t\t<span class=\"elementor-divider-separator\">\n\t\t\t\t\t\t\t<div class=\"elementor-icon elementor-divider__element\">\n\t\t\t\t\t<svg aria-hidden=\"true\" class=\"e-font-icon-svg e-fas-dot-circle\" viewBox=\"0 0 512 512\" xmlns=\"http:\/\/www.w3.org\/2000\/svg\"><path d=\"M256 8C119.033 8 8 119.033 8 256s111.033 248 248 248 248-111.033 248-248S392.967 8 256 8zm80 248c0 44.112-35.888 80-80 80s-80-35.888-80-80 35.888-80 80-80 80 35.888 80 80z\"><\/path><\/svg><\/div>\n\t\t\t\t\t\t<\/span>\n\t\t<\/div>\n\t\t\t\t\t\t<\/div>\n\t\t\t\t<\/div>\n\t\t\t\t<div class=\"elementor-element elementor-element-5fbca57a elementor-invisible elementor-widget elementor-widget-heading\" data-id=\"5fbca57a\" data-element_type=\"widget\" data-settings=\"{&quot;_animation&quot;:&quot;fadeInUp&quot;,&quot;_animation_delay&quot;:150}\" data-widget_type=\"heading.default\">\n\t\t\t\t<div class=\"elementor-widget-container\">\n\t\t\t\t\t<p class=\"elementor-heading-title elementor-size-default\">Centenas de v\u00eddeos dispon\u00edveis para voc\u00ea aprender a como conquistar e reter seu p\u00fablico-alvo em todas as etapas do processo de compra!<\/p>\t\t\t\t<\/div>\n\t\t\t\t<\/div>\n\t\t\t\t<div class=\"elementor-element elementor-element-3ed9ecce elementor-widget__width-auto elementor-button-info elementor-widget elementor-widget-button\" data-id=\"3ed9ecce\" data-element_type=\"widget\" data-widget_type=\"button.default\">\n\t\t\t\t<div class=\"elementor-widget-container\">\n\t\t\t\t\t\t\t\t\t<div class=\"elementor-button-wrapper\">\n\t\t\t\t\t<a class=\"elementor-button elementor-button-link elementor-size-sm elementor-animation-bob\" href=\"https:\/\/www.youtube.com\/isetbrasil?sub_confirmation=1\" target=\"_blank\" rel=\"nofollow noopener\">\n\t\t\t\t\t\t<span class=\"elementor-button-content-wrapper\">\n\t\t\t\t\t\t<span class=\"elementor-button-icon\">\n\t\t\t\t<svg aria-hidden=\"true\" class=\"e-font-icon-svg e-fas-play-circle\" viewBox=\"0 0 512 512\" xmlns=\"http:\/\/www.w3.org\/2000\/svg\"><path d=\"M256 8C119 8 8 119 8 256s111 248 248 248 248-111 248-248S393 8 256 8zm115.7 272l-176 101c-15.8 8.8-35.7-2.5-35.7-21V152c0-18.4 19.8-29.8 35.7-21l176 107c16.4 9.2 16.4 32.9 0 42z\"><\/path><\/svg>\t\t\t<\/span>\n\t\t\t\t\t\t\t\t\t<span class=\"elementor-button-text\">IR PARA O YOUTUBE<\/span>\n\t\t\t\t\t<\/span>\n\t\t\t\t\t<\/a>\n\t\t\t\t<\/div>\n\t\t\t\t\t\t\t\t<\/div>\n\t\t\t\t<\/div>\n\t\t\t\t\t<\/div>\n\t\t<\/div>\n\t\t\t\t\t<\/div>\n\t\t<\/section>\n\t\t\t\t\t<\/div>\n\t\t<\/div>\n\t\t\t\t\t<\/div>\n\t\t<\/section>\n\t\t\t\t<section class=\"elementor-section elementor-top-section elementor-element elementor-element-1d429eec elementor-hidden-desktop elementor-section-boxed elementor-section-height-default elementor-section-height-default\" data-id=\"1d429eec\" data-element_type=\"section\" data-settings=\"{&quot;background_background&quot;:&quot;classic&quot;}\">\n\t\t\t\t\t\t\t<div class=\"elementor-background-overlay\"><\/div>\n\t\t\t\t\t\t\t<div class=\"elementor-container elementor-column-gap-default\">\n\t\t\t\t\t<div class=\"elementor-column elementor-col-100 elementor-top-column elementor-element elementor-element-71f662c\" data-id=\"71f662c\" data-element_type=\"column\">\n\t\t\t<div class=\"elementor-widget-wrap elementor-element-populated\">\n\t\t\t\t\t\t<section class=\"elementor-section elementor-inner-section elementor-element elementor-element-4f0d79a elementor-section-boxed elementor-section-height-default elementor-section-height-default\" data-id=\"4f0d79a\" data-element_type=\"section\">\n\t\t\t\t\t\t<div class=\"elementor-container elementor-column-gap-default\">\n\t\t\t\t\t<div class=\"elementor-column elementor-col-50 elementor-inner-column elementor-element elementor-element-abac516\" data-id=\"abac516\" data-element_type=\"column\">\n\t\t\t<div class=\"elementor-widget-wrap elementor-element-populated\">\n\t\t\t\t\t\t<div class=\"elementor-element elementor-element-62243fda elementor-widget elementor-widget-image\" data-id=\"62243fda\" data-element_type=\"widget\" data-widget_type=\"image.default\">\n\t\t\t\t<div class=\"elementor-widget-container\">\n\t\t\t\t\t\t\t\t\t\t\t\t\t\t\t<img loading=\"lazy\" decoding=\"async\" width=\"800\" height=\"877\" src=\"https:\/\/www.iset.com.br\/blog\/wp-content\/uploads\/2023\/05\/fone-de-ouvido-rosa-dispositivo-digital-sem-fio-_1_.webp\" class=\"attachment-large size-large wp-image-54405\" alt=\"Fone de ouvido rosa | YouTube da iSET | Blog da iSET\" srcset=\"https:\/\/www.iset.com.br\/blog\/wp-content\/uploads\/2023\/05\/fone-de-ouvido-rosa-dispositivo-digital-sem-fio-_1_.webp 800w, https:\/\/www.iset.com.br\/blog\/wp-content\/uploads\/2023\/05\/fone-de-ouvido-rosa-dispositivo-digital-sem-fio-_1_-274x300.webp 274w, https:\/\/www.iset.com.br\/blog\/wp-content\/uploads\/2023\/05\/fone-de-ouvido-rosa-dispositivo-digital-sem-fio-_1_-768x842.webp 768w\" sizes=\"(max-width: 800px) 100vw, 800px\" \/>\t\t\t\t\t\t\t\t\t\t\t\t\t\t\t<\/div>\n\t\t\t\t<\/div>\n\t\t\t\t\t<\/div>\n\t\t<\/div>\n\t\t\t\t<div class=\"elementor-column elementor-col-50 elementor-inner-column elementor-element elementor-element-5825e53c\" data-id=\"5825e53c\" data-element_type=\"column\">\n\t\t\t<div class=\"elementor-widget-wrap elementor-element-populated\">\n\t\t\t\t\t\t<div class=\"elementor-element elementor-element-1b92eac3 elementor-invisible elementor-widget elementor-widget-heading\" data-id=\"1b92eac3\" data-element_type=\"widget\" data-settings=\"{&quot;_animation&quot;:&quot;fadeInUp&quot;,&quot;_animation_delay&quot;:150}\" data-widget_type=\"heading.default\">\n\t\t\t\t<div class=\"elementor-widget-container\">\n\t\t\t\t\t<span class=\"elementor-heading-title elementor-size-default\">CONTE\u00daDO EXCLUSIVO<\/span>\t\t\t\t<\/div>\n\t\t\t\t<\/div>\n\t\t\t\t<div class=\"elementor-element elementor-element-1195bdc9 elementor-invisible elementor-widget elementor-widget-heading\" data-id=\"1195bdc9\" data-element_type=\"widget\" data-settings=\"{&quot;_animation&quot;:&quot;fadeInUp&quot;,&quot;_animation_delay&quot;:80}\" data-widget_type=\"heading.default\">\n\t\t\t\t<div class=\"elementor-widget-container\">\n\t\t\t\t\t<h2 class=\"elementor-heading-title elementor-size-default\">N\u00e3o Perca Nenhum V\u00eddeo!<\/h2>\t\t\t\t<\/div>\n\t\t\t\t<\/div>\n\t\t\t\t<div class=\"elementor-element elementor-element-2a109f37 elementor-widget-divider--view-line_icon elementor-view-default elementor-widget-divider--element-align-center elementor-invisible elementor-widget elementor-widget-divider\" data-id=\"2a109f37\" data-element_type=\"widget\" data-settings=\"{&quot;_animation&quot;:&quot;fadeInUp&quot;,&quot;_animation_delay&quot;:80}\" data-widget_type=\"divider.default\">\n\t\t\t\t<div class=\"elementor-widget-container\">\n\t\t\t\t\t\t\t<div class=\"elementor-divider\">\n\t\t\t<span class=\"elementor-divider-separator\">\n\t\t\t\t\t\t\t<div class=\"elementor-icon elementor-divider__element\">\n\t\t\t\t\t<svg aria-hidden=\"true\" class=\"e-font-icon-svg e-fas-dot-circle\" viewBox=\"0 0 512 512\" xmlns=\"http:\/\/www.w3.org\/2000\/svg\"><path d=\"M256 8C119.033 8 8 119.033 8 256s111.033 248 248 248 248-111.033 248-248S392.967 8 256 8zm80 248c0 44.112-35.888 80-80 80s-80-35.888-80-80 35.888-80 80-80 80 35.888 80 80z\"><\/path><\/svg><\/div>\n\t\t\t\t\t\t<\/span>\n\t\t<\/div>\n\t\t\t\t\t\t<\/div>\n\t\t\t\t<\/div>\n\t\t\t\t<div class=\"elementor-element elementor-element-60a42771 elementor-invisible elementor-widget elementor-widget-heading\" data-id=\"60a42771\" data-element_type=\"widget\" data-settings=\"{&quot;_animation&quot;:&quot;fadeInUp&quot;,&quot;_animation_delay&quot;:150}\" data-widget_type=\"heading.default\">\n\t\t\t\t<div class=\"elementor-widget-container\">\n\t\t\t\t\t<p class=\"elementor-heading-title elementor-size-default\">Centenas de v\u00eddeos dispon\u00edveis para voc\u00ea aprender a como conquistar e reter seu p\u00fablico-alvo em todas as etapas do processo de compra!<\/p>\t\t\t\t<\/div>\n\t\t\t\t<\/div>\n\t\t\t\t<div class=\"elementor-element elementor-element-3529f301 elementor-widget__width-auto elementor-button-info elementor-mobile-align-center elementor-widget elementor-widget-button\" data-id=\"3529f301\" data-element_type=\"widget\" data-widget_type=\"button.default\">\n\t\t\t\t<div class=\"elementor-widget-container\">\n\t\t\t\t\t\t\t\t\t<div class=\"elementor-button-wrapper\">\n\t\t\t\t\t<a class=\"elementor-button elementor-button-link elementor-size-sm elementor-animation-bob\" href=\"https:\/\/www.youtube.com\/isetbrasil\" target=\"_blank\" rel=\"nofollow noopener\">\n\t\t\t\t\t\t<span class=\"elementor-button-content-wrapper\">\n\t\t\t\t\t\t<span class=\"elementor-button-icon\">\n\t\t\t\t<svg aria-hidden=\"true\" class=\"e-font-icon-svg e-fas-play-circle\" viewBox=\"0 0 512 512\" xmlns=\"http:\/\/www.w3.org\/2000\/svg\"><path d=\"M256 8C119 8 8 119 8 256s111 248 248 248 248-111 248-248S393 8 256 8zm115.7 272l-176 101c-15.8 8.8-35.7-2.5-35.7-21V152c0-18.4 19.8-29.8 35.7-21l176 107c16.4 9.2 16.4 32.9 0 42z\"><\/path><\/svg>\t\t\t<\/span>\n\t\t\t\t\t\t\t\t\t<span class=\"elementor-button-text\">IR PARA O YOUTUBE<\/span>\n\t\t\t\t\t<\/span>\n\t\t\t\t\t<\/a>\n\t\t\t\t<\/div>\n\t\t\t\t\t\t\t\t<\/div>\n\t\t\t\t<\/div>\n\t\t\t\t\t<\/div>\n\t\t<\/div>\n\t\t\t\t\t<\/div>\n\t\t<\/section>\n\t\t\t\t\t<\/div>\n\t\t<\/div>\n\t\t\t\t\t<\/div>\n\t\t<\/section>\n\t\t\t\t<section class=\"elementor-section elementor-top-section elementor-element elementor-element-6f7a862a elementor-section-boxed elementor-section-height-default elementor-section-height-default\" data-id=\"6f7a862a\" data-element_type=\"section\" data-settings=\"{&quot;background_background&quot;:&quot;classic&quot;}\">\n\t\t\t\t\t\t<div class=\"elementor-container elementor-column-gap-default\">\n\t\t\t\t\t<div class=\"elementor-column elementor-col-100 elementor-top-column elementor-element elementor-element-38b39ac6\" data-id=\"38b39ac6\" data-element_type=\"column\">\n\t\t\t<div class=\"elementor-widget-wrap elementor-element-populated\">\n\t\t\t\t\t\t<div class=\"elementor-element elementor-element-9f568ad elementor-invisible elementor-widget elementor-widget-heading\" data-id=\"9f568ad\" data-element_type=\"widget\" data-settings=\"{&quot;_animation&quot;:&quot;fadeInUp&quot;,&quot;_animation_delay&quot;:150}\" data-widget_type=\"heading.default\">\n\t\t\t\t<div class=\"elementor-widget-container\">\n\t\t\t\t\t<span class=\"elementor-heading-title elementor-size-default\">CATEGORIA<\/span>\t\t\t\t<\/div>\n\t\t\t\t<\/div>\n\t\t\t\t<div class=\"elementor-element elementor-element-7e0433d8 elementor-invisible elementor-widget elementor-widget-heading\" data-id=\"7e0433d8\" data-element_type=\"widget\" data-settings=\"{&quot;_animation&quot;:&quot;fadeInUp&quot;,&quot;_animation_delay&quot;:80}\" data-widget_type=\"heading.default\">\n\t\t\t\t<div class=\"elementor-widget-container\">\n\t\t\t\t\t<h2 class=\"elementor-heading-title elementor-size-default\">Marketing Digital<\/h2>\t\t\t\t<\/div>\n\t\t\t\t<\/div>\n\t\t\t\t<div class=\"elementor-element elementor-element-22a436a2 elementor-widget-divider--view-line_icon elementor-view-default elementor-widget-divider--element-align-center elementor-invisible elementor-widget elementor-widget-divider\" data-id=\"22a436a2\" data-element_type=\"widget\" data-settings=\"{&quot;_animation&quot;:&quot;fadeInUp&quot;,&quot;_animation_delay&quot;:80}\" data-widget_type=\"divider.default\">\n\t\t\t\t<div class=\"elementor-widget-container\">\n\t\t\t\t\t\t\t<div class=\"elementor-divider\">\n\t\t\t<span class=\"elementor-divider-separator\">\n\t\t\t\t\t\t\t<div class=\"elementor-icon elementor-divider__element\">\n\t\t\t\t\t<svg aria-hidden=\"true\" class=\"e-font-icon-svg e-fas-dot-circle\" viewBox=\"0 0 512 512\" xmlns=\"http:\/\/www.w3.org\/2000\/svg\"><path d=\"M256 8C119.033 8 8 119.033 8 256s111.033 248 248 248 248-111.033 248-248S392.967 8 256 8zm80 248c0 44.112-35.888 80-80 80s-80-35.888-80-80 35.888-80 80-80 80 35.888 80 80z\"><\/path><\/svg><\/div>\n\t\t\t\t\t\t<\/span>\n\t\t<\/div>\n\t\t\t\t\t\t<\/div>\n\t\t\t\t<\/div>\n\t\t\t\t<div class=\"elementor-element elementor-element-632e8da animated-slow premium-blog-align-left elementor-invisible elementor-widget elementor-widget-premium-addon-blog\" data-id=\"632e8da\" data-element_type=\"widget\" data-settings=\"{&quot;force_height&quot;:&quot;true&quot;,&quot;_animation&quot;:&quot;fadeInUp&quot;,&quot;_animation_delay&quot;:80,&quot;premium_blog_columns_number&quot;:&quot;33.33%&quot;,&quot;premium_blog_carousel&quot;:&quot;yes&quot;,&quot;premium_blog_carousel_play&quot;:&quot;yes&quot;,&quot;premium_blog_grid&quot;:&quot;yes&quot;,&quot;premium_blog_layout&quot;:&quot;even&quot;,&quot;premium_blog_columns_number_tablet&quot;:&quot;50%&quot;,&quot;premium_blog_columns_number_mobile&quot;:&quot;100%&quot;,&quot;premium_blog_carousel_autoplay_speed&quot;:5000,&quot;carousel_speed&quot;:300,&quot;premium_blog_carousel_spacing&quot;:&quot;15&quot;,&quot;premium_blog_carousel_arrows&quot;:&quot;yes&quot;}\" data-widget_type=\"premium-addon-blog.default\">\n\t\t\t\t<div class=\"elementor-widget-container\">\n\t\t\t\t\t\n\t\t\t\t<div class=\"premium-blog-wrap  premium-blog-even premium-carousel-hidden\" data-page=\"54393\">\n\t\t\t\t\t<article class=\"premium-blog-post-outer-container\" data-total=\"36\">\r\n\t\t\t<div class=\"premium-blog-post-container premium-blog-skin-cards\">\r\n\t\t\t\t\t\t\t\t\t<div class=\"premium-blog-thumb-effect-wrapper\">\r\n\t\t\t\t\t\t<div class=\"premium-blog-thumbnail-container premium-blog-scale-effect\">\r\n\t\t\t\t\t\t\t\t\t\t\t<a href=\"https:\/\/www.iset.com.br\/blog\/como-aumentar-a-fidelizacao-dos-clientes-com-6-estrategias-eficazes-no-dia-do-cliente\/\" target=\"_blank\">\r\n\t\t\t\t<img loading=\"lazy\" decoding=\"async\" width=\"1792\" height=\"1024\" src=\"https:\/\/www.iset.com.br\/blog\/wp-content\/uploads\/2025\/12\/img-EUDFFzk12cO7xv1SZL0AW4Vy.png\" class=\"attachment-full size-full wp-image-56023\" alt=\"\" srcset=\"https:\/\/www.iset.com.br\/blog\/wp-content\/uploads\/2025\/12\/img-EUDFFzk12cO7xv1SZL0AW4Vy.png 1792w, https:\/\/www.iset.com.br\/blog\/wp-content\/uploads\/2025\/12\/img-EUDFFzk12cO7xv1SZL0AW4Vy-300x171.png 300w, https:\/\/www.iset.com.br\/blog\/wp-content\/uploads\/2025\/12\/img-EUDFFzk12cO7xv1SZL0AW4Vy-1024x585.png 1024w, https:\/\/www.iset.com.br\/blog\/wp-content\/uploads\/2025\/12\/img-EUDFFzk12cO7xv1SZL0AW4Vy-768x439.png 768w, https:\/\/www.iset.com.br\/blog\/wp-content\/uploads\/2025\/12\/img-EUDFFzk12cO7xv1SZL0AW4Vy-1536x878.png 1536w\" sizes=\"(max-width: 1792px) 100vw, 1792px\" \/>\t\t\t\t<\/a>\r\n\t\t\t\t\t\t\t\t\t\t<\/div>\r\n\t\t\t\t\t\t\t\t\t\t\t\t\t<div class=\"premium-blog-effect-container premium-blog-diagonal-effect\">\r\n\t\t\t\t\t\t\t\t<a class=\"premium-blog-post-link\" href=\"https:\/\/www.iset.com.br\/blog\/como-aumentar-a-fidelizacao-dos-clientes-com-6-estrategias-eficazes-no-dia-do-cliente\/\" target=\"_blank\"><span>Como Aumentar a Fideliza\u00e7\u00e3o dos Clientes com 6 Estrat\u00e9gias Eficazes no Dia do Cliente<\/span><\/a>\r\n\t\t\t\t\t\t\t\t\t\t\t\t\t\t\t<\/div>\r\n\t\t\t\t\t\t\t\t\t\t\t<\/div>\r\n\t\t\t\t\t\t\t\t\t\t\t\t\t\t\t\t\t\t\t\t\t<div class=\"premium-blog-content-wrapper \">\r\n\r\n\t\t\t\t\t<div class=\"premium-blog-inner-container\">\r\n\r\n\t\t\t\t\t\t\t\t\t\t\t\t\t\t<h3 class=\"premium-blog-entry-title\">\r\n\t\t\t<a href=\"https:\/\/www.iset.com.br\/blog\/como-aumentar-a-fidelizacao-dos-clientes-com-6-estrategias-eficazes-no-dia-do-cliente\/\" target=\"_blank\">\r\n\t\t\t\tComo Aumentar a Fideliza\u00e7\u00e3o dos Clientes com 6 Estrat\u00e9gias Eficazes no Dia do Cliente\t\t\t<\/a>\r\n\t\t<\/h3>\r\n\t\t\r\n\t\t\t\t\t<\/div>\r\n\r\n\t\t\t\t\t\t\t<div class=\"premium-blog-content-inner-wrapper premium-blog-content-inner-wrapper\">\r\n\t\t<p class=\"premium-blog-post-content\">Desperte o Potencial de Suas Vendas no Dia do Cliente Com a aproxima\u00e7\u00e3o do Dia do Cliente, temos a oportunidade ideal para n\u00e3o apenas atrair \u2026<\/p>\t\t<\/div>\r\n\t\t\t\t<div class=\"premium-blog-entry-meta\">\r\n\t\t\t\r\n\t\t\t\r\n\t\t\t\r\n\t\t\t\t\t<\/div>\r\n\t\t\t\t\t\t\t\r\n\t\t\t\t<\/div>\r\n\t\t\t<\/div>\r\n\t\t<\/article>\r\n\r\n\t\t\t\t<article class=\"premium-blog-post-outer-container\" data-total=\"36\">\r\n\t\t\t<div class=\"premium-blog-post-container premium-blog-skin-cards\">\r\n\t\t\t\t\t\t\t\t\t<div class=\"premium-blog-thumb-effect-wrapper\">\r\n\t\t\t\t\t\t<div class=\"premium-blog-thumbnail-container premium-blog-scale-effect\">\r\n\t\t\t\t\t\t\t\t\t\t\t<a href=\"https:\/\/www.iset.com.br\/blog\/como-fidelizar-e-aumentar-vendas-no-e-commerce-no-dia-do-cliente\/\" target=\"_blank\">\r\n\t\t\t\t<img loading=\"lazy\" decoding=\"async\" width=\"1792\" height=\"1024\" src=\"https:\/\/www.iset.com.br\/blog\/wp-content\/uploads\/2025\/11\/img-jpWk2yXMurYFJpBJFV5f7wyL.png\" class=\"attachment-full size-full wp-image-56011\" alt=\"\" srcset=\"https:\/\/www.iset.com.br\/blog\/wp-content\/uploads\/2025\/11\/img-jpWk2yXMurYFJpBJFV5f7wyL.png 1792w, https:\/\/www.iset.com.br\/blog\/wp-content\/uploads\/2025\/11\/img-jpWk2yXMurYFJpBJFV5f7wyL-300x171.png 300w, https:\/\/www.iset.com.br\/blog\/wp-content\/uploads\/2025\/11\/img-jpWk2yXMurYFJpBJFV5f7wyL-1024x585.png 1024w, https:\/\/www.iset.com.br\/blog\/wp-content\/uploads\/2025\/11\/img-jpWk2yXMurYFJpBJFV5f7wyL-768x439.png 768w, https:\/\/www.iset.com.br\/blog\/wp-content\/uploads\/2025\/11\/img-jpWk2yXMurYFJpBJFV5f7wyL-1536x878.png 1536w\" sizes=\"(max-width: 1792px) 100vw, 1792px\" \/>\t\t\t\t<\/a>\r\n\t\t\t\t\t\t\t\t\t\t<\/div>\r\n\t\t\t\t\t\t\t\t\t\t\t\t\t<div class=\"premium-blog-effect-container premium-blog-diagonal-effect\">\r\n\t\t\t\t\t\t\t\t<a class=\"premium-blog-post-link\" href=\"https:\/\/www.iset.com.br\/blog\/como-fidelizar-e-aumentar-vendas-no-e-commerce-no-dia-do-cliente\/\" target=\"_blank\"><span>Como Fidelizar e Aumentar Vendas no E-commerce no Dia do Cliente<\/span><\/a>\r\n\t\t\t\t\t\t\t\t\t\t\t\t\t\t\t<\/div>\r\n\t\t\t\t\t\t\t\t\t\t\t<\/div>\r\n\t\t\t\t\t\t\t\t\t\t\t\t\t\t\t\t\t\t\t\t\t<div class=\"premium-blog-content-wrapper \">\r\n\r\n\t\t\t\t\t<div class=\"premium-blog-inner-container\">\r\n\r\n\t\t\t\t\t\t\t\t\t\t\t\t\t\t<h3 class=\"premium-blog-entry-title\">\r\n\t\t\t<a href=\"https:\/\/www.iset.com.br\/blog\/como-fidelizar-e-aumentar-vendas-no-e-commerce-no-dia-do-cliente\/\" target=\"_blank\">\r\n\t\t\t\tComo Fidelizar e Aumentar Vendas no E-commerce no Dia do Cliente\t\t\t<\/a>\r\n\t\t<\/h3>\r\n\t\t\r\n\t\t\t\t\t<\/div>\r\n\r\n\t\t\t\t\t\t\t<div class=\"premium-blog-content-inner-wrapper premium-blog-content-inner-wrapper\">\r\n\t\t<p class=\"premium-blog-post-content\">Oportunidades \u00danicas para o Dia do Cliente O Dia do Cliente \u00e9 mais do que apenas uma data no calend\u00e1rio; \u00e9 uma oportunidade singular para \u2026<\/p>\t\t<\/div>\r\n\t\t\t\t<div class=\"premium-blog-entry-meta\">\r\n\t\t\t\r\n\t\t\t\r\n\t\t\t\r\n\t\t\t\t\t<\/div>\r\n\t\t\t\t\t\t\t\r\n\t\t\t\t<\/div>\r\n\t\t\t<\/div>\r\n\t\t<\/article>\r\n\r\n\t\t\t\t<article class=\"premium-blog-post-outer-container\" data-total=\"36\">\r\n\t\t\t<div class=\"premium-blog-post-container premium-blog-skin-cards\">\r\n\t\t\t\t\t\t\t\t\t<div class=\"premium-blog-thumb-effect-wrapper\">\r\n\t\t\t\t\t\t<div class=\"premium-blog-thumbnail-container premium-blog-scale-effect\">\r\n\t\t\t\t\t\t\t\t\t\t\t<a href=\"https:\/\/www.iset.com.br\/blog\/dicas-essenciais-para-fidelizar-e-aumentar-as-vendas-no-dia-do-cliente\/\" target=\"_blank\">\r\n\t\t\t\t<img loading=\"lazy\" decoding=\"async\" width=\"1792\" height=\"1024\" src=\"https:\/\/www.iset.com.br\/blog\/wp-content\/uploads\/2025\/11\/img-3AJvJekwKgqmYVSkOC6Tolfo.png\" class=\"attachment-full size-full wp-image-56013\" alt=\"\" srcset=\"https:\/\/www.iset.com.br\/blog\/wp-content\/uploads\/2025\/11\/img-3AJvJekwKgqmYVSkOC6Tolfo.png 1792w, https:\/\/www.iset.com.br\/blog\/wp-content\/uploads\/2025\/11\/img-3AJvJekwKgqmYVSkOC6Tolfo-300x171.png 300w, https:\/\/www.iset.com.br\/blog\/wp-content\/uploads\/2025\/11\/img-3AJvJekwKgqmYVSkOC6Tolfo-1024x585.png 1024w, https:\/\/www.iset.com.br\/blog\/wp-content\/uploads\/2025\/11\/img-3AJvJekwKgqmYVSkOC6Tolfo-768x439.png 768w, https:\/\/www.iset.com.br\/blog\/wp-content\/uploads\/2025\/11\/img-3AJvJekwKgqmYVSkOC6Tolfo-1536x878.png 1536w\" sizes=\"(max-width: 1792px) 100vw, 1792px\" \/>\t\t\t\t<\/a>\r\n\t\t\t\t\t\t\t\t\t\t<\/div>\r\n\t\t\t\t\t\t\t\t\t\t\t\t\t<div class=\"premium-blog-effect-container premium-blog-diagonal-effect\">\r\n\t\t\t\t\t\t\t\t<a class=\"premium-blog-post-link\" href=\"https:\/\/www.iset.com.br\/blog\/dicas-essenciais-para-fidelizar-e-aumentar-as-vendas-no-dia-do-cliente\/\" target=\"_blank\"><span>Dicas Essenciais para Fidelizar e Aumentar as Vendas no Dia do Cliente<\/span><\/a>\r\n\t\t\t\t\t\t\t\t\t\t\t\t\t\t\t<\/div>\r\n\t\t\t\t\t\t\t\t\t\t\t<\/div>\r\n\t\t\t\t\t\t\t\t\t\t\t\t\t\t\t\t\t\t\t\t\t<div class=\"premium-blog-content-wrapper \">\r\n\r\n\t\t\t\t\t<div class=\"premium-blog-inner-container\">\r\n\r\n\t\t\t\t\t\t\t\t\t\t\t\t\t\t<h3 class=\"premium-blog-entry-title\">\r\n\t\t\t<a href=\"https:\/\/www.iset.com.br\/blog\/dicas-essenciais-para-fidelizar-e-aumentar-as-vendas-no-dia-do-cliente\/\" target=\"_blank\">\r\n\t\t\t\tDicas Essenciais para Fidelizar e Aumentar as Vendas no Dia do Cliente\t\t\t<\/a>\r\n\t\t<\/h3>\r\n\t\t\r\n\t\t\t\t\t<\/div>\r\n\r\n\t\t\t\t\t\t\t<div class=\"premium-blog-content-inner-wrapper premium-blog-content-inner-wrapper\">\r\n\t\t<p class=\"premium-blog-post-content\">Preparando sua Loja Online para o Dia do Cliente Com a aproxima\u00e7\u00e3o do Dia do Cliente, sua loja online se encontra em uma posi\u00e7\u00e3o \u00fanica \u2026<\/p>\t\t<\/div>\r\n\t\t\t\t<div class=\"premium-blog-entry-meta\">\r\n\t\t\t\r\n\t\t\t\r\n\t\t\t\r\n\t\t\t\t\t<\/div>\r\n\t\t\t\t\t\t\t\r\n\t\t\t\t<\/div>\r\n\t\t\t<\/div>\r\n\t\t<\/article>\r\n\r\n\t\t\t\t<article class=\"premium-blog-post-outer-container\" data-total=\"36\">\r\n\t\t\t<div class=\"premium-blog-post-container premium-blog-skin-cards\">\r\n\t\t\t\t\t\t\t\t\t<div class=\"premium-blog-thumb-effect-wrapper\">\r\n\t\t\t\t\t\t<div class=\"premium-blog-thumbnail-container premium-blog-scale-effect\">\r\n\t\t\t\t\t\t\t\t\t\t\t<a href=\"https:\/\/www.iset.com.br\/blog\/5-estrategias-para-maximizar-suas-vendas-na-black-friday-2025\/\" target=\"_blank\">\r\n\t\t\t\t<img loading=\"lazy\" decoding=\"async\" width=\"1792\" height=\"1024\" src=\"https:\/\/www.iset.com.br\/blog\/wp-content\/uploads\/2025\/11\/img-oxCFp6gIoGngUoOL9hXZXzhn.png\" class=\"attachment-full size-full wp-image-56016\" alt=\"\" srcset=\"https:\/\/www.iset.com.br\/blog\/wp-content\/uploads\/2025\/11\/img-oxCFp6gIoGngUoOL9hXZXzhn.png 1792w, https:\/\/www.iset.com.br\/blog\/wp-content\/uploads\/2025\/11\/img-oxCFp6gIoGngUoOL9hXZXzhn-300x171.png 300w, https:\/\/www.iset.com.br\/blog\/wp-content\/uploads\/2025\/11\/img-oxCFp6gIoGngUoOL9hXZXzhn-1024x585.png 1024w, https:\/\/www.iset.com.br\/blog\/wp-content\/uploads\/2025\/11\/img-oxCFp6gIoGngUoOL9hXZXzhn-768x439.png 768w, https:\/\/www.iset.com.br\/blog\/wp-content\/uploads\/2025\/11\/img-oxCFp6gIoGngUoOL9hXZXzhn-1536x878.png 1536w\" sizes=\"(max-width: 1792px) 100vw, 1792px\" \/>\t\t\t\t<\/a>\r\n\t\t\t\t\t\t\t\t\t\t<\/div>\r\n\t\t\t\t\t\t\t\t\t\t\t\t\t<div class=\"premium-blog-effect-container premium-blog-diagonal-effect\">\r\n\t\t\t\t\t\t\t\t<a class=\"premium-blog-post-link\" href=\"https:\/\/www.iset.com.br\/blog\/5-estrategias-para-maximizar-suas-vendas-na-black-friday-2025\/\" target=\"_blank\"><span>5 Estrat\u00e9gias Para Maximizar Suas Vendas na Black Friday 2025<\/span><\/a>\r\n\t\t\t\t\t\t\t\t\t\t\t\t\t\t\t<\/div>\r\n\t\t\t\t\t\t\t\t\t\t\t<\/div>\r\n\t\t\t\t\t\t\t\t\t\t\t\t\t\t\t\t\t\t\t\t\t<div class=\"premium-blog-content-wrapper \">\r\n\r\n\t\t\t\t\t<div class=\"premium-blog-inner-container\">\r\n\r\n\t\t\t\t\t\t\t\t\t\t\t\t\t\t<h3 class=\"premium-blog-entry-title\">\r\n\t\t\t<a href=\"https:\/\/www.iset.com.br\/blog\/5-estrategias-para-maximizar-suas-vendas-na-black-friday-2025\/\" target=\"_blank\">\r\n\t\t\t\t5 Estrat\u00e9gias Para Maximizar Suas Vendas na Black Friday 2025\t\t\t<\/a>\r\n\t\t<\/h3>\r\n\t\t\r\n\t\t\t\t\t<\/div>\r\n\r\n\t\t\t\t\t\t\t<div class=\"premium-blog-content-inner-wrapper premium-blog-content-inner-wrapper\">\r\n\t\t<p class=\"premium-blog-post-content\">Introdu\u00e7\u00e3o A Black Friday \u00e9 mais do que um evento de vendas; \u00e9 um verdadeiro fen\u00f4meno que transforma a maneira como os consumidores compram e \u2026<\/p>\t\t<\/div>\r\n\t\t\t\t<div class=\"premium-blog-entry-meta\">\r\n\t\t\t\r\n\t\t\t\r\n\t\t\t\r\n\t\t\t\t\t<\/div>\r\n\t\t\t\t\t\t\t\r\n\t\t\t\t<\/div>\r\n\t\t\t<\/div>\r\n\t\t<\/article>\r\n\r\n\t\t\t\t<article class=\"premium-blog-post-outer-container\" data-total=\"36\">\r\n\t\t\t<div class=\"premium-blog-post-container premium-blog-skin-cards\">\r\n\t\t\t\t\t\t\t\t\t<div class=\"premium-blog-thumb-effect-wrapper\">\r\n\t\t\t\t\t\t<div class=\"premium-blog-thumbnail-container premium-blog-scale-effect\">\r\n\t\t\t\t\t\t\t\t\t\t\t<a href=\"https:\/\/www.iset.com.br\/blog\/como-aproveitar-o-7-de-setembro-para-impulsionar-suas-vendas-online\/\" target=\"_blank\">\r\n\t\t\t\t<img loading=\"lazy\" decoding=\"async\" width=\"1792\" height=\"1024\" src=\"https:\/\/www.iset.com.br\/blog\/wp-content\/uploads\/2025\/11\/img-RvWmKxkfSsbYZsEE2SM9frv0.png\" class=\"attachment-full size-full wp-image-56019\" alt=\"\" srcset=\"https:\/\/www.iset.com.br\/blog\/wp-content\/uploads\/2025\/11\/img-RvWmKxkfSsbYZsEE2SM9frv0.png 1792w, https:\/\/www.iset.com.br\/blog\/wp-content\/uploads\/2025\/11\/img-RvWmKxkfSsbYZsEE2SM9frv0-300x171.png 300w, https:\/\/www.iset.com.br\/blog\/wp-content\/uploads\/2025\/11\/img-RvWmKxkfSsbYZsEE2SM9frv0-1024x585.png 1024w, https:\/\/www.iset.com.br\/blog\/wp-content\/uploads\/2025\/11\/img-RvWmKxkfSsbYZsEE2SM9frv0-768x439.png 768w, https:\/\/www.iset.com.br\/blog\/wp-content\/uploads\/2025\/11\/img-RvWmKxkfSsbYZsEE2SM9frv0-1536x878.png 1536w\" sizes=\"(max-width: 1792px) 100vw, 1792px\" \/>\t\t\t\t<\/a>\r\n\t\t\t\t\t\t\t\t\t\t<\/div>\r\n\t\t\t\t\t\t\t\t\t\t\t\t\t<div class=\"premium-blog-effect-container premium-blog-diagonal-effect\">\r\n\t\t\t\t\t\t\t\t<a class=\"premium-blog-post-link\" href=\"https:\/\/www.iset.com.br\/blog\/como-aproveitar-o-7-de-setembro-para-impulsionar-suas-vendas-online\/\" target=\"_blank\"><span>Como Aproveitar o 7 de Setembro para Impulsionar suas Vendas Online<\/span><\/a>\r\n\t\t\t\t\t\t\t\t\t\t\t\t\t\t\t<\/div>\r\n\t\t\t\t\t\t\t\t\t\t\t<\/div>\r\n\t\t\t\t\t\t\t\t\t\t\t\t\t\t\t\t\t\t\t\t\t<div class=\"premium-blog-content-wrapper \">\r\n\r\n\t\t\t\t\t<div class=\"premium-blog-inner-container\">\r\n\r\n\t\t\t\t\t\t\t\t\t\t\t\t\t\t<h3 class=\"premium-blog-entry-title\">\r\n\t\t\t<a href=\"https:\/\/www.iset.com.br\/blog\/como-aproveitar-o-7-de-setembro-para-impulsionar-suas-vendas-online\/\" target=\"_blank\">\r\n\t\t\t\tComo Aproveitar o 7 de Setembro para Impulsionar suas Vendas Online\t\t\t<\/a>\r\n\t\t<\/h3>\r\n\t\t\r\n\t\t\t\t\t<\/div>\r\n\r\n\t\t\t\t\t\t\t<div class=\"premium-blog-content-inner-wrapper premium-blog-content-inner-wrapper\">\r\n\t\t<p class=\"premium-blog-post-content\">Oportunidade de Vendas no Dia da Independ\u00eancia O Dia da Independ\u00eancia \u00e9 muito mais do que uma data comemorativa. Para empreendedores e gestores de e-commerce, \u2026<\/p>\t\t<\/div>\r\n\t\t\t\t<div class=\"premium-blog-entry-meta\">\r\n\t\t\t\r\n\t\t\t\r\n\t\t\t\r\n\t\t\t\t\t<\/div>\r\n\t\t\t\t\t\t\t\r\n\t\t\t\t<\/div>\r\n\t\t\t<\/div>\r\n\t\t<\/article>\r\n\r\n\t\t\t\t<article class=\"premium-blog-post-outer-container\" data-total=\"36\">\r\n\t\t\t<div class=\"premium-blog-post-container premium-blog-skin-cards\">\r\n\t\t\t\t\t\t\t\t\t<div class=\"premium-blog-thumb-effect-wrapper\">\r\n\t\t\t\t\t\t<div class=\"premium-blog-thumbnail-container premium-blog-scale-effect\">\r\n\t\t\t\t\t\t\t\t\t\t\t<a href=\"https:\/\/www.iset.com.br\/blog\/como-aproveitar-o-dia-do-cliente-para-fidelizar-seus-consumidores-em-sua-loja-virtual\/\" target=\"_blank\">\r\n\t\t\t\t<img loading=\"lazy\" decoding=\"async\" width=\"1792\" height=\"1024\" src=\"https:\/\/www.iset.com.br\/blog\/wp-content\/uploads\/2025\/11\/img-3vkMRgoMu47blsZOW6o61IPD.png\" class=\"attachment-full size-full wp-image-56021\" alt=\"\" srcset=\"https:\/\/www.iset.com.br\/blog\/wp-content\/uploads\/2025\/11\/img-3vkMRgoMu47blsZOW6o61IPD.png 1792w, https:\/\/www.iset.com.br\/blog\/wp-content\/uploads\/2025\/11\/img-3vkMRgoMu47blsZOW6o61IPD-300x171.png 300w, https:\/\/www.iset.com.br\/blog\/wp-content\/uploads\/2025\/11\/img-3vkMRgoMu47blsZOW6o61IPD-1024x585.png 1024w, https:\/\/www.iset.com.br\/blog\/wp-content\/uploads\/2025\/11\/img-3vkMRgoMu47blsZOW6o61IPD-768x439.png 768w, https:\/\/www.iset.com.br\/blog\/wp-content\/uploads\/2025\/11\/img-3vkMRgoMu47blsZOW6o61IPD-1536x878.png 1536w\" sizes=\"(max-width: 1792px) 100vw, 1792px\" \/>\t\t\t\t<\/a>\r\n\t\t\t\t\t\t\t\t\t\t<\/div>\r\n\t\t\t\t\t\t\t\t\t\t\t\t\t<div class=\"premium-blog-effect-container premium-blog-diagonal-effect\">\r\n\t\t\t\t\t\t\t\t<a class=\"premium-blog-post-link\" href=\"https:\/\/www.iset.com.br\/blog\/como-aproveitar-o-dia-do-cliente-para-fidelizar-seus-consumidores-em-sua-loja-virtual\/\" target=\"_blank\"><span>Como Aproveitar o Dia do Cliente para Fidelizar Seus Consumidores em sua Loja Virtual<\/span><\/a>\r\n\t\t\t\t\t\t\t\t\t\t\t\t\t\t\t<\/div>\r\n\t\t\t\t\t\t\t\t\t\t\t<\/div>\r\n\t\t\t\t\t\t\t\t\t\t\t\t\t\t\t\t\t\t\t\t\t<div class=\"premium-blog-content-wrapper \">\r\n\r\n\t\t\t\t\t<div class=\"premium-blog-inner-container\">\r\n\r\n\t\t\t\t\t\t\t\t\t\t\t\t\t\t<h3 class=\"premium-blog-entry-title\">\r\n\t\t\t<a href=\"https:\/\/www.iset.com.br\/blog\/como-aproveitar-o-dia-do-cliente-para-fidelizar-seus-consumidores-em-sua-loja-virtual\/\" target=\"_blank\">\r\n\t\t\t\tComo Aproveitar o Dia do Cliente para Fidelizar Seus Consumidores em sua Loja Virtual\t\t\t<\/a>\r\n\t\t<\/h3>\r\n\t\t\r\n\t\t\t\t\t<\/div>\r\n\r\n\t\t\t\t\t\t\t<div class=\"premium-blog-content-inner-wrapper premium-blog-content-inner-wrapper\">\r\n\t\t<p class=\"premium-blog-post-content\">Transforme o Dia do Cliente em uma Oportunidade de Fideliza\u00e7\u00e3o O Dia do Cliente \u00e9 mais do que apenas uma data no calend\u00e1rio; \u00e9 uma \u2026<\/p>\t\t<\/div>\r\n\t\t\t\t<div class=\"premium-blog-entry-meta\">\r\n\t\t\t\r\n\t\t\t\r\n\t\t\t\r\n\t\t\t\t\t<\/div>\r\n\t\t\t\t\t\t\t\r\n\t\t\t\t<\/div>\r\n\t\t\t<\/div>\r\n\t\t<\/article>\r\n\r\n\t\t\t\t<article class=\"premium-blog-post-outer-container\" data-total=\"36\">\r\n\t\t\t<div class=\"premium-blog-post-container premium-blog-skin-cards\">\r\n\t\t\t\t\t\t\t\t\t<div class=\"premium-blog-thumb-effect-wrapper\">\r\n\t\t\t\t\t\t<div class=\"premium-blog-thumbnail-container premium-blog-scale-effect\">\r\n\t\t\t\t\t\t\t\t\t\t\t<a href=\"https:\/\/www.iset.com.br\/blog\/como-fidelizar-clientes-no-dia-do-cliente-5-estrategias-de-e-commerce\/\" target=\"_blank\">\r\n\t\t\t\t<img loading=\"lazy\" decoding=\"async\" width=\"1792\" height=\"1024\" src=\"https:\/\/www.iset.com.br\/blog\/wp-content\/uploads\/2025\/11\/img-bIAZwvuBPucaIfzcoKEPJTox.png\" class=\"attachment-full size-full wp-image-56009\" alt=\"\" srcset=\"https:\/\/www.iset.com.br\/blog\/wp-content\/uploads\/2025\/11\/img-bIAZwvuBPucaIfzcoKEPJTox.png 1792w, https:\/\/www.iset.com.br\/blog\/wp-content\/uploads\/2025\/11\/img-bIAZwvuBPucaIfzcoKEPJTox-300x171.png 300w, https:\/\/www.iset.com.br\/blog\/wp-content\/uploads\/2025\/11\/img-bIAZwvuBPucaIfzcoKEPJTox-1024x585.png 1024w, https:\/\/www.iset.com.br\/blog\/wp-content\/uploads\/2025\/11\/img-bIAZwvuBPucaIfzcoKEPJTox-768x439.png 768w, https:\/\/www.iset.com.br\/blog\/wp-content\/uploads\/2025\/11\/img-bIAZwvuBPucaIfzcoKEPJTox-1536x878.png 1536w\" sizes=\"(max-width: 1792px) 100vw, 1792px\" \/>\t\t\t\t<\/a>\r\n\t\t\t\t\t\t\t\t\t\t<\/div>\r\n\t\t\t\t\t\t\t\t\t\t\t\t\t<div class=\"premium-blog-effect-container premium-blog-diagonal-effect\">\r\n\t\t\t\t\t\t\t\t<a class=\"premium-blog-post-link\" href=\"https:\/\/www.iset.com.br\/blog\/como-fidelizar-clientes-no-dia-do-cliente-5-estrategias-de-e-commerce\/\" target=\"_blank\"><span>Como Fidelizar Clientes no Dia do Cliente: 5 Estrat\u00e9gias de E-commerce<\/span><\/a>\r\n\t\t\t\t\t\t\t\t\t\t\t\t\t\t\t<\/div>\r\n\t\t\t\t\t\t\t\t\t\t\t<\/div>\r\n\t\t\t\t\t\t\t\t\t\t\t\t\t\t\t\t\t\t\t\t\t<div class=\"premium-blog-content-wrapper \">\r\n\r\n\t\t\t\t\t<div class=\"premium-blog-inner-container\">\r\n\r\n\t\t\t\t\t\t\t\t\t\t\t\t\t\t<h3 class=\"premium-blog-entry-title\">\r\n\t\t\t<a href=\"https:\/\/www.iset.com.br\/blog\/como-fidelizar-clientes-no-dia-do-cliente-5-estrategias-de-e-commerce\/\" target=\"_blank\">\r\n\t\t\t\tComo Fidelizar Clientes no Dia do Cliente: 5 Estrat\u00e9gias de E-commerce\t\t\t<\/a>\r\n\t\t<\/h3>\r\n\t\t\r\n\t\t\t\t\t<\/div>\r\n\r\n\t\t\t\t\t\t\t<div class=\"premium-blog-content-inner-wrapper premium-blog-content-inner-wrapper\">\r\n\t\t<p class=\"premium-blog-post-content\">Import\u00e2ncia da Coleta e An\u00e1lise de Dados Em um mundo cada vez mais digital, coletar e analisar dados dos clientes se tornou uma necessidade vital \u2026<\/p>\t\t<\/div>\r\n\t\t\t\t<div class=\"premium-blog-entry-meta\">\r\n\t\t\t\r\n\t\t\t\r\n\t\t\t\r\n\t\t\t\t\t<\/div>\r\n\t\t\t\t\t\t\t\r\n\t\t\t\t<\/div>\r\n\t\t\t<\/div>\r\n\t\t<\/article>\r\n\r\n\t\t\t\t<article class=\"premium-blog-post-outer-container\" data-total=\"36\">\r\n\t\t\t<div class=\"premium-blog-post-container premium-blog-skin-cards\">\r\n\t\t\t\t\t\t\t\t\t<div class=\"premium-blog-thumb-effect-wrapper\">\r\n\t\t\t\t\t\t<div class=\"premium-blog-thumbnail-container premium-blog-scale-effect\">\r\n\t\t\t\t\t\t\t\t\t\t\t<a href=\"https:\/\/www.iset.com.br\/blog\/como-aumentar-suas-vendas-online-no-dia-dos-pais-estrategias-eficazes-para-e-commerce\/\" target=\"_blank\">\r\n\t\t\t\t<img loading=\"lazy\" decoding=\"async\" width=\"1792\" height=\"1024\" src=\"https:\/\/www.iset.com.br\/blog\/wp-content\/uploads\/2025\/10\/img-y6kHgGIFknj8zHkIzdhwrKpq.png\" class=\"attachment-full size-full wp-image-56001\" alt=\"\" srcset=\"https:\/\/www.iset.com.br\/blog\/wp-content\/uploads\/2025\/10\/img-y6kHgGIFknj8zHkIzdhwrKpq.png 1792w, https:\/\/www.iset.com.br\/blog\/wp-content\/uploads\/2025\/10\/img-y6kHgGIFknj8zHkIzdhwrKpq-300x171.png 300w, https:\/\/www.iset.com.br\/blog\/wp-content\/uploads\/2025\/10\/img-y6kHgGIFknj8zHkIzdhwrKpq-1024x585.png 1024w, https:\/\/www.iset.com.br\/blog\/wp-content\/uploads\/2025\/10\/img-y6kHgGIFknj8zHkIzdhwrKpq-768x439.png 768w, https:\/\/www.iset.com.br\/blog\/wp-content\/uploads\/2025\/10\/img-y6kHgGIFknj8zHkIzdhwrKpq-1536x878.png 1536w\" sizes=\"(max-width: 1792px) 100vw, 1792px\" \/>\t\t\t\t<\/a>\r\n\t\t\t\t\t\t\t\t\t\t<\/div>\r\n\t\t\t\t\t\t\t\t\t\t\t\t\t<div class=\"premium-blog-effect-container premium-blog-diagonal-effect\">\r\n\t\t\t\t\t\t\t\t<a class=\"premium-blog-post-link\" href=\"https:\/\/www.iset.com.br\/blog\/como-aumentar-suas-vendas-online-no-dia-dos-pais-estrategias-eficazes-para-e-commerce\/\" target=\"_blank\"><span>Como Aumentar Suas Vendas Online no Dia dos Pais: Estrat\u00e9gias Eficazes para E-commerce<\/span><\/a>\r\n\t\t\t\t\t\t\t\t\t\t\t\t\t\t\t<\/div>\r\n\t\t\t\t\t\t\t\t\t\t\t<\/div>\r\n\t\t\t\t\t\t\t\t\t\t\t\t\t\t\t\t\t\t\t\t\t<div class=\"premium-blog-content-wrapper \">\r\n\r\n\t\t\t\t\t<div class=\"premium-blog-inner-container\">\r\n\r\n\t\t\t\t\t\t\t\t\t\t\t\t\t\t<h3 class=\"premium-blog-entry-title\">\r\n\t\t\t<a href=\"https:\/\/www.iset.com.br\/blog\/como-aumentar-suas-vendas-online-no-dia-dos-pais-estrategias-eficazes-para-e-commerce\/\" target=\"_blank\">\r\n\t\t\t\tComo Aumentar Suas Vendas Online no Dia dos Pais: Estrat\u00e9gias Eficazes para E-commerce\t\t\t<\/a>\r\n\t\t<\/h3>\r\n\t\t\r\n\t\t\t\t\t<\/div>\r\n\r\n\t\t\t\t\t\t\t<div class=\"premium-blog-content-inner-wrapper\">\r\n\t\t<p class=\"premium-blog-post-content\">Como Aproveitar o Dia dos Pais para Impulsionar suas Vendas Online O Dia dos Pais \u00e9 uma data que transcende a simples troca de presentes; \u2026<\/p>\t\t<\/div>\r\n\t\t\t\t<div class=\"premium-blog-entry-meta\">\r\n\t\t\t\r\n\t\t\t\r\n\t\t\t\r\n\t\t\t\t\t<\/div>\r\n\t\t\t\t\t\t\t\r\n\t\t\t\t<\/div>\r\n\t\t\t<\/div>\r\n\t\t<\/article>\r\n\r\n\t\t\t\t<article class=\"premium-blog-post-outer-container\" data-total=\"36\">\r\n\t\t\t<div class=\"premium-blog-post-container premium-blog-skin-cards\">\r\n\t\t\t\t\t\t\t\t\t<div class=\"premium-blog-thumb-effect-wrapper\">\r\n\t\t\t\t\t\t<div class=\"premium-blog-thumbnail-container premium-blog-scale-effect\">\r\n\t\t\t\t\t\t\t\t\t\t\t<a href=\"https:\/\/www.iset.com.br\/blog\/5-estrategias-de-automacao-para-impulsionar-vendas-no-dia-dos-pais-e-liquidar-estoque-de-inverno\/\" target=\"_blank\">\r\n\t\t\t\t<img loading=\"lazy\" decoding=\"async\" width=\"1792\" height=\"1024\" src=\"https:\/\/www.iset.com.br\/blog\/wp-content\/uploads\/2025\/10\/img-foDhAw6AGS7WBl3x3LlJvbTF.png\" class=\"attachment-full size-full wp-image-56003\" alt=\"\" srcset=\"https:\/\/www.iset.com.br\/blog\/wp-content\/uploads\/2025\/10\/img-foDhAw6AGS7WBl3x3LlJvbTF.png 1792w, https:\/\/www.iset.com.br\/blog\/wp-content\/uploads\/2025\/10\/img-foDhAw6AGS7WBl3x3LlJvbTF-300x171.png 300w, https:\/\/www.iset.com.br\/blog\/wp-content\/uploads\/2025\/10\/img-foDhAw6AGS7WBl3x3LlJvbTF-1024x585.png 1024w, https:\/\/www.iset.com.br\/blog\/wp-content\/uploads\/2025\/10\/img-foDhAw6AGS7WBl3x3LlJvbTF-768x439.png 768w, https:\/\/www.iset.com.br\/blog\/wp-content\/uploads\/2025\/10\/img-foDhAw6AGS7WBl3x3LlJvbTF-1536x878.png 1536w\" sizes=\"(max-width: 1792px) 100vw, 1792px\" \/>\t\t\t\t<\/a>\r\n\t\t\t\t\t\t\t\t\t\t<\/div>\r\n\t\t\t\t\t\t\t\t\t\t\t\t\t<div class=\"premium-blog-effect-container premium-blog-diagonal-effect\">\r\n\t\t\t\t\t\t\t\t<a class=\"premium-blog-post-link\" href=\"https:\/\/www.iset.com.br\/blog\/5-estrategias-de-automacao-para-impulsionar-vendas-no-dia-dos-pais-e-liquidar-estoque-de-inverno\/\" target=\"_blank\"><span>5 Estrat\u00e9gias de Automa\u00e7\u00e3o para Impulsionar Vendas no Dia dos Pais e Liquidar Estoque de Inverno<\/span><\/a>\r\n\t\t\t\t\t\t\t\t\t\t\t\t\t\t\t<\/div>\r\n\t\t\t\t\t\t\t\t\t\t\t<\/div>\r\n\t\t\t\t\t\t\t\t\t\t\t\t\t\t\t\t\t\t\t\t\t<div class=\"premium-blog-content-wrapper \">\r\n\r\n\t\t\t\t\t<div class=\"premium-blog-inner-container\">\r\n\r\n\t\t\t\t\t\t\t\t\t\t\t\t\t\t<h3 class=\"premium-blog-entry-title\">\r\n\t\t\t<a href=\"https:\/\/www.iset.com.br\/blog\/5-estrategias-de-automacao-para-impulsionar-vendas-no-dia-dos-pais-e-liquidar-estoque-de-inverno\/\" target=\"_blank\">\r\n\t\t\t\t5 Estrat\u00e9gias de Automa\u00e7\u00e3o para Impulsionar Vendas no Dia dos Pais e Liquidar Estoque de Inverno\t\t\t<\/a>\r\n\t\t<\/h3>\r\n\t\t\r\n\t\t\t\t\t<\/div>\r\n\r\n\t\t\t\t\t\t\t<div class=\"premium-blog-content-inner-wrapper\">\r\n\t\t<p class=\"premium-blog-post-content\">Preparando sua Loja para o Dia dos Pais O Dia dos Pais se aproxima e, junto com ele, uma grande oportunidade para aumentar suas vendas \u2026<\/p>\t\t<\/div>\r\n\t\t\t\t<div class=\"premium-blog-entry-meta\">\r\n\t\t\t\r\n\t\t\t\r\n\t\t\t\r\n\t\t\t\t\t<\/div>\r\n\t\t\t\t\t\t\t\r\n\t\t\t\t<\/div>\r\n\t\t\t<\/div>\r\n\t\t<\/article>\r\n\r\n\t\t\t\t<article class=\"premium-blog-post-outer-container\" data-total=\"36\">\r\n\t\t\t<div class=\"premium-blog-post-container premium-blog-skin-cards\">\r\n\t\t\t\t\t\t\t\t\t<div class=\"premium-blog-thumb-effect-wrapper\">\r\n\t\t\t\t\t\t<div class=\"premium-blog-thumbnail-container premium-blog-scale-effect\">\r\n\t\t\t\t\t\t\t\t\t\t\t<a href=\"https:\/\/www.iset.com.br\/blog\/como-se-preparar-para-o-dia-dos-pais-dicas-de-vendas-para-e-commerce\/\" target=\"_blank\">\r\n\t\t\t\t<img loading=\"lazy\" decoding=\"async\" width=\"1792\" height=\"1024\" src=\"https:\/\/www.iset.com.br\/blog\/wp-content\/uploads\/2025\/10\/img-a1MvRKCuLS8q2A773w42k7o8.png\" class=\"attachment-full size-full wp-image-56005\" alt=\"\" srcset=\"https:\/\/www.iset.com.br\/blog\/wp-content\/uploads\/2025\/10\/img-a1MvRKCuLS8q2A773w42k7o8.png 1792w, https:\/\/www.iset.com.br\/blog\/wp-content\/uploads\/2025\/10\/img-a1MvRKCuLS8q2A773w42k7o8-300x171.png 300w, https:\/\/www.iset.com.br\/blog\/wp-content\/uploads\/2025\/10\/img-a1MvRKCuLS8q2A773w42k7o8-1024x585.png 1024w, https:\/\/www.iset.com.br\/blog\/wp-content\/uploads\/2025\/10\/img-a1MvRKCuLS8q2A773w42k7o8-768x439.png 768w, https:\/\/www.iset.com.br\/blog\/wp-content\/uploads\/2025\/10\/img-a1MvRKCuLS8q2A773w42k7o8-1536x878.png 1536w\" sizes=\"(max-width: 1792px) 100vw, 1792px\" \/>\t\t\t\t<\/a>\r\n\t\t\t\t\t\t\t\t\t\t<\/div>\r\n\t\t\t\t\t\t\t\t\t\t\t\t\t<div class=\"premium-blog-effect-container premium-blog-diagonal-effect\">\r\n\t\t\t\t\t\t\t\t<a class=\"premium-blog-post-link\" href=\"https:\/\/www.iset.com.br\/blog\/como-se-preparar-para-o-dia-dos-pais-dicas-de-vendas-para-e-commerce\/\" target=\"_blank\"><span>Como Se Preparar para o Dia dos Pais: Dicas de Vendas para E-commerce<\/span><\/a>\r\n\t\t\t\t\t\t\t\t\t\t\t\t\t\t\t<\/div>\r\n\t\t\t\t\t\t\t\t\t\t\t<\/div>\r\n\t\t\t\t\t\t\t\t\t\t\t\t\t\t\t\t\t\t\t\t\t<div class=\"premium-blog-content-wrapper \">\r\n\r\n\t\t\t\t\t<div class=\"premium-blog-inner-container\">\r\n\r\n\t\t\t\t\t\t\t\t\t\t\t\t\t\t<h3 class=\"premium-blog-entry-title\">\r\n\t\t\t<a href=\"https:\/\/www.iset.com.br\/blog\/como-se-preparar-para-o-dia-dos-pais-dicas-de-vendas-para-e-commerce\/\" target=\"_blank\">\r\n\t\t\t\tComo Se Preparar para o Dia dos Pais: Dicas de Vendas para E-commerce\t\t\t<\/a>\r\n\t\t<\/h3>\r\n\t\t\r\n\t\t\t\t\t<\/div>\r\n\r\n\t\t\t\t\t\t\t<div class=\"premium-blog-content-inner-wrapper premium-blog-content-inner-wrapper\">\r\n\t\t<p class=\"premium-blog-post-content\">Preparando seu E-commerce para o Dia dos Pais O Dia dos Pais est\u00e1 se aproximando e, para muitos e-commerces, isso representa uma das melhores oportunidades \u2026<\/p>\t\t<\/div>\r\n\t\t\t\t<div class=\"premium-blog-entry-meta\">\r\n\t\t\t\r\n\t\t\t\r\n\t\t\t\r\n\t\t\t\t\t<\/div>\r\n\t\t\t\t\t\t\t\r\n\t\t\t\t<\/div>\r\n\t\t\t<\/div>\r\n\t\t<\/article>\r\n\r\n\t\t\t\t<article class=\"premium-blog-post-outer-container\" data-total=\"36\">\r\n\t\t\t<div class=\"premium-blog-post-container premium-blog-skin-cards\">\r\n\t\t\t\t\t\t\t\t\t<div class=\"premium-blog-thumb-effect-wrapper\">\r\n\t\t\t\t\t\t<div class=\"premium-blog-thumbnail-container premium-blog-scale-effect\">\r\n\t\t\t\t\t\t\t\t\t\t\t<a href=\"https:\/\/www.iset.com.br\/blog\/como-preparar-sua-loja-virtual-para-o-dia-do-cliente-estrategias-de-fidelizacao-e-vendas-eficientes\/\" target=\"_blank\">\r\n\t\t\t\t<img loading=\"lazy\" decoding=\"async\" width=\"1792\" height=\"1024\" src=\"https:\/\/www.iset.com.br\/blog\/wp-content\/uploads\/2025\/10\/img-O6mct1ihBW9SDNlXankZoblP.png\" class=\"attachment-full size-full wp-image-56007\" alt=\"\" srcset=\"https:\/\/www.iset.com.br\/blog\/wp-content\/uploads\/2025\/10\/img-O6mct1ihBW9SDNlXankZoblP.png 1792w, https:\/\/www.iset.com.br\/blog\/wp-content\/uploads\/2025\/10\/img-O6mct1ihBW9SDNlXankZoblP-300x171.png 300w, https:\/\/www.iset.com.br\/blog\/wp-content\/uploads\/2025\/10\/img-O6mct1ihBW9SDNlXankZoblP-1024x585.png 1024w, https:\/\/www.iset.com.br\/blog\/wp-content\/uploads\/2025\/10\/img-O6mct1ihBW9SDNlXankZoblP-768x439.png 768w, https:\/\/www.iset.com.br\/blog\/wp-content\/uploads\/2025\/10\/img-O6mct1ihBW9SDNlXankZoblP-1536x878.png 1536w\" sizes=\"(max-width: 1792px) 100vw, 1792px\" \/>\t\t\t\t<\/a>\r\n\t\t\t\t\t\t\t\t\t\t<\/div>\r\n\t\t\t\t\t\t\t\t\t\t\t\t\t<div class=\"premium-blog-effect-container premium-blog-diagonal-effect\">\r\n\t\t\t\t\t\t\t\t<a class=\"premium-blog-post-link\" href=\"https:\/\/www.iset.com.br\/blog\/como-preparar-sua-loja-virtual-para-o-dia-do-cliente-estrategias-de-fidelizacao-e-vendas-eficientes\/\" target=\"_blank\"><span>Como Preparar Sua Loja Virtual para o Dia do Cliente: Estrat\u00e9gias de Fideliza\u00e7\u00e3o e Vendas Eficientes<\/span><\/a>\r\n\t\t\t\t\t\t\t\t\t\t\t\t\t\t\t<\/div>\r\n\t\t\t\t\t\t\t\t\t\t\t<\/div>\r\n\t\t\t\t\t\t\t\t\t\t\t\t\t\t\t\t\t\t\t\t\t<div class=\"premium-blog-content-wrapper \">\r\n\r\n\t\t\t\t\t<div class=\"premium-blog-inner-container\">\r\n\r\n\t\t\t\t\t\t\t\t\t\t\t\t\t\t<h3 class=\"premium-blog-entry-title\">\r\n\t\t\t<a href=\"https:\/\/www.iset.com.br\/blog\/como-preparar-sua-loja-virtual-para-o-dia-do-cliente-estrategias-de-fidelizacao-e-vendas-eficientes\/\" target=\"_blank\">\r\n\t\t\t\tComo Preparar Sua Loja Virtual para o Dia do Cliente: Estrat\u00e9gias de Fideliza\u00e7\u00e3o e Vendas Eficientes\t\t\t<\/a>\r\n\t\t<\/h3>\r\n\t\t\r\n\t\t\t\t\t<\/div>\r\n\r\n\t\t\t\t\t\t\t<div class=\"premium-blog-content-inner-wrapper premium-blog-content-inner-wrapper\">\r\n\t\t<p class=\"premium-blog-post-content\">Introdu\u00e7\u00e3o O Dia do Cliente \u00e9 uma data marcada por grandes oportunidades para todas as lojas virtuais. Capacitar-se para aproveitar esse momento pode ser o \u2026<\/p>\t\t<\/div>\r\n\t\t\t\t<div class=\"premium-blog-entry-meta\">\r\n\t\t\t\r\n\t\t\t\r\n\t\t\t\r\n\t\t\t\t\t<\/div>\r\n\t\t\t\t\t\t\t\r\n\t\t\t\t<\/div>\r\n\t\t\t<\/div>\r\n\t\t<\/article>\r\n\r\n\t\t\t\t<article class=\"premium-blog-post-outer-container\" data-total=\"36\">\r\n\t\t\t<div class=\"premium-blog-post-container premium-blog-skin-cards\">\r\n\t\t\t\t\t\t\t\t\t<div class=\"premium-blog-thumb-effect-wrapper\">\r\n\t\t\t\t\t\t<div class=\"premium-blog-thumbnail-container premium-blog-scale-effect\">\r\n\t\t\t\t\t\t\t\t\t\t\t<a href=\"https:\/\/www.iset.com.br\/blog\/aumente-suas-vendas-com-as-melhores-estrategias-de-e-commerce-para-o-dia-dos-pais\/\" target=\"_blank\">\r\n\t\t\t\t<img loading=\"lazy\" decoding=\"async\" width=\"1792\" height=\"1024\" src=\"https:\/\/www.iset.com.br\/blog\/wp-content\/uploads\/2025\/10\/img-UW1aUBx6Xz9t9fuTaQOAjeA3.png\" class=\"attachment-full size-full wp-image-55999\" alt=\"\" srcset=\"https:\/\/www.iset.com.br\/blog\/wp-content\/uploads\/2025\/10\/img-UW1aUBx6Xz9t9fuTaQOAjeA3.png 1792w, https:\/\/www.iset.com.br\/blog\/wp-content\/uploads\/2025\/10\/img-UW1aUBx6Xz9t9fuTaQOAjeA3-300x171.png 300w, https:\/\/www.iset.com.br\/blog\/wp-content\/uploads\/2025\/10\/img-UW1aUBx6Xz9t9fuTaQOAjeA3-1024x585.png 1024w, https:\/\/www.iset.com.br\/blog\/wp-content\/uploads\/2025\/10\/img-UW1aUBx6Xz9t9fuTaQOAjeA3-768x439.png 768w, https:\/\/www.iset.com.br\/blog\/wp-content\/uploads\/2025\/10\/img-UW1aUBx6Xz9t9fuTaQOAjeA3-1536x878.png 1536w\" sizes=\"(max-width: 1792px) 100vw, 1792px\" \/>\t\t\t\t<\/a>\r\n\t\t\t\t\t\t\t\t\t\t<\/div>\r\n\t\t\t\t\t\t\t\t\t\t\t\t\t<div class=\"premium-blog-effect-container premium-blog-diagonal-effect\">\r\n\t\t\t\t\t\t\t\t<a class=\"premium-blog-post-link\" href=\"https:\/\/www.iset.com.br\/blog\/aumente-suas-vendas-com-as-melhores-estrategias-de-e-commerce-para-o-dia-dos-pais\/\" target=\"_blank\"><span>Aumente suas Vendas com as Melhores Estrat\u00e9gias de E-commerce Para o Dia dos Pais<\/span><\/a>\r\n\t\t\t\t\t\t\t\t\t\t\t\t\t\t\t<\/div>\r\n\t\t\t\t\t\t\t\t\t\t\t<\/div>\r\n\t\t\t\t\t\t\t\t\t\t\t\t\t\t\t\t\t\t\t\t\t<div class=\"premium-blog-content-wrapper \">\r\n\r\n\t\t\t\t\t<div class=\"premium-blog-inner-container\">\r\n\r\n\t\t\t\t\t\t\t\t\t\t\t\t\t\t<h3 class=\"premium-blog-entry-title\">\r\n\t\t\t<a href=\"https:\/\/www.iset.com.br\/blog\/aumente-suas-vendas-com-as-melhores-estrategias-de-e-commerce-para-o-dia-dos-pais\/\" target=\"_blank\">\r\n\t\t\t\tAumente suas Vendas com as Melhores Estrat\u00e9gias de E-commerce Para o Dia dos Pais\t\t\t<\/a>\r\n\t\t<\/h3>\r\n\t\t\r\n\t\t\t\t\t<\/div>\r\n\r\n\t\t\t\t\t\t\t<div class=\"premium-blog-content-inner-wrapper\">\r\n\t\t<p class=\"premium-blog-post-content\">Introdu\u00e7\u00e3o O Dia dos Pais \u00e9 uma das datas mais esperadas do calend\u00e1rio comercial, movimentando milhares de vendas e servindo como um momento especial para \u2026<\/p>\t\t<\/div>\r\n\t\t\t\t<div class=\"premium-blog-entry-meta\">\r\n\t\t\t\r\n\t\t\t\r\n\t\t\t\r\n\t\t\t\t\t<\/div>\r\n\t\t\t\t\t\t\t\r\n\t\t\t\t<\/div>\r\n\t\t\t<\/div>\r\n\t\t<\/article>\r\n\r\n\t\t\t\t<\/div>\n\n\t\t\t\t\t\t<\/div>\n\t\t\t\t<\/div>\n\t\t\t\t\t<\/div>\n\t\t<\/div>\n\t\t\t\t\t<\/div>\n\t\t<\/section>\n\t\t\t\t<section class=\"elementor-section elementor-top-section elementor-element elementor-element-170c418 elementor-section-boxed elementor-section-height-default elementor-section-height-default\" data-id=\"170c418\" data-element_type=\"section\" data-settings=\"{&quot;background_background&quot;:&quot;classic&quot;}\">\n\t\t\t\t\t\t<div class=\"elementor-container elementor-column-gap-default\">\n\t\t\t\t\t<div class=\"elementor-column elementor-col-100 elementor-top-column elementor-element elementor-element-31964efe\" data-id=\"31964efe\" data-element_type=\"column\">\n\t\t\t<div class=\"elementor-widget-wrap elementor-element-populated\">\n\t\t\t\t\t\t<div class=\"elementor-element elementor-element-3f688e76 elementor-invisible elementor-widget elementor-widget-heading\" data-id=\"3f688e76\" data-element_type=\"widget\" data-settings=\"{&quot;_animation&quot;:&quot;fadeInUp&quot;,&quot;_animation_delay&quot;:150}\" data-widget_type=\"heading.default\">\n\t\t\t\t<div class=\"elementor-widget-container\">\n\t\t\t\t\t<span class=\"elementor-heading-title elementor-size-default\">CATEGORIA<\/span>\t\t\t\t<\/div>\n\t\t\t\t<\/div>\n\t\t\t\t<div class=\"elementor-element elementor-element-7ee2dda8 elementor-invisible elementor-widget elementor-widget-heading\" data-id=\"7ee2dda8\" data-element_type=\"widget\" data-settings=\"{&quot;_animation&quot;:&quot;fadeInUp&quot;,&quot;_animation_delay&quot;:80}\" data-widget_type=\"heading.default\">\n\t\t\t\t<div class=\"elementor-widget-container\">\n\t\t\t\t\t<h2 class=\"elementor-heading-title elementor-size-default\">Black Friday<\/h2>\t\t\t\t<\/div>\n\t\t\t\t<\/div>\n\t\t\t\t<div class=\"elementor-element elementor-element-3cc45bc elementor-widget-divider--view-line_icon elementor-view-default elementor-widget-divider--element-align-center elementor-invisible elementor-widget elementor-widget-divider\" data-id=\"3cc45bc\" data-element_type=\"widget\" data-settings=\"{&quot;_animation&quot;:&quot;fadeInUp&quot;,&quot;_animation_delay&quot;:80}\" data-widget_type=\"divider.default\">\n\t\t\t\t<div class=\"elementor-widget-container\">\n\t\t\t\t\t\t\t<div class=\"elementor-divider\">\n\t\t\t<span class=\"elementor-divider-separator\">\n\t\t\t\t\t\t\t<div class=\"elementor-icon elementor-divider__element\">\n\t\t\t\t\t<svg aria-hidden=\"true\" class=\"e-font-icon-svg e-fas-dot-circle\" viewBox=\"0 0 512 512\" xmlns=\"http:\/\/www.w3.org\/2000\/svg\"><path d=\"M256 8C119.033 8 8 119.033 8 256s111.033 248 248 248 248-111.033 248-248S392.967 8 256 8zm80 248c0 44.112-35.888 80-80 80s-80-35.888-80-80 35.888-80 80-80 80 35.888 80 80z\"><\/path><\/svg><\/div>\n\t\t\t\t\t\t<\/span>\n\t\t<\/div>\n\t\t\t\t\t\t<\/div>\n\t\t\t\t<\/div>\n\t\t\t\t<div class=\"elementor-element elementor-element-1650a4c animated-slow premium-blog-align-left elementor-invisible elementor-widget elementor-widget-premium-addon-blog\" data-id=\"1650a4c\" data-element_type=\"widget\" data-settings=\"{&quot;force_height&quot;:&quot;true&quot;,&quot;_animation&quot;:&quot;fadeInUp&quot;,&quot;_animation_delay&quot;:80,&quot;premium_blog_columns_number&quot;:&quot;33.33%&quot;,&quot;premium_blog_carousel&quot;:&quot;yes&quot;,&quot;premium_blog_carousel_play&quot;:&quot;yes&quot;,&quot;premium_blog_grid&quot;:&quot;yes&quot;,&quot;premium_blog_layout&quot;:&quot;even&quot;,&quot;premium_blog_columns_number_tablet&quot;:&quot;50%&quot;,&quot;premium_blog_columns_number_mobile&quot;:&quot;100%&quot;,&quot;premium_blog_carousel_autoplay_speed&quot;:5000,&quot;carousel_speed&quot;:300,&quot;premium_blog_carousel_spacing&quot;:&quot;15&quot;,&quot;premium_blog_carousel_arrows&quot;:&quot;yes&quot;}\" data-widget_type=\"premium-addon-blog.default\">\n\t\t\t\t<div class=\"elementor-widget-container\">\n\t\t\t\t\t\n\t\t\t\t<div class=\"premium-blog-wrap  premium-blog-even premium-carousel-hidden\" data-page=\"54393\">\n\t\t\t\t\t<article class=\"premium-blog-post-outer-container\" data-total=\"7\">\r\n\t\t\t<div class=\"premium-blog-post-container premium-blog-skin-cards\">\r\n\t\t\t\t\t\t\t\t\t<div class=\"premium-blog-thumb-effect-wrapper\">\r\n\t\t\t\t\t\t<div class=\"premium-blog-thumbnail-container premium-blog-scale-effect\">\r\n\t\t\t\t\t\t\t\t\t\t\t<a href=\"https:\/\/www.iset.com.br\/blog\/5-estrategias-para-maximizar-suas-vendas-na-black-friday-2025\/\" target=\"_blank\">\r\n\t\t\t\t<img loading=\"lazy\" decoding=\"async\" width=\"1792\" height=\"1024\" src=\"https:\/\/www.iset.com.br\/blog\/wp-content\/uploads\/2025\/11\/img-oxCFp6gIoGngUoOL9hXZXzhn.png\" class=\"attachment-full size-full wp-image-56016\" alt=\"\" srcset=\"https:\/\/www.iset.com.br\/blog\/wp-content\/uploads\/2025\/11\/img-oxCFp6gIoGngUoOL9hXZXzhn.png 1792w, https:\/\/www.iset.com.br\/blog\/wp-content\/uploads\/2025\/11\/img-oxCFp6gIoGngUoOL9hXZXzhn-300x171.png 300w, https:\/\/www.iset.com.br\/blog\/wp-content\/uploads\/2025\/11\/img-oxCFp6gIoGngUoOL9hXZXzhn-1024x585.png 1024w, https:\/\/www.iset.com.br\/blog\/wp-content\/uploads\/2025\/11\/img-oxCFp6gIoGngUoOL9hXZXzhn-768x439.png 768w, https:\/\/www.iset.com.br\/blog\/wp-content\/uploads\/2025\/11\/img-oxCFp6gIoGngUoOL9hXZXzhn-1536x878.png 1536w\" sizes=\"(max-width: 1792px) 100vw, 1792px\" \/>\t\t\t\t<\/a>\r\n\t\t\t\t\t\t\t\t\t\t<\/div>\r\n\t\t\t\t\t\t\t\t\t\t\t\t\t<div class=\"premium-blog-effect-container premium-blog-diagonal-effect\">\r\n\t\t\t\t\t\t\t\t<a class=\"premium-blog-post-link\" href=\"https:\/\/www.iset.com.br\/blog\/5-estrategias-para-maximizar-suas-vendas-na-black-friday-2025\/\" target=\"_blank\"><span>5 Estrat\u00e9gias Para Maximizar Suas Vendas na Black Friday 2025<\/span><\/a>\r\n\t\t\t\t\t\t\t\t\t\t\t\t\t\t\t<\/div>\r\n\t\t\t\t\t\t\t\t\t\t\t<\/div>\r\n\t\t\t\t\t\t\t\t\t\t\t\t\t\t\t\t\t\t\t\t\t<div class=\"premium-blog-content-wrapper \">\r\n\r\n\t\t\t\t\t<div class=\"premium-blog-inner-container\">\r\n\r\n\t\t\t\t\t\t\t\t\t\t\t\t\t\t<h3 class=\"premium-blog-entry-title\">\r\n\t\t\t<a href=\"https:\/\/www.iset.com.br\/blog\/5-estrategias-para-maximizar-suas-vendas-na-black-friday-2025\/\" target=\"_blank\">\r\n\t\t\t\t5 Estrat\u00e9gias Para Maximizar Suas Vendas na Black Friday 2025\t\t\t<\/a>\r\n\t\t<\/h3>\r\n\t\t\r\n\t\t\t\t\t<\/div>\r\n\r\n\t\t\t\t\t\t\t<div class=\"premium-blog-content-inner-wrapper premium-blog-content-inner-wrapper premium-blog-content-inner-wrapper\">\r\n\t\t<p class=\"premium-blog-post-content\">Introdu\u00e7\u00e3o A Black Friday \u00e9 mais do que um evento de vendas; \u00e9 um verdadeiro fen\u00f4meno que transforma a maneira como os consumidores compram e \u2026<\/p>\t\t<\/div>\r\n\t\t\t\t<div class=\"premium-blog-entry-meta\">\r\n\t\t\t\r\n\t\t\t\r\n\t\t\t\r\n\t\t\t\t\t<\/div>\r\n\t\t\t\t\t\t\t\r\n\t\t\t\t<\/div>\r\n\t\t\t<\/div>\r\n\t\t<\/article>\r\n\r\n\t\t\t\t<article class=\"premium-blog-post-outer-container\" data-total=\"7\">\r\n\t\t\t<div class=\"premium-blog-post-container premium-blog-skin-cards\">\r\n\t\t\t\t\t\t\t\t\t<div class=\"premium-blog-thumb-effect-wrapper\">\r\n\t\t\t\t\t\t<div class=\"premium-blog-thumbnail-container premium-blog-scale-effect\">\r\n\t\t\t\t\t\t\t\t\t\t\t<a href=\"https:\/\/www.iset.com.br\/blog\/impulsione-suas-vendas-em-2025-dicas-para-aproveitar-as-liquidacoes-de-inicio-de-ano-no-e-commerce\/\" target=\"_blank\">\r\n\t\t\t\t<img loading=\"lazy\" decoding=\"async\" width=\"1792\" height=\"1024\" src=\"https:\/\/www.iset.com.br\/blog\/wp-content\/uploads\/2024\/11\/img-RN3JcXeFzjBu53wWEg1BsA7J.png\" class=\"attachment-full size-full wp-image-55520\" alt=\"\" srcset=\"https:\/\/www.iset.com.br\/blog\/wp-content\/uploads\/2024\/11\/img-RN3JcXeFzjBu53wWEg1BsA7J.png 1792w, https:\/\/www.iset.com.br\/blog\/wp-content\/uploads\/2024\/11\/img-RN3JcXeFzjBu53wWEg1BsA7J-300x171.png 300w, https:\/\/www.iset.com.br\/blog\/wp-content\/uploads\/2024\/11\/img-RN3JcXeFzjBu53wWEg1BsA7J-1024x585.png 1024w, https:\/\/www.iset.com.br\/blog\/wp-content\/uploads\/2024\/11\/img-RN3JcXeFzjBu53wWEg1BsA7J-768x439.png 768w, https:\/\/www.iset.com.br\/blog\/wp-content\/uploads\/2024\/11\/img-RN3JcXeFzjBu53wWEg1BsA7J-1536x878.png 1536w\" sizes=\"(max-width: 1792px) 100vw, 1792px\" \/>\t\t\t\t<\/a>\r\n\t\t\t\t\t\t\t\t\t\t<\/div>\r\n\t\t\t\t\t\t\t\t\t\t\t\t\t<div class=\"premium-blog-effect-container premium-blog-diagonal-effect\">\r\n\t\t\t\t\t\t\t\t<a class=\"premium-blog-post-link\" href=\"https:\/\/www.iset.com.br\/blog\/impulsione-suas-vendas-em-2025-dicas-para-aproveitar-as-liquidacoes-de-inicio-de-ano-no-e-commerce\/\" target=\"_blank\"><span>Impulsione suas vendas em 2025: Dicas para aproveitar as liquida\u00e7\u00f5es de in\u00edcio de ano no e-commerce<\/span><\/a>\r\n\t\t\t\t\t\t\t\t\t\t\t\t\t\t\t<\/div>\r\n\t\t\t\t\t\t\t\t\t\t\t<\/div>\r\n\t\t\t\t\t\t\t\t\t\t\t\t\t\t\t\t\t\t\t\t\t<div class=\"premium-blog-content-wrapper \">\r\n\r\n\t\t\t\t\t<div class=\"premium-blog-inner-container\">\r\n\r\n\t\t\t\t\t\t\t\t\t\t\t\t\t\t<h3 class=\"premium-blog-entry-title\">\r\n\t\t\t<a href=\"https:\/\/www.iset.com.br\/blog\/impulsione-suas-vendas-em-2025-dicas-para-aproveitar-as-liquidacoes-de-inicio-de-ano-no-e-commerce\/\" target=\"_blank\">\r\n\t\t\t\tImpulsione suas vendas em 2025: Dicas para aproveitar as liquida\u00e7\u00f5es de in\u00edcio de ano no e-commerce\t\t\t<\/a>\r\n\t\t<\/h3>\r\n\t\t\r\n\t\t\t\t\t<\/div>\r\n\r\n\t\t\t\t\t\t\t<div class=\"premium-blog-content-inner-wrapper\">\r\n\t\t<p class=\"premium-blog-post-content\">Desperte o Potencial das Liquida\u00e7\u00f5es! O in\u00edcio de um novo ano \u00e9 sin\u00f4nimo de oportunidades repletas para os empreendedores do e-commerce. Com as liquida\u00e7\u00f5es, voc\u00ea \u2026<\/p>\t\t<\/div>\r\n\t\t\t\t<div class=\"premium-blog-entry-meta\">\r\n\t\t\t\r\n\t\t\t\r\n\t\t\t\r\n\t\t\t\t\t<\/div>\r\n\t\t\t\t\t\t\t\r\n\t\t\t\t<\/div>\r\n\t\t\t<\/div>\r\n\t\t<\/article>\r\n\r\n\t\t\t\t<article class=\"premium-blog-post-outer-container\" data-total=\"7\">\r\n\t\t\t<div class=\"premium-blog-post-container premium-blog-skin-cards\">\r\n\t\t\t\t\t\t\t\t\t<div class=\"premium-blog-thumb-effect-wrapper\">\r\n\t\t\t\t\t\t<div class=\"premium-blog-thumbnail-container premium-blog-scale-effect\">\r\n\t\t\t\t\t\t\t\t\t\t\t<a href=\"https:\/\/www.iset.com.br\/blog\/maximizando-lucros-estrategias-essenciais-para-sucesso-pos-black-friday\/\" target=\"_blank\">\r\n\t\t\t\t<img loading=\"lazy\" decoding=\"async\" width=\"2500\" height=\"1440\" src=\"https:\/\/www.iset.com.br\/blog\/wp-content\/uploads\/2023\/11\/maximizando-lucros-estrategias-essenciais-para-o-sucesso-no-pos-black-friday-2500x1440-_4_-1.webp\" class=\"attachment-full size-full wp-image-54880\" alt=\"maximizando-lucros-estrategias-essenciais-para-o-sucesso-no-pos-black-friday-2500x1440\" srcset=\"https:\/\/www.iset.com.br\/blog\/wp-content\/uploads\/2023\/11\/maximizando-lucros-estrategias-essenciais-para-o-sucesso-no-pos-black-friday-2500x1440-_4_-1.webp 2500w, https:\/\/www.iset.com.br\/blog\/wp-content\/uploads\/2023\/11\/maximizando-lucros-estrategias-essenciais-para-o-sucesso-no-pos-black-friday-2500x1440-_4_-1-300x173.webp 300w, https:\/\/www.iset.com.br\/blog\/wp-content\/uploads\/2023\/11\/maximizando-lucros-estrategias-essenciais-para-o-sucesso-no-pos-black-friday-2500x1440-_4_-1-1024x590.webp 1024w, https:\/\/www.iset.com.br\/blog\/wp-content\/uploads\/2023\/11\/maximizando-lucros-estrategias-essenciais-para-o-sucesso-no-pos-black-friday-2500x1440-_4_-1-768x442.webp 768w, https:\/\/www.iset.com.br\/blog\/wp-content\/uploads\/2023\/11\/maximizando-lucros-estrategias-essenciais-para-o-sucesso-no-pos-black-friday-2500x1440-_4_-1-1536x885.webp 1536w, https:\/\/www.iset.com.br\/blog\/wp-content\/uploads\/2023\/11\/maximizando-lucros-estrategias-essenciais-para-o-sucesso-no-pos-black-friday-2500x1440-_4_-1-2048x1180.webp 2048w\" sizes=\"(max-width: 2500px) 100vw, 2500px\" \/>\t\t\t\t<\/a>\r\n\t\t\t\t\t\t\t\t\t\t<\/div>\r\n\t\t\t\t\t\t\t\t\t\t\t\t\t<div class=\"premium-blog-effect-container premium-blog-diagonal-effect\">\r\n\t\t\t\t\t\t\t\t<a class=\"premium-blog-post-link\" href=\"https:\/\/www.iset.com.br\/blog\/maximizando-lucros-estrategias-essenciais-para-sucesso-pos-black-friday\/\" target=\"_blank\"><span>Maximizando Lucros: estrat\u00e9gias essenciais para o sucesso no P\u00f3s-Black Friday<\/span><\/a>\r\n\t\t\t\t\t\t\t\t\t\t\t\t\t\t\t<\/div>\r\n\t\t\t\t\t\t\t\t\t\t\t<\/div>\r\n\t\t\t\t\t\t\t\t\t\t\t\t\t\t\t\t\t\t\t\t\t<div class=\"premium-blog-content-wrapper \">\r\n\r\n\t\t\t\t\t<div class=\"premium-blog-inner-container\">\r\n\r\n\t\t\t\t\t\t\t\t\t\t\t\t\t\t<h3 class=\"premium-blog-entry-title\">\r\n\t\t\t<a href=\"https:\/\/www.iset.com.br\/blog\/maximizando-lucros-estrategias-essenciais-para-sucesso-pos-black-friday\/\" target=\"_blank\">\r\n\t\t\t\tMaximizando Lucros: estrat\u00e9gias essenciais para o sucesso no P\u00f3s-Black Friday\t\t\t<\/a>\r\n\t\t<\/h3>\r\n\t\t\r\n\t\t\t\t\t<\/div>\r\n\r\n\t\t\t\t\t\t\t<div class=\"premium-blog-content-inner-wrapper\">\r\n\t\t<p class=\"premium-blog-post-content\">A Black Friday \u00e9, sem d\u00favida, um dos picos do e-commerce no ano. Muitos lojistas iniciam seus preparativos com meses de anteced\u00eancia, mirando sempre superar \u2026<\/p>\t\t<\/div>\r\n\t\t\t\t<div class=\"premium-blog-entry-meta\">\r\n\t\t\t\r\n\t\t\t\r\n\t\t\t\r\n\t\t\t\t\t<\/div>\r\n\t\t\t\t\t\t\t\r\n\t\t\t\t<\/div>\r\n\t\t\t<\/div>\r\n\t\t<\/article>\r\n\r\n\t\t\t\t<article class=\"premium-blog-post-outer-container\" data-total=\"7\">\r\n\t\t\t<div class=\"premium-blog-post-container premium-blog-skin-cards\">\r\n\t\t\t\t\t\t\t\t\t<div class=\"premium-blog-thumb-effect-wrapper\">\r\n\t\t\t\t\t\t<div class=\"premium-blog-thumbnail-container premium-blog-scale-effect\">\r\n\t\t\t\t\t\t\t\t\t\t\t<a href=\"https:\/\/www.iset.com.br\/blog\/melhores-dicas-acoes-de-marketing-para-vender-mais-na-black-friday-2\/\" target=\"_blank\">\r\n\t\t\t\t<img loading=\"lazy\" decoding=\"async\" width=\"2500\" height=\"1440\" src=\"https:\/\/www.iset.com.br\/blog\/wp-content\/uploads\/2023\/11\/acoes-de-marketing-para-vender-mais-na-black-friday-2500x1440-_3_-1.webp\" class=\"attachment-full size-full wp-image-54867\" alt=\"acoes-de-marketing-para-vender-mais-na-black-friday-2500x1440\" srcset=\"https:\/\/www.iset.com.br\/blog\/wp-content\/uploads\/2023\/11\/acoes-de-marketing-para-vender-mais-na-black-friday-2500x1440-_3_-1.webp 2500w, https:\/\/www.iset.com.br\/blog\/wp-content\/uploads\/2023\/11\/acoes-de-marketing-para-vender-mais-na-black-friday-2500x1440-_3_-1-300x173.webp 300w, https:\/\/www.iset.com.br\/blog\/wp-content\/uploads\/2023\/11\/acoes-de-marketing-para-vender-mais-na-black-friday-2500x1440-_3_-1-1024x590.webp 1024w, https:\/\/www.iset.com.br\/blog\/wp-content\/uploads\/2023\/11\/acoes-de-marketing-para-vender-mais-na-black-friday-2500x1440-_3_-1-768x442.webp 768w, https:\/\/www.iset.com.br\/blog\/wp-content\/uploads\/2023\/11\/acoes-de-marketing-para-vender-mais-na-black-friday-2500x1440-_3_-1-1536x885.webp 1536w, https:\/\/www.iset.com.br\/blog\/wp-content\/uploads\/2023\/11\/acoes-de-marketing-para-vender-mais-na-black-friday-2500x1440-_3_-1-2048x1180.webp 2048w\" sizes=\"(max-width: 2500px) 100vw, 2500px\" \/>\t\t\t\t<\/a>\r\n\t\t\t\t\t\t\t\t\t\t<\/div>\r\n\t\t\t\t\t\t\t\t\t\t\t\t\t<div class=\"premium-blog-effect-container premium-blog-diagonal-effect\">\r\n\t\t\t\t\t\t\t\t<a class=\"premium-blog-post-link\" href=\"https:\/\/www.iset.com.br\/blog\/melhores-dicas-acoes-de-marketing-para-vender-mais-na-black-friday-2\/\" target=\"_blank\"><span>As melhores dicas de a\u00e7\u00f5es de marketing para vender mais na Black Friday<\/span><\/a>\r\n\t\t\t\t\t\t\t\t\t\t\t\t\t\t\t<\/div>\r\n\t\t\t\t\t\t\t\t\t\t\t<\/div>\r\n\t\t\t\t\t\t\t\t\t\t\t\t\t\t\t\t\t\t\t\t\t<div class=\"premium-blog-content-wrapper \">\r\n\r\n\t\t\t\t\t<div class=\"premium-blog-inner-container\">\r\n\r\n\t\t\t\t\t\t\t\t\t\t\t\t\t\t<h3 class=\"premium-blog-entry-title\">\r\n\t\t\t<a href=\"https:\/\/www.iset.com.br\/blog\/melhores-dicas-acoes-de-marketing-para-vender-mais-na-black-friday-2\/\" target=\"_blank\">\r\n\t\t\t\tAs melhores dicas de a\u00e7\u00f5es de marketing para vender mais na Black Friday\t\t\t<\/a>\r\n\t\t<\/h3>\r\n\t\t\r\n\t\t\t\t\t<\/div>\r\n\r\n\t\t\t\t\t\t\t<div class=\"premium-blog-content-inner-wrapper\">\r\n\t\t<p class=\"premium-blog-post-content\">A Black Friday \u00e9 muito mais que um mero dia de descontos no calend\u00e1rio varejista! Ela representa uma chance inigual\u00e1vel para que as empresas se \u2026<\/p>\t\t<\/div>\r\n\t\t\t\t<div class=\"premium-blog-entry-meta\">\r\n\t\t\t\r\n\t\t\t\r\n\t\t\t\r\n\t\t\t\t\t<\/div>\r\n\t\t\t\t\t\t\t\r\n\t\t\t\t<\/div>\r\n\t\t\t<\/div>\r\n\t\t<\/article>\r\n\r\n\t\t\t\t<article class=\"premium-blog-post-outer-container\" data-total=\"7\">\r\n\t\t\t<div class=\"premium-blog-post-container premium-blog-skin-cards\">\r\n\t\t\t\t\t\t\t\t\t<div class=\"premium-blog-thumb-effect-wrapper\">\r\n\t\t\t\t\t\t<div class=\"premium-blog-thumbnail-container premium-blog-scale-effect\">\r\n\t\t\t\t\t\t\t\t\t\t\t<a href=\"https:\/\/www.iset.com.br\/blog\/black-friday-dicas-como-preparar-loja-virtual-para-lucrar-muito-data\/\" target=\"_blank\">\r\n\t\t\t\t<img loading=\"lazy\" decoding=\"async\" width=\"2500\" height=\"1440\" src=\"https:\/\/www.iset.com.br\/blog\/wp-content\/uploads\/2022\/11\/black-friday-dicas-como-preparar-sua-loja-virtual-para-lucrar-muito-data-2500x1440-1.webp\" class=\"attachment-full size-full wp-image-54074\" alt=\"black-friday-dicas-como-preparar-sua-loja-virtual-para-lucrar-muito-data-2500x1440\" srcset=\"https:\/\/www.iset.com.br\/blog\/wp-content\/uploads\/2022\/11\/black-friday-dicas-como-preparar-sua-loja-virtual-para-lucrar-muito-data-2500x1440-1.webp 2500w, https:\/\/www.iset.com.br\/blog\/wp-content\/uploads\/2022\/11\/black-friday-dicas-como-preparar-sua-loja-virtual-para-lucrar-muito-data-2500x1440-1-300x173.webp 300w, https:\/\/www.iset.com.br\/blog\/wp-content\/uploads\/2022\/11\/black-friday-dicas-como-preparar-sua-loja-virtual-para-lucrar-muito-data-2500x1440-1-768x442.webp 768w, https:\/\/www.iset.com.br\/blog\/wp-content\/uploads\/2022\/11\/black-friday-dicas-como-preparar-sua-loja-virtual-para-lucrar-muito-data-2500x1440-1-1024x590.webp 1024w, https:\/\/www.iset.com.br\/blog\/wp-content\/uploads\/2022\/11\/black-friday-dicas-como-preparar-sua-loja-virtual-para-lucrar-muito-data-2500x1440-1-1536x885.webp 1536w, https:\/\/www.iset.com.br\/blog\/wp-content\/uploads\/2022\/11\/black-friday-dicas-como-preparar-sua-loja-virtual-para-lucrar-muito-data-2500x1440-1-2048x1180.webp 2048w\" sizes=\"(max-width: 2500px) 100vw, 2500px\" \/>\t\t\t\t<\/a>\r\n\t\t\t\t\t\t\t\t\t\t<\/div>\r\n\t\t\t\t\t\t\t\t\t\t\t\t\t<div class=\"premium-blog-effect-container premium-blog-diagonal-effect\">\r\n\t\t\t\t\t\t\t\t<a class=\"premium-blog-post-link\" href=\"https:\/\/www.iset.com.br\/blog\/black-friday-dicas-como-preparar-loja-virtual-para-lucrar-muito-data\/\" target=\"_blank\"><span>Black Friday: 7 dicas de como preparar sua loja virtual para lucrar muito na data!<\/span><\/a>\r\n\t\t\t\t\t\t\t\t\t\t\t\t\t\t\t<\/div>\r\n\t\t\t\t\t\t\t\t\t\t\t<\/div>\r\n\t\t\t\t\t\t\t\t\t\t\t\t\t\t\t\t\t\t\t\t\t<div class=\"premium-blog-content-wrapper \">\r\n\r\n\t\t\t\t\t<div class=\"premium-blog-inner-container\">\r\n\r\n\t\t\t\t\t\t\t\t\t\t\t\t\t\t<h3 class=\"premium-blog-entry-title\">\r\n\t\t\t<a href=\"https:\/\/www.iset.com.br\/blog\/black-friday-dicas-como-preparar-loja-virtual-para-lucrar-muito-data\/\" target=\"_blank\">\r\n\t\t\t\tBlack Friday: 7 dicas de como preparar sua loja virtual para lucrar muito na data!\t\t\t<\/a>\r\n\t\t<\/h3>\r\n\t\t\r\n\t\t\t\t\t<\/div>\r\n\r\n\t\t\t\t\t\t\t<div class=\"premium-blog-content-inner-wrapper\">\r\n\t\t<p class=\"premium-blog-post-content\">Neste ano a Black Friday chega com for\u00e7a total e promete movimentar a economia brasileira. Com o objetivo de estimular o consumo e impulsionar os \u2026<\/p>\t\t<\/div>\r\n\t\t\t\t<div class=\"premium-blog-entry-meta\">\r\n\t\t\t\r\n\t\t\t\r\n\t\t\t\r\n\t\t\t\t\t<\/div>\r\n\t\t\t\t\t\t\t\r\n\t\t\t\t<\/div>\r\n\t\t\t<\/div>\r\n\t\t<\/article>\r\n\r\n\t\t\t\t<article class=\"premium-blog-post-outer-container\" data-total=\"7\">\r\n\t\t\t<div class=\"premium-blog-post-container premium-blog-skin-cards\">\r\n\t\t\t\t\t\t\t\t\t<div class=\"premium-blog-thumb-effect-wrapper\">\r\n\t\t\t\t\t\t<div class=\"premium-blog-thumbnail-container premium-blog-scale-effect\">\r\n\t\t\t\t\t\t\t\t\t\t\t<a href=\"https:\/\/www.iset.com.br\/blog\/decide-sucesso-nas-vendas-black-friday-segredos-voce-nao-sabia\/\" target=\"_blank\">\r\n\t\t\t\t<img loading=\"lazy\" decoding=\"async\" width=\"2500\" height=\"1440\" src=\"https:\/\/www.iset.com.br\/blog\/wp-content\/uploads\/2021\/11\/O-que-decide-o-sucesso-nas-vendas-na-BLACK-FRIDAY-5-segredos-que-voce-nao-sabia-2500x1440-1.jpg\" class=\"attachment-full size-full wp-image-52543\" alt=\"\" srcset=\"https:\/\/www.iset.com.br\/blog\/wp-content\/uploads\/2021\/11\/O-que-decide-o-sucesso-nas-vendas-na-BLACK-FRIDAY-5-segredos-que-voce-nao-sabia-2500x1440-1.jpg 2500w, https:\/\/www.iset.com.br\/blog\/wp-content\/uploads\/2021\/11\/O-que-decide-o-sucesso-nas-vendas-na-BLACK-FRIDAY-5-segredos-que-voce-nao-sabia-2500x1440-1-300x173.jpg 300w, https:\/\/www.iset.com.br\/blog\/wp-content\/uploads\/2021\/11\/O-que-decide-o-sucesso-nas-vendas-na-BLACK-FRIDAY-5-segredos-que-voce-nao-sabia-2500x1440-1-768x442.jpg 768w, https:\/\/www.iset.com.br\/blog\/wp-content\/uploads\/2021\/11\/O-que-decide-o-sucesso-nas-vendas-na-BLACK-FRIDAY-5-segredos-que-voce-nao-sabia-2500x1440-1-1024x590.jpg 1024w, https:\/\/www.iset.com.br\/blog\/wp-content\/uploads\/2021\/11\/O-que-decide-o-sucesso-nas-vendas-na-BLACK-FRIDAY-5-segredos-que-voce-nao-sabia-2500x1440-1-1536x885.jpg 1536w, https:\/\/www.iset.com.br\/blog\/wp-content\/uploads\/2021\/11\/O-que-decide-o-sucesso-nas-vendas-na-BLACK-FRIDAY-5-segredos-que-voce-nao-sabia-2500x1440-1-2048x1180.jpg 2048w\" sizes=\"(max-width: 2500px) 100vw, 2500px\" \/>\t\t\t\t<\/a>\r\n\t\t\t\t\t\t\t\t\t\t<\/div>\r\n\t\t\t\t\t\t\t\t\t\t\t\t\t<div class=\"premium-blog-effect-container premium-blog-diagonal-effect\">\r\n\t\t\t\t\t\t\t\t<a class=\"premium-blog-post-link\" href=\"https:\/\/www.iset.com.br\/blog\/decide-sucesso-nas-vendas-black-friday-segredos-voce-nao-sabia\/\" target=\"_blank\"><span>O que decide o sucesso nas vendas na Black Friday? 5 segredos que voc\u00ea n\u00e3o sabia<\/span><\/a>\r\n\t\t\t\t\t\t\t\t\t\t\t\t\t\t\t<\/div>\r\n\t\t\t\t\t\t\t\t\t\t\t<\/div>\r\n\t\t\t\t\t\t\t\t\t\t\t\t\t\t\t\t\t\t\t\t\t<div class=\"premium-blog-content-wrapper \">\r\n\r\n\t\t\t\t\t<div class=\"premium-blog-inner-container\">\r\n\r\n\t\t\t\t\t\t\t\t\t\t\t\t\t\t<h3 class=\"premium-blog-entry-title\">\r\n\t\t\t<a href=\"https:\/\/www.iset.com.br\/blog\/decide-sucesso-nas-vendas-black-friday-segredos-voce-nao-sabia\/\" target=\"_blank\">\r\n\t\t\t\tO que decide o sucesso nas vendas na Black Friday? 5 segredos que voc\u00ea n\u00e3o sabia\t\t\t<\/a>\r\n\t\t<\/h3>\r\n\t\t\r\n\t\t\t\t\t<\/div>\r\n\r\n\t\t\t\t\t\t\t<div class=\"premium-blog-content-inner-wrapper\">\r\n\t\t<p class=\"premium-blog-post-content\">Para voc\u00ea lojista que j\u00e1 entendeu a for\u00e7a e a capacidade que a Black Friday tem de aumentar as vendas online, al\u00e9m de trazer grandes \u2026<\/p>\t\t<\/div>\r\n\t\t\t\t<div class=\"premium-blog-entry-meta\">\r\n\t\t\t\r\n\t\t\t\r\n\t\t\t\r\n\t\t\t\t\t<\/div>\r\n\t\t\t\t\t\t\t\r\n\t\t\t\t<\/div>\r\n\t\t\t<\/div>\r\n\t\t<\/article>\r\n\r\n\t\t\t\t<article class=\"premium-blog-post-outer-container\" data-total=\"7\">\r\n\t\t\t<div class=\"premium-blog-post-container premium-blog-skin-cards\">\r\n\t\t\t\t\t\t\t\t\t<div class=\"premium-blog-thumb-effect-wrapper\">\r\n\t\t\t\t\t\t<div class=\"premium-blog-thumbnail-container premium-blog-scale-effect\">\r\n\t\t\t\t\t\t\t\t\t\t\t<a href=\"https:\/\/www.iset.com.br\/blog\/logistica-reversa-pos-black-friday-transforme-experiencia-do-cliente\/\" target=\"_blank\">\r\n\t\t\t\t<img loading=\"lazy\" decoding=\"async\" width=\"2500\" height=\"1440\" src=\"https:\/\/www.iset.com.br\/blog\/wp-content\/uploads\/2021\/11\/logistica-reversa-no-pos-Black-Friday-transforme-experiencia-do-seu-cliente-2500x1440-1-3.jpg\" class=\"attachment-full size-full wp-image-52534\" alt=\"\" srcset=\"https:\/\/www.iset.com.br\/blog\/wp-content\/uploads\/2021\/11\/logistica-reversa-no-pos-Black-Friday-transforme-experiencia-do-seu-cliente-2500x1440-1-3.jpg 2500w, https:\/\/www.iset.com.br\/blog\/wp-content\/uploads\/2021\/11\/logistica-reversa-no-pos-Black-Friday-transforme-experiencia-do-seu-cliente-2500x1440-1-3-300x173.jpg 300w, https:\/\/www.iset.com.br\/blog\/wp-content\/uploads\/2021\/11\/logistica-reversa-no-pos-Black-Friday-transforme-experiencia-do-seu-cliente-2500x1440-1-3-768x442.jpg 768w, https:\/\/www.iset.com.br\/blog\/wp-content\/uploads\/2021\/11\/logistica-reversa-no-pos-Black-Friday-transforme-experiencia-do-seu-cliente-2500x1440-1-3-1024x590.jpg 1024w, https:\/\/www.iset.com.br\/blog\/wp-content\/uploads\/2021\/11\/logistica-reversa-no-pos-Black-Friday-transforme-experiencia-do-seu-cliente-2500x1440-1-3-1536x885.jpg 1536w, https:\/\/www.iset.com.br\/blog\/wp-content\/uploads\/2021\/11\/logistica-reversa-no-pos-Black-Friday-transforme-experiencia-do-seu-cliente-2500x1440-1-3-2048x1180.jpg 2048w\" sizes=\"(max-width: 2500px) 100vw, 2500px\" \/>\t\t\t\t<\/a>\r\n\t\t\t\t\t\t\t\t\t\t<\/div>\r\n\t\t\t\t\t\t\t\t\t\t\t\t\t<div class=\"premium-blog-effect-container premium-blog-diagonal-effect\">\r\n\t\t\t\t\t\t\t\t<a class=\"premium-blog-post-link\" href=\"https:\/\/www.iset.com.br\/blog\/logistica-reversa-pos-black-friday-transforme-experiencia-do-cliente\/\" target=\"_blank\"><span>Log\u00edstica reversa no p\u00f3s-Black Friday: transforme a experi\u00eancia do seu cliente<\/span><\/a>\r\n\t\t\t\t\t\t\t\t\t\t\t\t\t\t\t<\/div>\r\n\t\t\t\t\t\t\t\t\t\t\t<\/div>\r\n\t\t\t\t\t\t\t\t\t\t\t\t\t\t\t\t\t\t\t\t\t<div class=\"premium-blog-content-wrapper \">\r\n\r\n\t\t\t\t\t<div class=\"premium-blog-inner-container\">\r\n\r\n\t\t\t\t\t\t\t\t\t\t\t\t\t\t<h3 class=\"premium-blog-entry-title\">\r\n\t\t\t<a href=\"https:\/\/www.iset.com.br\/blog\/logistica-reversa-pos-black-friday-transforme-experiencia-do-cliente\/\" target=\"_blank\">\r\n\t\t\t\tLog\u00edstica reversa no p\u00f3s-Black Friday: transforme a experi\u00eancia do seu cliente\t\t\t<\/a>\r\n\t\t<\/h3>\r\n\t\t\r\n\t\t\t\t\t<\/div>\r\n\r\n\t\t\t\t\t\t\t<div class=\"premium-blog-content-inner-wrapper\">\r\n\t\t<p class=\"premium-blog-post-content\">Voc\u00ea sabe o que \u00e9 Log\u00edstica reversa no p\u00f3s-Black Friday e como ela pode transformar a experi\u00eancia do cliente? Uma das datas que mais movimentadas \u2026<\/p>\t\t<\/div>\r\n\t\t\t\t<div class=\"premium-blog-entry-meta\">\r\n\t\t\t\r\n\t\t\t\r\n\t\t\t\r\n\t\t\t\t\t<\/div>\r\n\t\t\t\t\t\t\t\r\n\t\t\t\t<\/div>\r\n\t\t\t<\/div>\r\n\t\t<\/article>\r\n\r\n\t\t\t\t<article class=\"premium-blog-post-outer-container\" data-total=\"7\">\r\n\t\t\t<div class=\"premium-blog-post-container premium-blog-skin-cards\">\r\n\t\t\t\t\t\t\t\t\t<div class=\"premium-blog-thumb-effect-wrapper\">\r\n\t\t\t\t\t\t<div class=\"premium-blog-thumbnail-container premium-blog-scale-effect\">\r\n\t\t\t\t\t\t\t\t\t\t\t<a href=\"https:\/\/www.iset.com.br\/blog\/automacao-e-performance-como-lidar-com-a-alta-demanda-na-black-friday\/\" target=\"_blank\">\r\n\t\t\t\t<img loading=\"lazy\" decoding=\"async\" width=\"2500\" height=\"1440\" src=\"https:\/\/www.iset.com.br\/blog\/wp-content\/uploads\/2021\/11\/Automacao-performance-como-lidar-com-alta-demanda-na-Black-Friday-2500x1440-1.jpg\" class=\"attachment-full size-full wp-image-52521\" alt=\"\" srcset=\"https:\/\/www.iset.com.br\/blog\/wp-content\/uploads\/2021\/11\/Automacao-performance-como-lidar-com-alta-demanda-na-Black-Friday-2500x1440-1.jpg 2500w, https:\/\/www.iset.com.br\/blog\/wp-content\/uploads\/2021\/11\/Automacao-performance-como-lidar-com-alta-demanda-na-Black-Friday-2500x1440-1-300x173.jpg 300w, https:\/\/www.iset.com.br\/blog\/wp-content\/uploads\/2021\/11\/Automacao-performance-como-lidar-com-alta-demanda-na-Black-Friday-2500x1440-1-768x442.jpg 768w, https:\/\/www.iset.com.br\/blog\/wp-content\/uploads\/2021\/11\/Automacao-performance-como-lidar-com-alta-demanda-na-Black-Friday-2500x1440-1-1024x590.jpg 1024w, https:\/\/www.iset.com.br\/blog\/wp-content\/uploads\/2021\/11\/Automacao-performance-como-lidar-com-alta-demanda-na-Black-Friday-2500x1440-1-1536x885.jpg 1536w, https:\/\/www.iset.com.br\/blog\/wp-content\/uploads\/2021\/11\/Automacao-performance-como-lidar-com-alta-demanda-na-Black-Friday-2500x1440-1-2048x1180.jpg 2048w\" sizes=\"(max-width: 2500px) 100vw, 2500px\" \/>\t\t\t\t<\/a>\r\n\t\t\t\t\t\t\t\t\t\t<\/div>\r\n\t\t\t\t\t\t\t\t\t\t\t\t\t<div class=\"premium-blog-effect-container premium-blog-diagonal-effect\">\r\n\t\t\t\t\t\t\t\t<a class=\"premium-blog-post-link\" href=\"https:\/\/www.iset.com.br\/blog\/automacao-e-performance-como-lidar-com-a-alta-demanda-na-black-friday\/\" target=\"_blank\"><span>Automa\u00e7\u00e3o e performance: como lidar com a alta demanda na Black Friday?<\/span><\/a>\r\n\t\t\t\t\t\t\t\t\t\t\t\t\t\t\t<\/div>\r\n\t\t\t\t\t\t\t\t\t\t\t<\/div>\r\n\t\t\t\t\t\t\t\t\t\t\t\t\t\t\t\t\t\t\t\t\t<div class=\"premium-blog-content-wrapper \">\r\n\r\n\t\t\t\t\t<div class=\"premium-blog-inner-container\">\r\n\r\n\t\t\t\t\t\t\t\t\t\t\t\t\t\t<h3 class=\"premium-blog-entry-title\">\r\n\t\t\t<a href=\"https:\/\/www.iset.com.br\/blog\/automacao-e-performance-como-lidar-com-a-alta-demanda-na-black-friday\/\" target=\"_blank\">\r\n\t\t\t\tAutoma\u00e7\u00e3o e performance: como lidar com a alta demanda na Black Friday?\t\t\t<\/a>\r\n\t\t<\/h3>\r\n\t\t\r\n\t\t\t\t\t<\/div>\r\n\r\n\t\t\t\t\t\t\t<div class=\"premium-blog-content-inner-wrapper\">\r\n\t\t<p class=\"premium-blog-post-content\">Automatizar n\u00e3o \u00e9 tarefa f\u00e1cil, s\u00f3 aparenta ser. Ela precisa de muita estrat\u00e9gia, an\u00e1lise e manuten\u00e7\u00e3o. Se a automa\u00e7\u00e3o \u00e9 necess\u00e1ria normalmente, imagine ent\u00e3o na \u2026<\/p>\t\t<\/div>\r\n\t\t\t\t<div class=\"premium-blog-entry-meta\">\r\n\t\t\t\r\n\t\t\t\r\n\t\t\t\r\n\t\t\t\t\t<\/div>\r\n\t\t\t\t\t\t\t\r\n\t\t\t\t<\/div>\r\n\t\t\t<\/div>\r\n\t\t<\/article>\r\n\r\n\t\t\t\t<article class=\"premium-blog-post-outer-container\" data-total=\"7\">\r\n\t\t\t<div class=\"premium-blog-post-container premium-blog-skin-cards\">\r\n\t\t\t\t\t\t\t\t\t<div class=\"premium-blog-thumb-effect-wrapper\">\r\n\t\t\t\t\t\t<div class=\"premium-blog-thumbnail-container premium-blog-scale-effect\">\r\n\t\t\t\t\t\t\t\t\t\t\t<a href=\"https:\/\/www.iset.com.br\/blog\/geracao-de-leads-para-black-friday\/\" target=\"_blank\">\r\n\t\t\t\t<img loading=\"lazy\" decoding=\"async\" width=\"2500\" height=\"1440\" src=\"https:\/\/www.iset.com.br\/blog\/wp-content\/uploads\/2021\/11\/Geracao-de-leads-para-a-Black-Friday-como-criar-e-preparar-meus-conteudos-2500x1440-1.jpg\" class=\"attachment-full size-full wp-image-52497\" alt=\"\" srcset=\"https:\/\/www.iset.com.br\/blog\/wp-content\/uploads\/2021\/11\/Geracao-de-leads-para-a-Black-Friday-como-criar-e-preparar-meus-conteudos-2500x1440-1.jpg 2500w, https:\/\/www.iset.com.br\/blog\/wp-content\/uploads\/2021\/11\/Geracao-de-leads-para-a-Black-Friday-como-criar-e-preparar-meus-conteudos-2500x1440-1-300x173.jpg 300w, https:\/\/www.iset.com.br\/blog\/wp-content\/uploads\/2021\/11\/Geracao-de-leads-para-a-Black-Friday-como-criar-e-preparar-meus-conteudos-2500x1440-1-768x442.jpg 768w, https:\/\/www.iset.com.br\/blog\/wp-content\/uploads\/2021\/11\/Geracao-de-leads-para-a-Black-Friday-como-criar-e-preparar-meus-conteudos-2500x1440-1-1024x590.jpg 1024w, https:\/\/www.iset.com.br\/blog\/wp-content\/uploads\/2021\/11\/Geracao-de-leads-para-a-Black-Friday-como-criar-e-preparar-meus-conteudos-2500x1440-1-1536x885.jpg 1536w, https:\/\/www.iset.com.br\/blog\/wp-content\/uploads\/2021\/11\/Geracao-de-leads-para-a-Black-Friday-como-criar-e-preparar-meus-conteudos-2500x1440-1-2048x1180.jpg 2048w\" sizes=\"(max-width: 2500px) 100vw, 2500px\" \/>\t\t\t\t<\/a>\r\n\t\t\t\t\t\t\t\t\t\t<\/div>\r\n\t\t\t\t\t\t\t\t\t\t\t\t\t<div class=\"premium-blog-effect-container premium-blog-diagonal-effect\">\r\n\t\t\t\t\t\t\t\t<a class=\"premium-blog-post-link\" href=\"https:\/\/www.iset.com.br\/blog\/geracao-de-leads-para-black-friday\/\" target=\"_blank\"><span>Gera\u00e7\u00e3o de leads para a Black Friday: como criar e preparar meus conte\u00fados<\/span><\/a>\r\n\t\t\t\t\t\t\t\t\t\t\t\t\t\t\t<\/div>\r\n\t\t\t\t\t\t\t\t\t\t\t<\/div>\r\n\t\t\t\t\t\t\t\t\t\t\t\t\t\t\t\t\t\t\t\t\t<div class=\"premium-blog-content-wrapper \">\r\n\r\n\t\t\t\t\t<div class=\"premium-blog-inner-container\">\r\n\r\n\t\t\t\t\t\t\t\t\t\t\t\t\t\t<h3 class=\"premium-blog-entry-title\">\r\n\t\t\t<a href=\"https:\/\/www.iset.com.br\/blog\/geracao-de-leads-para-black-friday\/\" target=\"_blank\">\r\n\t\t\t\tGera\u00e7\u00e3o de leads para a Black Friday: como criar e preparar meus conte\u00fados\t\t\t<\/a>\r\n\t\t<\/h3>\r\n\t\t\r\n\t\t\t\t\t<\/div>\r\n\r\n\t\t\t\t\t\t\t<div class=\"premium-blog-content-inner-wrapper\">\r\n\t\t<p class=\"premium-blog-post-content\">Mesmo enfrentando um cen\u00e1rio de aumento da infla\u00e7\u00e3o e de maior cautela dos clientes, o com\u00e9rcio virtual pretende bater seu recorde de vendas online na \u2026<\/p>\t\t<\/div>\r\n\t\t\t\t<div class=\"premium-blog-entry-meta\">\r\n\t\t\t\r\n\t\t\t\r\n\t\t\t\r\n\t\t\t\t\t<\/div>\r\n\t\t\t\t\t\t\t\r\n\t\t\t\t<\/div>\r\n\t\t\t<\/div>\r\n\t\t<\/article>\r\n\r\n\t\t\t\t<article class=\"premium-blog-post-outer-container\" data-total=\"7\">\r\n\t\t\t<div class=\"premium-blog-post-container premium-blog-skin-cards\">\r\n\t\t\t\t\t\t\t\t\t<div class=\"premium-blog-thumb-effect-wrapper\">\r\n\t\t\t\t\t\t<div class=\"premium-blog-thumbnail-container premium-blog-scale-effect\">\r\n\t\t\t\t\t\t\t\t\t\t\t<a href=\"https:\/\/www.iset.com.br\/blog\/como-preparar-sua-loja-para-aumentar-ticket-medio-black-friday\/\" target=\"_blank\">\r\n\t\t\t\t<img loading=\"lazy\" decoding=\"async\" width=\"2500\" height=\"1440\" src=\"https:\/\/www.iset.com.br\/blog\/wp-content\/uploads\/2021\/11\/Saiba-como-preparar-sua-loja-para-aumentar-o-ticket-medio-na-Black-Friday-2500x1440-1.jpg\" class=\"attachment-full size-full wp-image-52485\" alt=\"\" srcset=\"https:\/\/www.iset.com.br\/blog\/wp-content\/uploads\/2021\/11\/Saiba-como-preparar-sua-loja-para-aumentar-o-ticket-medio-na-Black-Friday-2500x1440-1.jpg 2500w, https:\/\/www.iset.com.br\/blog\/wp-content\/uploads\/2021\/11\/Saiba-como-preparar-sua-loja-para-aumentar-o-ticket-medio-na-Black-Friday-2500x1440-1-300x173.jpg 300w, https:\/\/www.iset.com.br\/blog\/wp-content\/uploads\/2021\/11\/Saiba-como-preparar-sua-loja-para-aumentar-o-ticket-medio-na-Black-Friday-2500x1440-1-768x442.jpg 768w, https:\/\/www.iset.com.br\/blog\/wp-content\/uploads\/2021\/11\/Saiba-como-preparar-sua-loja-para-aumentar-o-ticket-medio-na-Black-Friday-2500x1440-1-1024x590.jpg 1024w, https:\/\/www.iset.com.br\/blog\/wp-content\/uploads\/2021\/11\/Saiba-como-preparar-sua-loja-para-aumentar-o-ticket-medio-na-Black-Friday-2500x1440-1-1536x885.jpg 1536w, https:\/\/www.iset.com.br\/blog\/wp-content\/uploads\/2021\/11\/Saiba-como-preparar-sua-loja-para-aumentar-o-ticket-medio-na-Black-Friday-2500x1440-1-2048x1180.jpg 2048w\" sizes=\"(max-width: 2500px) 100vw, 2500px\" \/>\t\t\t\t<\/a>\r\n\t\t\t\t\t\t\t\t\t\t<\/div>\r\n\t\t\t\t\t\t\t\t\t\t\t\t\t<div class=\"premium-blog-effect-container premium-blog-diagonal-effect\">\r\n\t\t\t\t\t\t\t\t<a class=\"premium-blog-post-link\" href=\"https:\/\/www.iset.com.br\/blog\/como-preparar-sua-loja-para-aumentar-ticket-medio-black-friday\/\" target=\"_blank\"><span>Saiba como preparar sua loja para aumentar o ticket m\u00e9dio na Black Friday<\/span><\/a>\r\n\t\t\t\t\t\t\t\t\t\t\t\t\t\t\t<\/div>\r\n\t\t\t\t\t\t\t\t\t\t\t<\/div>\r\n\t\t\t\t\t\t\t\t\t\t\t\t\t\t\t\t\t\t\t\t\t<div class=\"premium-blog-content-wrapper \">\r\n\r\n\t\t\t\t\t<div class=\"premium-blog-inner-container\">\r\n\r\n\t\t\t\t\t\t\t\t\t\t\t\t\t\t<h3 class=\"premium-blog-entry-title\">\r\n\t\t\t<a href=\"https:\/\/www.iset.com.br\/blog\/como-preparar-sua-loja-para-aumentar-ticket-medio-black-friday\/\" target=\"_blank\">\r\n\t\t\t\tSaiba como preparar sua loja para aumentar o ticket m\u00e9dio na Black Friday\t\t\t<\/a>\r\n\t\t<\/h3>\r\n\t\t\r\n\t\t\t\t\t<\/div>\r\n\r\n\t\t\t\t\t\t\t<div class=\"premium-blog-content-inner-wrapper\">\r\n\t\t<p class=\"premium-blog-post-content\">Voc\u00ea sabe o que \u00e9 um ticket m\u00e9dio e qual a import\u00e2ncia de aumentar o da sua loja virtual?\u00a0 O valor m\u00e9dio gasto por um \u2026<\/p>\t\t<\/div>\r\n\t\t\t\t<div class=\"premium-blog-entry-meta\">\r\n\t\t\t\r\n\t\t\t\r\n\t\t\t\r\n\t\t\t\t\t<\/div>\r\n\t\t\t\t\t\t\t\r\n\t\t\t\t<\/div>\r\n\t\t\t<\/div>\r\n\t\t<\/article>\r\n\r\n\t\t\t\t<article class=\"premium-blog-post-outer-container\" data-total=\"7\">\r\n\t\t\t<div class=\"premium-blog-post-container premium-blog-skin-cards\">\r\n\t\t\t\t\t\t\t\t\t<div class=\"premium-blog-thumb-effect-wrapper\">\r\n\t\t\t\t\t\t<div class=\"premium-blog-thumbnail-container premium-blog-scale-effect\">\r\n\t\t\t\t\t\t\t\t\t\t\t<a href=\"https:\/\/www.iset.com.br\/blog\/como-gerenciar-os-seus-canais-de-venda-na-black-friday\/\" target=\"_blank\">\r\n\t\t\t\t<img loading=\"lazy\" decoding=\"async\" width=\"2500\" height=\"1440\" src=\"https:\/\/www.iset.com.br\/blog\/wp-content\/uploads\/2021\/11\/Como-gerenciar-os-seus-canais-devenda-na-Black-Friday-2500x1440-7.jpg\" class=\"attachment-full size-full wp-image-52448\" alt=\"\" srcset=\"https:\/\/www.iset.com.br\/blog\/wp-content\/uploads\/2021\/11\/Como-gerenciar-os-seus-canais-devenda-na-Black-Friday-2500x1440-7.jpg 2500w, https:\/\/www.iset.com.br\/blog\/wp-content\/uploads\/2021\/11\/Como-gerenciar-os-seus-canais-devenda-na-Black-Friday-2500x1440-7-300x173.jpg 300w, https:\/\/www.iset.com.br\/blog\/wp-content\/uploads\/2021\/11\/Como-gerenciar-os-seus-canais-devenda-na-Black-Friday-2500x1440-7-768x442.jpg 768w, https:\/\/www.iset.com.br\/blog\/wp-content\/uploads\/2021\/11\/Como-gerenciar-os-seus-canais-devenda-na-Black-Friday-2500x1440-7-1024x590.jpg 1024w, https:\/\/www.iset.com.br\/blog\/wp-content\/uploads\/2021\/11\/Como-gerenciar-os-seus-canais-devenda-na-Black-Friday-2500x1440-7-1536x885.jpg 1536w, https:\/\/www.iset.com.br\/blog\/wp-content\/uploads\/2021\/11\/Como-gerenciar-os-seus-canais-devenda-na-Black-Friday-2500x1440-7-2048x1180.jpg 2048w\" sizes=\"(max-width: 2500px) 100vw, 2500px\" \/>\t\t\t\t<\/a>\r\n\t\t\t\t\t\t\t\t\t\t<\/div>\r\n\t\t\t\t\t\t\t\t\t\t\t\t\t<div class=\"premium-blog-effect-container premium-blog-diagonal-effect\">\r\n\t\t\t\t\t\t\t\t<a class=\"premium-blog-post-link\" href=\"https:\/\/www.iset.com.br\/blog\/como-gerenciar-os-seus-canais-de-venda-na-black-friday\/\" target=\"_blank\"><span>Como gerenciar os seus canais de venda na Black Friday<\/span><\/a>\r\n\t\t\t\t\t\t\t\t\t\t\t\t\t\t\t<\/div>\r\n\t\t\t\t\t\t\t\t\t\t\t<\/div>\r\n\t\t\t\t\t\t\t\t\t\t\t\t\t\t\t\t\t\t\t\t\t<div class=\"premium-blog-content-wrapper \">\r\n\r\n\t\t\t\t\t<div class=\"premium-blog-inner-container\">\r\n\r\n\t\t\t\t\t\t\t\t\t\t\t\t\t\t<h3 class=\"premium-blog-entry-title\">\r\n\t\t\t<a href=\"https:\/\/www.iset.com.br\/blog\/como-gerenciar-os-seus-canais-de-venda-na-black-friday\/\" target=\"_blank\">\r\n\t\t\t\tComo gerenciar os seus canais de venda na Black Friday\t\t\t<\/a>\r\n\t\t<\/h3>\r\n\t\t\r\n\t\t\t\t\t<\/div>\r\n\r\n\t\t\t\t\t\t\t<div class=\"premium-blog-content-inner-wrapper\">\r\n\t\t<p class=\"premium-blog-post-content\">N\u00e3o \u00e9 novidade que a Black Friday \u00e9 uma das maiores campanhas de vendas pela internet.\u00a0 \u00c9 o momento onde as lojas virtuais e marketplaces \u2026<\/p>\t\t<\/div>\r\n\t\t\t\t<div class=\"premium-blog-entry-meta\">\r\n\t\t\t\r\n\t\t\t\r\n\t\t\t\r\n\t\t\t\t\t<\/div>\r\n\t\t\t\t\t\t\t\r\n\t\t\t\t<\/div>\r\n\t\t\t<\/div>\r\n\t\t<\/article>\r\n\r\n\t\t\t\t<article class=\"premium-blog-post-outer-container\" data-total=\"7\">\r\n\t\t\t<div class=\"premium-blog-post-container premium-blog-skin-cards\">\r\n\t\t\t\t\t\t\t\t\t<div class=\"premium-blog-thumb-effect-wrapper\">\r\n\t\t\t\t\t\t<div class=\"premium-blog-thumbnail-container premium-blog-scale-effect\">\r\n\t\t\t\t\t\t\t\t\t\t\t<a href=\"https:\/\/www.iset.com.br\/blog\/na-black-friday-e-depois-como-gerar-vendas-recorrentes\/\" target=\"_blank\">\r\n\t\t\t\t<img loading=\"lazy\" decoding=\"async\" width=\"2500\" height=\"1440\" src=\"https:\/\/www.iset.com.br\/blog\/wp-content\/uploads\/2021\/11\/Na-Black-Friday-depois-como-gerar-vendas-recorrentes-2500x1440-1.jpg\" class=\"attachment-full size-full wp-image-52468\" alt=\"\" srcset=\"https:\/\/www.iset.com.br\/blog\/wp-content\/uploads\/2021\/11\/Na-Black-Friday-depois-como-gerar-vendas-recorrentes-2500x1440-1.jpg 2500w, https:\/\/www.iset.com.br\/blog\/wp-content\/uploads\/2021\/11\/Na-Black-Friday-depois-como-gerar-vendas-recorrentes-2500x1440-1-300x173.jpg 300w, https:\/\/www.iset.com.br\/blog\/wp-content\/uploads\/2021\/11\/Na-Black-Friday-depois-como-gerar-vendas-recorrentes-2500x1440-1-768x442.jpg 768w, https:\/\/www.iset.com.br\/blog\/wp-content\/uploads\/2021\/11\/Na-Black-Friday-depois-como-gerar-vendas-recorrentes-2500x1440-1-1024x590.jpg 1024w, https:\/\/www.iset.com.br\/blog\/wp-content\/uploads\/2021\/11\/Na-Black-Friday-depois-como-gerar-vendas-recorrentes-2500x1440-1-1536x885.jpg 1536w, https:\/\/www.iset.com.br\/blog\/wp-content\/uploads\/2021\/11\/Na-Black-Friday-depois-como-gerar-vendas-recorrentes-2500x1440-1-2048x1180.jpg 2048w\" sizes=\"(max-width: 2500px) 100vw, 2500px\" \/>\t\t\t\t<\/a>\r\n\t\t\t\t\t\t\t\t\t\t<\/div>\r\n\t\t\t\t\t\t\t\t\t\t\t\t\t<div class=\"premium-blog-effect-container premium-blog-diagonal-effect\">\r\n\t\t\t\t\t\t\t\t<a class=\"premium-blog-post-link\" href=\"https:\/\/www.iset.com.br\/blog\/na-black-friday-e-depois-como-gerar-vendas-recorrentes\/\" target=\"_blank\"><span>Na Black Friday e depois: como gerar vendas recorrentes?<\/span><\/a>\r\n\t\t\t\t\t\t\t\t\t\t\t\t\t\t\t<\/div>\r\n\t\t\t\t\t\t\t\t\t\t\t<\/div>\r\n\t\t\t\t\t\t\t\t\t\t\t\t\t\t\t\t\t\t\t\t\t<div class=\"premium-blog-content-wrapper \">\r\n\r\n\t\t\t\t\t<div class=\"premium-blog-inner-container\">\r\n\r\n\t\t\t\t\t\t\t\t\t\t\t\t\t\t<h3 class=\"premium-blog-entry-title\">\r\n\t\t\t<a href=\"https:\/\/www.iset.com.br\/blog\/na-black-friday-e-depois-como-gerar-vendas-recorrentes\/\" target=\"_blank\">\r\n\t\t\t\tNa Black Friday e depois: como gerar vendas recorrentes?\t\t\t<\/a>\r\n\t\t<\/h3>\r\n\t\t\r\n\t\t\t\t\t<\/div>\r\n\r\n\t\t\t\t\t\t\t<div class=\"premium-blog-content-inner-wrapper\">\r\n\t\t<p class=\"premium-blog-post-content\">Aprender a gerar vendas recorrentes no e-commerce \u00e9 uma das estrat\u00e9gias mais atuais e pr\u00e1ticas para aumentar suas vendas online, al\u00e9m de ampliar a fideliza\u00e7\u00e3o \u2026<\/p>\t\t<\/div>\r\n\t\t\t\t<div class=\"premium-blog-entry-meta\">\r\n\t\t\t\r\n\t\t\t\r\n\t\t\t\r\n\t\t\t\t\t<\/div>\r\n\t\t\t\t\t\t\t\r\n\t\t\t\t<\/div>\r\n\t\t\t<\/div>\r\n\t\t<\/article>\r\n\r\n\t\t\t\t<\/div>\n\n\t\t\t\t\t\t<\/div>\n\t\t\t\t<\/div>\n\t\t\t\t\t<\/div>\n\t\t<\/div>\n\t\t\t\t\t<\/div>\n\t\t<\/section>\n\t\t\t\t<section class=\"elementor-section elementor-top-section elementor-element elementor-element-4e20e3c5 elementor-section-boxed elementor-section-height-default elementor-section-height-default\" data-id=\"4e20e3c5\" data-element_type=\"section\" data-settings=\"{&quot;background_background&quot;:&quot;classic&quot;}\">\n\t\t\t\t\t\t\t<div class=\"elementor-background-overlay\"><\/div>\n\t\t\t\t\t\t\t<div class=\"elementor-container elementor-column-gap-default\">\n\t\t\t\t\t<div class=\"elementor-column elementor-col-100 elementor-top-column elementor-element elementor-element-3b8f672\" data-id=\"3b8f672\" data-element_type=\"column\">\n\t\t\t<div class=\"elementor-widget-wrap elementor-element-populated\">\n\t\t\t\t\t\t<div class=\"elementor-element elementor-element-6c5e3add elementor-invisible elementor-widget elementor-widget-heading\" data-id=\"6c5e3add\" data-element_type=\"widget\" data-settings=\"{&quot;_animation&quot;:&quot;fadeInUp&quot;,&quot;_animation_delay&quot;:150}\" data-widget_type=\"heading.default\">\n\t\t\t\t<div class=\"elementor-widget-container\">\n\t\t\t\t\t<span class=\"elementor-heading-title elementor-size-default\">E-BOOKS GRATUITOS<\/span>\t\t\t\t<\/div>\n\t\t\t\t<\/div>\n\t\t\t\t<div class=\"elementor-element elementor-element-2320bb3d elementor-invisible elementor-widget elementor-widget-heading\" data-id=\"2320bb3d\" data-element_type=\"widget\" data-settings=\"{&quot;_animation&quot;:&quot;fadeInUp&quot;,&quot;_animation_delay&quot;:80}\" data-widget_type=\"heading.default\">\n\t\t\t\t<div class=\"elementor-widget-container\">\n\t\t\t\t\t<h2 class=\"elementor-heading-title elementor-size-default\">Conte\u00fados Exclusivos<\/h2>\t\t\t\t<\/div>\n\t\t\t\t<\/div>\n\t\t\t\t<div class=\"elementor-element elementor-element-16300c31 elementor-widget-divider--view-line_icon elementor-view-default elementor-widget-divider--element-align-center elementor-invisible elementor-widget elementor-widget-divider\" data-id=\"16300c31\" data-element_type=\"widget\" data-settings=\"{&quot;_animation&quot;:&quot;fadeInUp&quot;,&quot;_animation_delay&quot;:80}\" data-widget_type=\"divider.default\">\n\t\t\t\t<div class=\"elementor-widget-container\">\n\t\t\t\t\t\t\t<div class=\"elementor-divider\">\n\t\t\t<span class=\"elementor-divider-separator\">\n\t\t\t\t\t\t\t<div class=\"elementor-icon elementor-divider__element\">\n\t\t\t\t\t<svg aria-hidden=\"true\" class=\"e-font-icon-svg e-fas-dot-circle\" viewBox=\"0 0 512 512\" xmlns=\"http:\/\/www.w3.org\/2000\/svg\"><path d=\"M256 8C119.033 8 8 119.033 8 256s111.033 248 248 248 248-111.033 248-248S392.967 8 256 8zm80 248c0 44.112-35.888 80-80 80s-80-35.888-80-80 35.888-80 80-80 80 35.888 80 80z\"><\/path><\/svg><\/div>\n\t\t\t\t\t\t<\/span>\n\t\t<\/div>\n\t\t\t\t\t\t<\/div>\n\t\t\t\t<\/div>\n\t\t\t\t<section class=\"elementor-section elementor-inner-section elementor-element elementor-element-5dd77ec9 elementor-section-boxed elementor-section-height-default elementor-section-height-default\" data-id=\"5dd77ec9\" data-element_type=\"section\">\n\t\t\t\t\t\t<div class=\"elementor-container elementor-column-gap-default\">\n\t\t\t\t\t<div class=\"elementor-column elementor-col-50 elementor-inner-column elementor-element elementor-element-b806812 animated-slow elementor-invisible\" data-id=\"b806812\" data-element_type=\"column\" data-settings=\"{&quot;animation&quot;:&quot;fadeInUp&quot;,&quot;animation_delay&quot;:80}\">\n\t\t\t<div class=\"elementor-widget-wrap elementor-element-populated\">\n\t\t\t\t\t\t<div class=\"elementor-element elementor-element-b68942a elementor-widget elementor-widget-premium-addon-banner\" data-id=\"b68942a\" data-element_type=\"widget\" data-widget_type=\"premium-addon-banner.default\">\n\t\t\t\t<div class=\"elementor-widget-container\">\n\t\t\t\t\t\t\t<div class=\"premium-banner-ib premium-banner-min-height premium-banner-animation1 none\">\n\t\t\t\t\t\t\t\t\t\t<img loading=\"lazy\" decoding=\"async\" width=\"1792\" height=\"1024\" src=\"https:\/\/www.iset.com.br\/blog\/wp-content\/uploads\/2024\/05\/ebook-como-aumentar-as-vendas-da-loja-virtual-por-meio-das-redes-sociais-1.webp\" class=\"attachment-full size-full wp-image-55148\" alt=\"E-book Como Aumentar as Vendas da Loja Virtual por Meio das Redes Sociais | Blog da iSET\" srcset=\"https:\/\/www.iset.com.br\/blog\/wp-content\/uploads\/2024\/05\/ebook-como-aumentar-as-vendas-da-loja-virtual-por-meio-das-redes-sociais-1.webp 1792w, https:\/\/www.iset.com.br\/blog\/wp-content\/uploads\/2024\/05\/ebook-como-aumentar-as-vendas-da-loja-virtual-por-meio-das-redes-sociais-1-300x171.webp 300w, https:\/\/www.iset.com.br\/blog\/wp-content\/uploads\/2024\/05\/ebook-como-aumentar-as-vendas-da-loja-virtual-por-meio-das-redes-sociais-1-1024x585.webp 1024w, https:\/\/www.iset.com.br\/blog\/wp-content\/uploads\/2024\/05\/ebook-como-aumentar-as-vendas-da-loja-virtual-por-meio-das-redes-sociais-1-768x439.webp 768w, https:\/\/www.iset.com.br\/blog\/wp-content\/uploads\/2024\/05\/ebook-como-aumentar-as-vendas-da-loja-virtual-por-meio-das-redes-sociais-1-1536x878.webp 1536w\" sizes=\"(max-width: 1792px) 100vw, 1792px\" \/>\t\t\t\t\t\t\t\t\t<div class=\"premium-banner-ib-desc\">\n\t\t\t\t\t\t\t\t\t<h2 class=\"premium-banner-ib-title premium_banner_title\">Como Aumentar as Vendas da Loja Virtual por Meio das Redes Sociais <\/h2>\t\t\t\t\t\t<div class=\"premium-banner-ib-content premium_banner_content\">\n\t\t\t\t\t\t\t<p>Clique aqui e aprenda como impulsionar suas vendas no e-commerce com estrat\u00e9gias eficientes de redes sociais com nosso e-book gratuito.<\/p>\t\t\t\t\t\t<\/div>\n\t\t\t\t\t\t\t\t\t\t\t\t\t\t\t\t\t<\/div>\n\t\t\t\t\t\t\t<a href=\"https:\/\/www.iset.com.br\/ebook\/guia-como-aumentar-vendas-na-loja-virtual-pelas-redes-sociais.html\" target=\"_blank\" class=\"premium-banner-ib-link\"><\/a>\n\t\t\t\t\t<\/div>\n\n\t\t\t\t\t\t<\/div>\n\t\t\t\t<\/div>\n\t\t\t\t\t<\/div>\n\t\t<\/div>\n\t\t\t\t<div class=\"elementor-column elementor-col-50 elementor-inner-column elementor-element elementor-element-209975a5 animated-slow elementor-invisible\" data-id=\"209975a5\" data-element_type=\"column\" data-settings=\"{&quot;animation&quot;:&quot;fadeInUp&quot;,&quot;animation_delay&quot;:80}\">\n\t\t\t<div class=\"elementor-widget-wrap elementor-element-populated\">\n\t\t\t\t\t\t<div class=\"elementor-element elementor-element-c7e4dba elementor-widget elementor-widget-premium-addon-banner\" data-id=\"c7e4dba\" data-element_type=\"widget\" data-widget_type=\"premium-addon-banner.default\">\n\t\t\t\t<div class=\"elementor-widget-container\">\n\t\t\t\t\t\t\t<div class=\"premium-banner-ib premium-banner-min-height premium-banner-animation1 none\">\n\t\t\t\t\t\t\t\t\t\t<img loading=\"lazy\" decoding=\"async\" width=\"1792\" height=\"1024\" src=\"https:\/\/www.iset.com.br\/blog\/wp-content\/uploads\/2024\/05\/o-cenario-da-fraude-no-ecommerce-brasileiro-clearsale-1.webp\" class=\"attachment-full size-full wp-image-55147\" alt=\"E-book O Cen\u00e1rio da Fraude no E-commerce Brasileiro | Blog da iSET\" srcset=\"https:\/\/www.iset.com.br\/blog\/wp-content\/uploads\/2024\/05\/o-cenario-da-fraude-no-ecommerce-brasileiro-clearsale-1.webp 1792w, https:\/\/www.iset.com.br\/blog\/wp-content\/uploads\/2024\/05\/o-cenario-da-fraude-no-ecommerce-brasileiro-clearsale-1-300x171.webp 300w, https:\/\/www.iset.com.br\/blog\/wp-content\/uploads\/2024\/05\/o-cenario-da-fraude-no-ecommerce-brasileiro-clearsale-1-1024x585.webp 1024w, https:\/\/www.iset.com.br\/blog\/wp-content\/uploads\/2024\/05\/o-cenario-da-fraude-no-ecommerce-brasileiro-clearsale-1-768x439.webp 768w, https:\/\/www.iset.com.br\/blog\/wp-content\/uploads\/2024\/05\/o-cenario-da-fraude-no-ecommerce-brasileiro-clearsale-1-1536x878.webp 1536w\" sizes=\"(max-width: 1792px) 100vw, 1792px\" \/>\t\t\t\t\t\t\t\t\t<div class=\"premium-banner-ib-desc\">\n\t\t\t\t\t\t\t\t\t<h2 class=\"premium-banner-ib-title premium_banner_title\">Combate \u00e0 Fraude no E-commerce Brasileiro: Guia Completo<\/h2>\t\t\t\t\t\t<div class=\"premium-banner-ib-content premium_banner_content\">\n\t\t\t\t\t\t\t<p>Clique aqui e aprenda como se manter \u00e0 frente dos fraudadores com o nosso e-book gratuito sobre fraudes no e-commerce brasileiro.<\/p>\t\t\t\t\t\t<\/div>\n\t\t\t\t\t\t\t\t\t\t\t\t\t\t\t\t\t<\/div>\n\t\t\t\t\t\t\t<a href=\"https:\/\/www.iset.com.br\/ebook\/guia-cenario-da-fraude-no-ecommerce-brasileiro.html\" target=\"_blank\" class=\"premium-banner-ib-link\"><\/a>\n\t\t\t\t\t<\/div>\n\n\t\t\t\t\t\t<\/div>\n\t\t\t\t<\/div>\n\t\t\t\t\t<\/div>\n\t\t<\/div>\n\t\t\t\t\t<\/div>\n\t\t<\/section>\n\t\t\t\t\t<\/div>\n\t\t<\/div>\n\t\t\t\t\t<\/div>\n\t\t<\/section>\n\t\t\t\t<section class=\"elementor-section elementor-top-section elementor-element elementor-element-35360a90 elementor-section-boxed elementor-section-height-default elementor-section-height-default\" data-id=\"35360a90\" data-element_type=\"section\" data-settings=\"{&quot;background_background&quot;:&quot;classic&quot;}\">\n\t\t\t\t\t\t<div class=\"elementor-container elementor-column-gap-default\">\n\t\t\t\t\t<div class=\"elementor-column elementor-col-100 elementor-top-column elementor-element elementor-element-198fcb76\" data-id=\"198fcb76\" data-element_type=\"column\">\n\t\t\t<div class=\"elementor-widget-wrap elementor-element-populated\">\n\t\t\t\t\t\t<div class=\"elementor-element elementor-element-3faa4418 elementor-invisible elementor-widget elementor-widget-heading\" data-id=\"3faa4418\" data-element_type=\"widget\" data-settings=\"{&quot;_animation&quot;:&quot;fadeInUp&quot;,&quot;_animation_delay&quot;:150}\" data-widget_type=\"heading.default\">\n\t\t\t\t<div class=\"elementor-widget-container\">\n\t\t\t\t\t<span class=\"elementor-heading-title elementor-size-default\">CATEGORIA<\/span>\t\t\t\t<\/div>\n\t\t\t\t<\/div>\n\t\t\t\t<div class=\"elementor-element elementor-element-7e5e2240 elementor-invisible elementor-widget elementor-widget-heading\" data-id=\"7e5e2240\" data-element_type=\"widget\" data-settings=\"{&quot;_animation&quot;:&quot;fadeInUp&quot;,&quot;_animation_delay&quot;:80}\" data-widget_type=\"heading.default\">\n\t\t\t\t<div class=\"elementor-widget-container\">\n\t\t\t\t\t<h2 class=\"elementor-heading-title elementor-size-default\">Redes Sociais<\/h2>\t\t\t\t<\/div>\n\t\t\t\t<\/div>\n\t\t\t\t<div class=\"elementor-element elementor-element-4dcc2f71 elementor-widget-divider--view-line_icon elementor-view-default elementor-widget-divider--element-align-center elementor-invisible elementor-widget elementor-widget-divider\" data-id=\"4dcc2f71\" data-element_type=\"widget\" data-settings=\"{&quot;_animation&quot;:&quot;fadeInUp&quot;,&quot;_animation_delay&quot;:80}\" data-widget_type=\"divider.default\">\n\t\t\t\t<div class=\"elementor-widget-container\">\n\t\t\t\t\t\t\t<div class=\"elementor-divider\">\n\t\t\t<span class=\"elementor-divider-separator\">\n\t\t\t\t\t\t\t<div class=\"elementor-icon elementor-divider__element\">\n\t\t\t\t\t<svg aria-hidden=\"true\" class=\"e-font-icon-svg e-fas-dot-circle\" viewBox=\"0 0 512 512\" xmlns=\"http:\/\/www.w3.org\/2000\/svg\"><path d=\"M256 8C119.033 8 8 119.033 8 256s111.033 248 248 248 248-111.033 248-248S392.967 8 256 8zm80 248c0 44.112-35.888 80-80 80s-80-35.888-80-80 35.888-80 80-80 80 35.888 80 80z\"><\/path><\/svg><\/div>\n\t\t\t\t\t\t<\/span>\n\t\t<\/div>\n\t\t\t\t\t\t<\/div>\n\t\t\t\t<\/div>\n\t\t\t\t<div class=\"elementor-element elementor-element-22b9f91 animated-slow premium-blog-align-left elementor-invisible elementor-widget elementor-widget-premium-addon-blog\" data-id=\"22b9f91\" data-element_type=\"widget\" data-settings=\"{&quot;force_height&quot;:&quot;true&quot;,&quot;_animation&quot;:&quot;fadeInUp&quot;,&quot;_animation_delay&quot;:80,&quot;premium_blog_columns_number&quot;:&quot;33.33%&quot;,&quot;premium_blog_carousel&quot;:&quot;yes&quot;,&quot;premium_blog_carousel_play&quot;:&quot;yes&quot;,&quot;premium_blog_grid&quot;:&quot;yes&quot;,&quot;premium_blog_layout&quot;:&quot;even&quot;,&quot;premium_blog_columns_number_tablet&quot;:&quot;50%&quot;,&quot;premium_blog_columns_number_mobile&quot;:&quot;100%&quot;,&quot;premium_blog_carousel_autoplay_speed&quot;:5000,&quot;carousel_speed&quot;:300,&quot;premium_blog_carousel_spacing&quot;:&quot;15&quot;,&quot;premium_blog_carousel_arrows&quot;:&quot;yes&quot;}\" data-widget_type=\"premium-addon-blog.default\">\n\t\t\t\t<div class=\"elementor-widget-container\">\n\t\t\t\t\t\n\t\t\t\t<div class=\"premium-blog-wrap  premium-blog-even premium-carousel-hidden\" data-page=\"54393\">\n\t\t\t\t\t<article class=\"premium-blog-post-outer-container\" data-total=\"8\">\r\n\t\t\t<div class=\"premium-blog-post-container premium-blog-skin-cards\">\r\n\t\t\t\t\t\t\t\t\t<div class=\"premium-blog-thumb-effect-wrapper\">\r\n\t\t\t\t\t\t<div class=\"premium-blog-thumbnail-container premium-blog-scale-effect\">\r\n\t\t\t\t\t\t\t\t\t\t\t<a href=\"https:\/\/www.iset.com.br\/blog\/dicas-essenciais-para-fidelizar-e-aumentar-as-vendas-no-dia-do-cliente\/\" target=\"_blank\">\r\n\t\t\t\t<img loading=\"lazy\" decoding=\"async\" width=\"1792\" height=\"1024\" src=\"https:\/\/www.iset.com.br\/blog\/wp-content\/uploads\/2025\/11\/img-3AJvJekwKgqmYVSkOC6Tolfo.png\" class=\"attachment-full size-full wp-image-56013\" alt=\"\" srcset=\"https:\/\/www.iset.com.br\/blog\/wp-content\/uploads\/2025\/11\/img-3AJvJekwKgqmYVSkOC6Tolfo.png 1792w, https:\/\/www.iset.com.br\/blog\/wp-content\/uploads\/2025\/11\/img-3AJvJekwKgqmYVSkOC6Tolfo-300x171.png 300w, https:\/\/www.iset.com.br\/blog\/wp-content\/uploads\/2025\/11\/img-3AJvJekwKgqmYVSkOC6Tolfo-1024x585.png 1024w, https:\/\/www.iset.com.br\/blog\/wp-content\/uploads\/2025\/11\/img-3AJvJekwKgqmYVSkOC6Tolfo-768x439.png 768w, https:\/\/www.iset.com.br\/blog\/wp-content\/uploads\/2025\/11\/img-3AJvJekwKgqmYVSkOC6Tolfo-1536x878.png 1536w\" sizes=\"(max-width: 1792px) 100vw, 1792px\" \/>\t\t\t\t<\/a>\r\n\t\t\t\t\t\t\t\t\t\t<\/div>\r\n\t\t\t\t\t\t\t\t\t\t\t\t\t<div class=\"premium-blog-effect-container premium-blog-diagonal-effect\">\r\n\t\t\t\t\t\t\t\t<a class=\"premium-blog-post-link\" href=\"https:\/\/www.iset.com.br\/blog\/dicas-essenciais-para-fidelizar-e-aumentar-as-vendas-no-dia-do-cliente\/\" target=\"_blank\"><span>Dicas Essenciais para Fidelizar e Aumentar as Vendas no Dia do Cliente<\/span><\/a>\r\n\t\t\t\t\t\t\t\t\t\t\t\t\t\t\t<\/div>\r\n\t\t\t\t\t\t\t\t\t\t\t<\/div>\r\n\t\t\t\t\t\t\t\t\t\t\t\t\t\t\t\t\t\t\t\t\t<div class=\"premium-blog-content-wrapper \">\r\n\r\n\t\t\t\t\t<div class=\"premium-blog-inner-container\">\r\n\r\n\t\t\t\t\t\t\t\t\t\t\t\t\t\t<h3 class=\"premium-blog-entry-title\">\r\n\t\t\t<a href=\"https:\/\/www.iset.com.br\/blog\/dicas-essenciais-para-fidelizar-e-aumentar-as-vendas-no-dia-do-cliente\/\" target=\"_blank\">\r\n\t\t\t\tDicas Essenciais para Fidelizar e Aumentar as Vendas no Dia do Cliente\t\t\t<\/a>\r\n\t\t<\/h3>\r\n\t\t\r\n\t\t\t\t\t<\/div>\r\n\r\n\t\t\t\t\t\t\t<div class=\"premium-blog-content-inner-wrapper premium-blog-content-inner-wrapper premium-blog-content-inner-wrapper\">\r\n\t\t<p class=\"premium-blog-post-content\">Preparando sua Loja Online para o Dia do Cliente Com a aproxima\u00e7\u00e3o do Dia do Cliente, sua loja online se encontra em uma posi\u00e7\u00e3o \u00fanica \u2026<\/p>\t\t<\/div>\r\n\t\t\t\t<div class=\"premium-blog-entry-meta\">\r\n\t\t\t\r\n\t\t\t\r\n\t\t\t\r\n\t\t\t\t\t<\/div>\r\n\t\t\t\t\t\t\t\r\n\t\t\t\t<\/div>\r\n\t\t\t<\/div>\r\n\t\t<\/article>\r\n\r\n\t\t\t\t<article class=\"premium-blog-post-outer-container\" data-total=\"8\">\r\n\t\t\t<div class=\"premium-blog-post-container premium-blog-skin-cards\">\r\n\t\t\t\t\t\t\t\t\t<div class=\"premium-blog-thumb-effect-wrapper\">\r\n\t\t\t\t\t\t<div class=\"premium-blog-thumbnail-container premium-blog-scale-effect\">\r\n\t\t\t\t\t\t\t\t\t\t\t<a href=\"https:\/\/www.iset.com.br\/blog\/como-aproveitar-o-dia-do-cliente-para-fidelizar-seus-consumidores-em-sua-loja-virtual\/\" target=\"_blank\">\r\n\t\t\t\t<img loading=\"lazy\" decoding=\"async\" width=\"1792\" height=\"1024\" src=\"https:\/\/www.iset.com.br\/blog\/wp-content\/uploads\/2025\/11\/img-3vkMRgoMu47blsZOW6o61IPD.png\" class=\"attachment-full size-full wp-image-56021\" alt=\"\" srcset=\"https:\/\/www.iset.com.br\/blog\/wp-content\/uploads\/2025\/11\/img-3vkMRgoMu47blsZOW6o61IPD.png 1792w, https:\/\/www.iset.com.br\/blog\/wp-content\/uploads\/2025\/11\/img-3vkMRgoMu47blsZOW6o61IPD-300x171.png 300w, https:\/\/www.iset.com.br\/blog\/wp-content\/uploads\/2025\/11\/img-3vkMRgoMu47blsZOW6o61IPD-1024x585.png 1024w, https:\/\/www.iset.com.br\/blog\/wp-content\/uploads\/2025\/11\/img-3vkMRgoMu47blsZOW6o61IPD-768x439.png 768w, https:\/\/www.iset.com.br\/blog\/wp-content\/uploads\/2025\/11\/img-3vkMRgoMu47blsZOW6o61IPD-1536x878.png 1536w\" sizes=\"(max-width: 1792px) 100vw, 1792px\" \/>\t\t\t\t<\/a>\r\n\t\t\t\t\t\t\t\t\t\t<\/div>\r\n\t\t\t\t\t\t\t\t\t\t\t\t\t<div class=\"premium-blog-effect-container premium-blog-diagonal-effect\">\r\n\t\t\t\t\t\t\t\t<a class=\"premium-blog-post-link\" href=\"https:\/\/www.iset.com.br\/blog\/como-aproveitar-o-dia-do-cliente-para-fidelizar-seus-consumidores-em-sua-loja-virtual\/\" target=\"_blank\"><span>Como Aproveitar o Dia do Cliente para Fidelizar Seus Consumidores em sua Loja Virtual<\/span><\/a>\r\n\t\t\t\t\t\t\t\t\t\t\t\t\t\t\t<\/div>\r\n\t\t\t\t\t\t\t\t\t\t\t<\/div>\r\n\t\t\t\t\t\t\t\t\t\t\t\t\t\t\t\t\t\t\t\t\t<div class=\"premium-blog-content-wrapper \">\r\n\r\n\t\t\t\t\t<div class=\"premium-blog-inner-container\">\r\n\r\n\t\t\t\t\t\t\t\t\t\t\t\t\t\t<h3 class=\"premium-blog-entry-title\">\r\n\t\t\t<a href=\"https:\/\/www.iset.com.br\/blog\/como-aproveitar-o-dia-do-cliente-para-fidelizar-seus-consumidores-em-sua-loja-virtual\/\" target=\"_blank\">\r\n\t\t\t\tComo Aproveitar o Dia do Cliente para Fidelizar Seus Consumidores em sua Loja Virtual\t\t\t<\/a>\r\n\t\t<\/h3>\r\n\t\t\r\n\t\t\t\t\t<\/div>\r\n\r\n\t\t\t\t\t\t\t<div class=\"premium-blog-content-inner-wrapper premium-blog-content-inner-wrapper premium-blog-content-inner-wrapper\">\r\n\t\t<p class=\"premium-blog-post-content\">Transforme o Dia do Cliente em uma Oportunidade de Fideliza\u00e7\u00e3o O Dia do Cliente \u00e9 mais do que apenas uma data no calend\u00e1rio; \u00e9 uma \u2026<\/p>\t\t<\/div>\r\n\t\t\t\t<div class=\"premium-blog-entry-meta\">\r\n\t\t\t\r\n\t\t\t\r\n\t\t\t\r\n\t\t\t\t\t<\/div>\r\n\t\t\t\t\t\t\t\r\n\t\t\t\t<\/div>\r\n\t\t\t<\/div>\r\n\t\t<\/article>\r\n\r\n\t\t\t\t<article class=\"premium-blog-post-outer-container\" data-total=\"8\">\r\n\t\t\t<div class=\"premium-blog-post-container premium-blog-skin-cards\">\r\n\t\t\t\t\t\t\t\t\t<div class=\"premium-blog-thumb-effect-wrapper\">\r\n\t\t\t\t\t\t<div class=\"premium-blog-thumbnail-container premium-blog-scale-effect\">\r\n\t\t\t\t\t\t\t\t\t\t\t<a href=\"https:\/\/www.iset.com.br\/blog\/como-montar-uma-loja-virtual-de-sucesso-dicas-praticas-para-o-dia-dos-pais\/\" target=\"_blank\">\r\n\t\t\t\t<img loading=\"lazy\" decoding=\"async\" width=\"1792\" height=\"1024\" src=\"https:\/\/www.iset.com.br\/blog\/wp-content\/uploads\/2025\/10\/img-esqtluZjk9g5l2wzPtai9Vhy.png\" class=\"attachment-full size-full wp-image-55987\" alt=\"\" srcset=\"https:\/\/www.iset.com.br\/blog\/wp-content\/uploads\/2025\/10\/img-esqtluZjk9g5l2wzPtai9Vhy.png 1792w, https:\/\/www.iset.com.br\/blog\/wp-content\/uploads\/2025\/10\/img-esqtluZjk9g5l2wzPtai9Vhy-300x171.png 300w, https:\/\/www.iset.com.br\/blog\/wp-content\/uploads\/2025\/10\/img-esqtluZjk9g5l2wzPtai9Vhy-1024x585.png 1024w, https:\/\/www.iset.com.br\/blog\/wp-content\/uploads\/2025\/10\/img-esqtluZjk9g5l2wzPtai9Vhy-768x439.png 768w, https:\/\/www.iset.com.br\/blog\/wp-content\/uploads\/2025\/10\/img-esqtluZjk9g5l2wzPtai9Vhy-1536x878.png 1536w\" sizes=\"(max-width: 1792px) 100vw, 1792px\" \/>\t\t\t\t<\/a>\r\n\t\t\t\t\t\t\t\t\t\t<\/div>\r\n\t\t\t\t\t\t\t\t\t\t\t\t\t<div class=\"premium-blog-effect-container premium-blog-diagonal-effect\">\r\n\t\t\t\t\t\t\t\t<a class=\"premium-blog-post-link\" href=\"https:\/\/www.iset.com.br\/blog\/como-montar-uma-loja-virtual-de-sucesso-dicas-praticas-para-o-dia-dos-pais\/\" target=\"_blank\"><span>Como Montar uma Loja Virtual de Sucesso: Dicas Pr\u00e1ticas para o Dia dos Pais<\/span><\/a>\r\n\t\t\t\t\t\t\t\t\t\t\t\t\t\t\t<\/div>\r\n\t\t\t\t\t\t\t\t\t\t\t<\/div>\r\n\t\t\t\t\t\t\t\t\t\t\t\t\t\t\t\t\t\t\t\t\t<div class=\"premium-blog-content-wrapper \">\r\n\r\n\t\t\t\t\t<div class=\"premium-blog-inner-container\">\r\n\r\n\t\t\t\t\t\t\t\t\t\t\t\t\t\t<h3 class=\"premium-blog-entry-title\">\r\n\t\t\t<a href=\"https:\/\/www.iset.com.br\/blog\/como-montar-uma-loja-virtual-de-sucesso-dicas-praticas-para-o-dia-dos-pais\/\" target=\"_blank\">\r\n\t\t\t\tComo Montar uma Loja Virtual de Sucesso: Dicas Pr\u00e1ticas para o Dia dos Pais\t\t\t<\/a>\r\n\t\t<\/h3>\r\n\t\t\r\n\t\t\t\t\t<\/div>\r\n\r\n\t\t\t\t\t\t\t<div class=\"premium-blog-content-inner-wrapper\">\r\n\t\t<p class=\"premium-blog-post-content\">Como Montar uma Loja Virtual de Sucesso para o Dia dos Pais O Dia dos Pais \u00e9 uma das datas mais esperadas para o com\u00e9rcio, \u2026<\/p>\t\t<\/div>\r\n\t\t\t\t<div class=\"premium-blog-entry-meta\">\r\n\t\t\t\r\n\t\t\t\r\n\t\t\t\r\n\t\t\t\t\t<\/div>\r\n\t\t\t\t\t\t\t\r\n\t\t\t\t<\/div>\r\n\t\t\t<\/div>\r\n\t\t<\/article>\r\n\r\n\t\t\t\t<article class=\"premium-blog-post-outer-container\" data-total=\"8\">\r\n\t\t\t<div class=\"premium-blog-post-container premium-blog-skin-cards\">\r\n\t\t\t\t\t\t\t\t\t<div class=\"premium-blog-thumb-effect-wrapper\">\r\n\t\t\t\t\t\t<div class=\"premium-blog-thumbnail-container premium-blog-scale-effect\">\r\n\t\t\t\t\t\t\t\t\t\t\t<a href=\"https:\/\/www.iset.com.br\/blog\/aumente-suas-vendas-com-as-melhores-estrategias-de-e-commerce-para-o-dia-dos-pais\/\" target=\"_blank\">\r\n\t\t\t\t<img loading=\"lazy\" decoding=\"async\" width=\"1792\" height=\"1024\" src=\"https:\/\/www.iset.com.br\/blog\/wp-content\/uploads\/2025\/10\/img-UW1aUBx6Xz9t9fuTaQOAjeA3.png\" class=\"attachment-full size-full wp-image-55999\" alt=\"\" srcset=\"https:\/\/www.iset.com.br\/blog\/wp-content\/uploads\/2025\/10\/img-UW1aUBx6Xz9t9fuTaQOAjeA3.png 1792w, https:\/\/www.iset.com.br\/blog\/wp-content\/uploads\/2025\/10\/img-UW1aUBx6Xz9t9fuTaQOAjeA3-300x171.png 300w, https:\/\/www.iset.com.br\/blog\/wp-content\/uploads\/2025\/10\/img-UW1aUBx6Xz9t9fuTaQOAjeA3-1024x585.png 1024w, https:\/\/www.iset.com.br\/blog\/wp-content\/uploads\/2025\/10\/img-UW1aUBx6Xz9t9fuTaQOAjeA3-768x439.png 768w, https:\/\/www.iset.com.br\/blog\/wp-content\/uploads\/2025\/10\/img-UW1aUBx6Xz9t9fuTaQOAjeA3-1536x878.png 1536w\" sizes=\"(max-width: 1792px) 100vw, 1792px\" \/>\t\t\t\t<\/a>\r\n\t\t\t\t\t\t\t\t\t\t<\/div>\r\n\t\t\t\t\t\t\t\t\t\t\t\t\t<div class=\"premium-blog-effect-container premium-blog-diagonal-effect\">\r\n\t\t\t\t\t\t\t\t<a class=\"premium-blog-post-link\" href=\"https:\/\/www.iset.com.br\/blog\/aumente-suas-vendas-com-as-melhores-estrategias-de-e-commerce-para-o-dia-dos-pais\/\" target=\"_blank\"><span>Aumente suas Vendas com as Melhores Estrat\u00e9gias de E-commerce Para o Dia dos Pais<\/span><\/a>\r\n\t\t\t\t\t\t\t\t\t\t\t\t\t\t\t<\/div>\r\n\t\t\t\t\t\t\t\t\t\t\t<\/div>\r\n\t\t\t\t\t\t\t\t\t\t\t\t\t\t\t\t\t\t\t\t\t<div class=\"premium-blog-content-wrapper \">\r\n\r\n\t\t\t\t\t<div class=\"premium-blog-inner-container\">\r\n\r\n\t\t\t\t\t\t\t\t\t\t\t\t\t\t<h3 class=\"premium-blog-entry-title\">\r\n\t\t\t<a href=\"https:\/\/www.iset.com.br\/blog\/aumente-suas-vendas-com-as-melhores-estrategias-de-e-commerce-para-o-dia-dos-pais\/\" target=\"_blank\">\r\n\t\t\t\tAumente suas Vendas com as Melhores Estrat\u00e9gias de E-commerce Para o Dia dos Pais\t\t\t<\/a>\r\n\t\t<\/h3>\r\n\t\t\r\n\t\t\t\t\t<\/div>\r\n\r\n\t\t\t\t\t\t\t<div class=\"premium-blog-content-inner-wrapper premium-blog-content-inner-wrapper\">\r\n\t\t<p class=\"premium-blog-post-content\">Introdu\u00e7\u00e3o O Dia dos Pais \u00e9 uma das datas mais esperadas do calend\u00e1rio comercial, movimentando milhares de vendas e servindo como um momento especial para \u2026<\/p>\t\t<\/div>\r\n\t\t\t\t<div class=\"premium-blog-entry-meta\">\r\n\t\t\t\r\n\t\t\t\r\n\t\t\t\r\n\t\t\t\t\t<\/div>\r\n\t\t\t\t\t\t\t\r\n\t\t\t\t<\/div>\r\n\t\t\t<\/div>\r\n\t\t<\/article>\r\n\r\n\t\t\t\t<article class=\"premium-blog-post-outer-container\" data-total=\"8\">\r\n\t\t\t<div class=\"premium-blog-post-container premium-blog-skin-cards\">\r\n\t\t\t\t\t\t\t\t\t<div class=\"premium-blog-thumb-effect-wrapper\">\r\n\t\t\t\t\t\t<div class=\"premium-blog-thumbnail-container premium-blog-scale-effect\">\r\n\t\t\t\t\t\t\t\t\t\t\t<a href=\"https:\/\/www.iset.com.br\/blog\/aumente-suas-vendas-estrategias-de-e-commerce-para-o-dia-dos-pais\/\" target=\"_blank\">\r\n\t\t\t\t<img loading=\"lazy\" decoding=\"async\" width=\"1792\" height=\"1024\" src=\"https:\/\/www.iset.com.br\/blog\/wp-content\/uploads\/2025\/09\/img-tHeZlDWKKYLrFXUIWLA1PbPM.png\" class=\"attachment-full size-full wp-image-55974\" alt=\"\" srcset=\"https:\/\/www.iset.com.br\/blog\/wp-content\/uploads\/2025\/09\/img-tHeZlDWKKYLrFXUIWLA1PbPM.png 1792w, https:\/\/www.iset.com.br\/blog\/wp-content\/uploads\/2025\/09\/img-tHeZlDWKKYLrFXUIWLA1PbPM-300x171.png 300w, https:\/\/www.iset.com.br\/blog\/wp-content\/uploads\/2025\/09\/img-tHeZlDWKKYLrFXUIWLA1PbPM-1024x585.png 1024w, https:\/\/www.iset.com.br\/blog\/wp-content\/uploads\/2025\/09\/img-tHeZlDWKKYLrFXUIWLA1PbPM-768x439.png 768w, https:\/\/www.iset.com.br\/blog\/wp-content\/uploads\/2025\/09\/img-tHeZlDWKKYLrFXUIWLA1PbPM-1536x878.png 1536w\" sizes=\"(max-width: 1792px) 100vw, 1792px\" \/>\t\t\t\t<\/a>\r\n\t\t\t\t\t\t\t\t\t\t<\/div>\r\n\t\t\t\t\t\t\t\t\t\t\t\t\t<div class=\"premium-blog-effect-container premium-blog-diagonal-effect\">\r\n\t\t\t\t\t\t\t\t<a class=\"premium-blog-post-link\" href=\"https:\/\/www.iset.com.br\/blog\/aumente-suas-vendas-estrategias-de-e-commerce-para-o-dia-dos-pais\/\" target=\"_blank\"><span>Aumente suas Vendas: Estrat\u00e9gias de E-commerce para o Dia dos Pais<\/span><\/a>\r\n\t\t\t\t\t\t\t\t\t\t\t\t\t\t\t<\/div>\r\n\t\t\t\t\t\t\t\t\t\t\t<\/div>\r\n\t\t\t\t\t\t\t\t\t\t\t\t\t\t\t\t\t\t\t\t\t<div class=\"premium-blog-content-wrapper \">\r\n\r\n\t\t\t\t\t<div class=\"premium-blog-inner-container\">\r\n\r\n\t\t\t\t\t\t\t\t\t\t\t\t\t\t<h3 class=\"premium-blog-entry-title\">\r\n\t\t\t<a href=\"https:\/\/www.iset.com.br\/blog\/aumente-suas-vendas-estrategias-de-e-commerce-para-o-dia-dos-pais\/\" target=\"_blank\">\r\n\t\t\t\tAumente suas Vendas: Estrat\u00e9gias de E-commerce para o Dia dos Pais\t\t\t<\/a>\r\n\t\t<\/h3>\r\n\t\t\r\n\t\t\t\t\t<\/div>\r\n\r\n\t\t\t\t\t\t\t<div class=\"premium-blog-content-inner-wrapper\">\r\n\t\t<p class=\"premium-blog-post-content\">Oportunidade de Ouro: O Dia dos Pais no E-commerce O Dia dos Pais \u00e9 mais do que uma simples data comemorativa; \u00e9 uma oportunidade de \u2026<\/p>\t\t<\/div>\r\n\t\t\t\t<div class=\"premium-blog-entry-meta\">\r\n\t\t\t\r\n\t\t\t\r\n\t\t\t\r\n\t\t\t\t\t<\/div>\r\n\t\t\t\t\t\t\t\r\n\t\t\t\t<\/div>\r\n\t\t\t<\/div>\r\n\t\t<\/article>\r\n\r\n\t\t\t\t<article class=\"premium-blog-post-outer-container\" data-total=\"8\">\r\n\t\t\t<div class=\"premium-blog-post-container premium-blog-skin-cards\">\r\n\t\t\t\t\t\t\t\t\t<div class=\"premium-blog-thumb-effect-wrapper\">\r\n\t\t\t\t\t\t<div class=\"premium-blog-thumbnail-container premium-blog-scale-effect\">\r\n\t\t\t\t\t\t\t\t\t\t\t<a href=\"https:\/\/www.iset.com.br\/blog\/aproveite-as-ferias-de-julho-para-aumentar-suas-vendas-online-estrategias-eficazes\/\" target=\"_blank\">\r\n\t\t\t\t<img loading=\"lazy\" decoding=\"async\" width=\"1792\" height=\"1024\" src=\"https:\/\/www.iset.com.br\/blog\/wp-content\/uploads\/2025\/07\/img-e8XZNSdDCA9vXTx55Txw55r2.png\" class=\"attachment-full size-full wp-image-55953\" alt=\"\" srcset=\"https:\/\/www.iset.com.br\/blog\/wp-content\/uploads\/2025\/07\/img-e8XZNSdDCA9vXTx55Txw55r2.png 1792w, https:\/\/www.iset.com.br\/blog\/wp-content\/uploads\/2025\/07\/img-e8XZNSdDCA9vXTx55Txw55r2-300x171.png 300w, https:\/\/www.iset.com.br\/blog\/wp-content\/uploads\/2025\/07\/img-e8XZNSdDCA9vXTx55Txw55r2-1024x585.png 1024w, https:\/\/www.iset.com.br\/blog\/wp-content\/uploads\/2025\/07\/img-e8XZNSdDCA9vXTx55Txw55r2-768x439.png 768w, https:\/\/www.iset.com.br\/blog\/wp-content\/uploads\/2025\/07\/img-e8XZNSdDCA9vXTx55Txw55r2-1536x878.png 1536w\" sizes=\"(max-width: 1792px) 100vw, 1792px\" \/>\t\t\t\t<\/a>\r\n\t\t\t\t\t\t\t\t\t\t<\/div>\r\n\t\t\t\t\t\t\t\t\t\t\t\t\t<div class=\"premium-blog-effect-container premium-blog-diagonal-effect\">\r\n\t\t\t\t\t\t\t\t<a class=\"premium-blog-post-link\" href=\"https:\/\/www.iset.com.br\/blog\/aproveite-as-ferias-de-julho-para-aumentar-suas-vendas-online-estrategias-eficazes\/\" target=\"_blank\"><span>Aproveite as F\u00e9rias de Julho para Aumentar suas Vendas Online: Estrat\u00e9gias Eficazes<\/span><\/a>\r\n\t\t\t\t\t\t\t\t\t\t\t\t\t\t\t<\/div>\r\n\t\t\t\t\t\t\t\t\t\t\t<\/div>\r\n\t\t\t\t\t\t\t\t\t\t\t\t\t\t\t\t\t\t\t\t\t<div class=\"premium-blog-content-wrapper \">\r\n\r\n\t\t\t\t\t<div class=\"premium-blog-inner-container\">\r\n\r\n\t\t\t\t\t\t\t\t\t\t\t\t\t\t<h3 class=\"premium-blog-entry-title\">\r\n\t\t\t<a href=\"https:\/\/www.iset.com.br\/blog\/aproveite-as-ferias-de-julho-para-aumentar-suas-vendas-online-estrategias-eficazes\/\" target=\"_blank\">\r\n\t\t\t\tAproveite as F\u00e9rias de Julho para Aumentar suas Vendas Online: Estrat\u00e9gias Eficazes\t\t\t<\/a>\r\n\t\t<\/h3>\r\n\t\t\r\n\t\t\t\t\t<\/div>\r\n\r\n\t\t\t\t\t\t\t<div class=\"premium-blog-content-inner-wrapper\">\r\n\t\t<p class=\"premium-blog-post-content\">Introdu\u00e7\u00e3o Julho \u00e9 um dos meses mais aguardados para as vendas online, especialmente por coincidir com as f\u00e9rias escolares. Este per\u00edodo representa uma oportunidade \u00fanica \u2026<\/p>\t\t<\/div>\r\n\t\t\t\t<div class=\"premium-blog-entry-meta\">\r\n\t\t\t\r\n\t\t\t\r\n\t\t\t\r\n\t\t\t\t\t<\/div>\r\n\t\t\t\t\t\t\t\r\n\t\t\t\t<\/div>\r\n\t\t\t<\/div>\r\n\t\t<\/article>\r\n\r\n\t\t\t\t<article class=\"premium-blog-post-outer-container\" data-total=\"8\">\r\n\t\t\t<div class=\"premium-blog-post-container premium-blog-skin-cards\">\r\n\t\t\t\t\t\t\t\t\t<div class=\"premium-blog-thumb-effect-wrapper\">\r\n\t\t\t\t\t\t<div class=\"premium-blog-thumbnail-container premium-blog-scale-effect\">\r\n\t\t\t\t\t\t\t\t\t\t\t<a href=\"https:\/\/www.iset.com.br\/blog\/como-comemorar-o-dia-do-amigo-20-de-julho-com-sua-loja-online-dicas-de-marketing-e-vendas\/\" target=\"_blank\">\r\n\t\t\t\t<img loading=\"lazy\" decoding=\"async\" width=\"1792\" height=\"1024\" src=\"https:\/\/www.iset.com.br\/blog\/wp-content\/uploads\/2025\/06\/img-SRJINNC5kBYplefpUqhJK6o9.png\" class=\"attachment-full size-full wp-image-55864\" alt=\"\" srcset=\"https:\/\/www.iset.com.br\/blog\/wp-content\/uploads\/2025\/06\/img-SRJINNC5kBYplefpUqhJK6o9.png 1792w, https:\/\/www.iset.com.br\/blog\/wp-content\/uploads\/2025\/06\/img-SRJINNC5kBYplefpUqhJK6o9-300x171.png 300w, https:\/\/www.iset.com.br\/blog\/wp-content\/uploads\/2025\/06\/img-SRJINNC5kBYplefpUqhJK6o9-1024x585.png 1024w, https:\/\/www.iset.com.br\/blog\/wp-content\/uploads\/2025\/06\/img-SRJINNC5kBYplefpUqhJK6o9-768x439.png 768w, https:\/\/www.iset.com.br\/blog\/wp-content\/uploads\/2025\/06\/img-SRJINNC5kBYplefpUqhJK6o9-1536x878.png 1536w\" sizes=\"(max-width: 1792px) 100vw, 1792px\" \/>\t\t\t\t<\/a>\r\n\t\t\t\t\t\t\t\t\t\t<\/div>\r\n\t\t\t\t\t\t\t\t\t\t\t\t\t<div class=\"premium-blog-effect-container premium-blog-diagonal-effect\">\r\n\t\t\t\t\t\t\t\t<a class=\"premium-blog-post-link\" href=\"https:\/\/www.iset.com.br\/blog\/como-comemorar-o-dia-do-amigo-20-de-julho-com-sua-loja-online-dicas-de-marketing-e-vendas\/\" target=\"_blank\"><span>Como Comemorar o Dia do Amigo (20 de Julho) com sua Loja Online: Dicas de Marketing e Vendas<\/span><\/a>\r\n\t\t\t\t\t\t\t\t\t\t\t\t\t\t\t<\/div>\r\n\t\t\t\t\t\t\t\t\t\t\t<\/div>\r\n\t\t\t\t\t\t\t\t\t\t\t\t\t\t\t\t\t\t\t\t\t<div class=\"premium-blog-content-wrapper \">\r\n\r\n\t\t\t\t\t<div class=\"premium-blog-inner-container\">\r\n\r\n\t\t\t\t\t\t\t\t\t\t\t\t\t\t<h3 class=\"premium-blog-entry-title\">\r\n\t\t\t<a href=\"https:\/\/www.iset.com.br\/blog\/como-comemorar-o-dia-do-amigo-20-de-julho-com-sua-loja-online-dicas-de-marketing-e-vendas\/\" target=\"_blank\">\r\n\t\t\t\tComo Comemorar o Dia do Amigo (20 de Julho) com sua Loja Online: Dicas de Marketing e Vendas\t\t\t<\/a>\r\n\t\t<\/h3>\r\n\t\t\r\n\t\t\t\t\t<\/div>\r\n\r\n\t\t\t\t\t\t\t<div class=\"premium-blog-content-inner-wrapper\">\r\n\t\t<p class=\"premium-blog-post-content\">Comemore o Dia do Amigo com Sua Loja Online O Dia do Amigo \u00e9 uma oportunidade \u00fanica para engajar seus clientes e impulsionar suas vendas. \u2026<\/p>\t\t<\/div>\r\n\t\t\t\t<div class=\"premium-blog-entry-meta\">\r\n\t\t\t\r\n\t\t\t\r\n\t\t\t\r\n\t\t\t\t\t<\/div>\r\n\t\t\t\t\t\t\t\r\n\t\t\t\t<\/div>\r\n\t\t\t<\/div>\r\n\t\t<\/article>\r\n\r\n\t\t\t\t<article class=\"premium-blog-post-outer-container\" data-total=\"8\">\r\n\t\t\t<div class=\"premium-blog-post-container premium-blog-skin-cards\">\r\n\t\t\t\t\t\t\t\t\t<div class=\"premium-blog-thumb-effect-wrapper\">\r\n\t\t\t\t\t\t<div class=\"premium-blog-thumbnail-container premium-blog-scale-effect\">\r\n\t\t\t\t\t\t\t\t\t\t\t<a href=\"https:\/\/www.iset.com.br\/blog\/como-aproveitar-as-ferias-escolares-para-impulsionar-suas-vendas-online\/\" target=\"_blank\">\r\n\t\t\t\t<img loading=\"lazy\" decoding=\"async\" width=\"1792\" height=\"1024\" src=\"https:\/\/www.iset.com.br\/blog\/wp-content\/uploads\/2025\/05\/img-kGqmTV7apkSDNHFxP6YFrwHH.png\" class=\"attachment-full size-full wp-image-55817\" alt=\"\" srcset=\"https:\/\/www.iset.com.br\/blog\/wp-content\/uploads\/2025\/05\/img-kGqmTV7apkSDNHFxP6YFrwHH.png 1792w, https:\/\/www.iset.com.br\/blog\/wp-content\/uploads\/2025\/05\/img-kGqmTV7apkSDNHFxP6YFrwHH-300x171.png 300w, https:\/\/www.iset.com.br\/blog\/wp-content\/uploads\/2025\/05\/img-kGqmTV7apkSDNHFxP6YFrwHH-1024x585.png 1024w, https:\/\/www.iset.com.br\/blog\/wp-content\/uploads\/2025\/05\/img-kGqmTV7apkSDNHFxP6YFrwHH-768x439.png 768w, https:\/\/www.iset.com.br\/blog\/wp-content\/uploads\/2025\/05\/img-kGqmTV7apkSDNHFxP6YFrwHH-1536x878.png 1536w\" sizes=\"(max-width: 1792px) 100vw, 1792px\" \/>\t\t\t\t<\/a>\r\n\t\t\t\t\t\t\t\t\t\t<\/div>\r\n\t\t\t\t\t\t\t\t\t\t\t\t\t<div class=\"premium-blog-effect-container premium-blog-diagonal-effect\">\r\n\t\t\t\t\t\t\t\t<a class=\"premium-blog-post-link\" href=\"https:\/\/www.iset.com.br\/blog\/como-aproveitar-as-ferias-escolares-para-impulsionar-suas-vendas-online\/\" target=\"_blank\"><span>Como Aproveitar as F\u00e9rias Escolares para Impulsionar suas Vendas Online<\/span><\/a>\r\n\t\t\t\t\t\t\t\t\t\t\t\t\t\t\t<\/div>\r\n\t\t\t\t\t\t\t\t\t\t\t<\/div>\r\n\t\t\t\t\t\t\t\t\t\t\t\t\t\t\t\t\t\t\t\t\t<div class=\"premium-blog-content-wrapper \">\r\n\r\n\t\t\t\t\t<div class=\"premium-blog-inner-container\">\r\n\r\n\t\t\t\t\t\t\t\t\t\t\t\t\t\t<h3 class=\"premium-blog-entry-title\">\r\n\t\t\t<a href=\"https:\/\/www.iset.com.br\/blog\/como-aproveitar-as-ferias-escolares-para-impulsionar-suas-vendas-online\/\" target=\"_blank\">\r\n\t\t\t\tComo Aproveitar as F\u00e9rias Escolares para Impulsionar suas Vendas Online\t\t\t<\/a>\r\n\t\t<\/h3>\r\n\t\t\r\n\t\t\t\t\t<\/div>\r\n\r\n\t\t\t\t\t\t\t<div class=\"premium-blog-content-inner-wrapper\">\r\n\t\t<p class=\"premium-blog-post-content\">Introdu\u00e7\u00e3o As f\u00e9rias escolares representam uma oportunidade \u00fanica para empreendedores de e-commerce aumentarem suas vendas. \u00c9 o momento em que os pais buscam produtos que \u2026<\/p>\t\t<\/div>\r\n\t\t\t\t<div class=\"premium-blog-entry-meta\">\r\n\t\t\t\r\n\t\t\t\r\n\t\t\t\r\n\t\t\t\t\t<\/div>\r\n\t\t\t\t\t\t\t\r\n\t\t\t\t<\/div>\r\n\t\t\t<\/div>\r\n\t\t<\/article>\r\n\r\n\t\t\t\t<article class=\"premium-blog-post-outer-container\" data-total=\"8\">\r\n\t\t\t<div class=\"premium-blog-post-container premium-blog-skin-cards\">\r\n\t\t\t\t\t\t\t\t\t<div class=\"premium-blog-thumb-effect-wrapper\">\r\n\t\t\t\t\t\t<div class=\"premium-blog-thumbnail-container premium-blog-scale-effect\">\r\n\t\t\t\t\t\t\t\t\t\t\t<a href=\"https:\/\/www.iset.com.br\/blog\/5-dicas-infaliveis-para-aumentar-suas-vendas-online-no-dia-das-maes\/\" target=\"_blank\">\r\n\t\t\t\t<img loading=\"lazy\" decoding=\"async\" width=\"1792\" height=\"1024\" src=\"https:\/\/www.iset.com.br\/blog\/wp-content\/uploads\/2025\/04\/img-X6D71i8b9jWv77sCp7nxpAI9.png\" class=\"attachment-full size-full wp-image-55775\" alt=\"\" srcset=\"https:\/\/www.iset.com.br\/blog\/wp-content\/uploads\/2025\/04\/img-X6D71i8b9jWv77sCp7nxpAI9.png 1792w, https:\/\/www.iset.com.br\/blog\/wp-content\/uploads\/2025\/04\/img-X6D71i8b9jWv77sCp7nxpAI9-300x171.png 300w, https:\/\/www.iset.com.br\/blog\/wp-content\/uploads\/2025\/04\/img-X6D71i8b9jWv77sCp7nxpAI9-1024x585.png 1024w, https:\/\/www.iset.com.br\/blog\/wp-content\/uploads\/2025\/04\/img-X6D71i8b9jWv77sCp7nxpAI9-768x439.png 768w, https:\/\/www.iset.com.br\/blog\/wp-content\/uploads\/2025\/04\/img-X6D71i8b9jWv77sCp7nxpAI9-1536x878.png 1536w\" sizes=\"(max-width: 1792px) 100vw, 1792px\" \/>\t\t\t\t<\/a>\r\n\t\t\t\t\t\t\t\t\t\t<\/div>\r\n\t\t\t\t\t\t\t\t\t\t\t\t\t<div class=\"premium-blog-effect-container premium-blog-diagonal-effect\">\r\n\t\t\t\t\t\t\t\t<a class=\"premium-blog-post-link\" href=\"https:\/\/www.iset.com.br\/blog\/5-dicas-infaliveis-para-aumentar-suas-vendas-online-no-dia-das-maes\/\" target=\"_blank\"><span>5 Dicas Infal\u00edveis para Aumentar suas Vendas Online no Dia das M\u00e3es<\/span><\/a>\r\n\t\t\t\t\t\t\t\t\t\t\t\t\t\t\t<\/div>\r\n\t\t\t\t\t\t\t\t\t\t\t<\/div>\r\n\t\t\t\t\t\t\t\t\t\t\t\t\t\t\t\t\t\t\t\t\t<div class=\"premium-blog-content-wrapper \">\r\n\r\n\t\t\t\t\t<div class=\"premium-blog-inner-container\">\r\n\r\n\t\t\t\t\t\t\t\t\t\t\t\t\t\t<h3 class=\"premium-blog-entry-title\">\r\n\t\t\t<a href=\"https:\/\/www.iset.com.br\/blog\/5-dicas-infaliveis-para-aumentar-suas-vendas-online-no-dia-das-maes\/\" target=\"_blank\">\r\n\t\t\t\t5 Dicas Infal\u00edveis para Aumentar suas Vendas Online no Dia das M\u00e3es\t\t\t<\/a>\r\n\t\t<\/h3>\r\n\t\t\r\n\t\t\t\t\t<\/div>\r\n\r\n\t\t\t\t\t\t\t<div class=\"premium-blog-content-inner-wrapper\">\r\n\t\t<p class=\"premium-blog-post-content\">Introdu\u00e7\u00e3o O Dia das M\u00e3es \u00e9 mais do que uma simples data no calend\u00e1rio; \u00e9 uma oportunidade para os comerciantes se conectarem emocionalmente com seus \u2026<\/p>\t\t<\/div>\r\n\t\t\t\t<div class=\"premium-blog-entry-meta\">\r\n\t\t\t\r\n\t\t\t\r\n\t\t\t\r\n\t\t\t\t\t<\/div>\r\n\t\t\t\t\t\t\t\r\n\t\t\t\t<\/div>\r\n\t\t\t<\/div>\r\n\t\t<\/article>\r\n\r\n\t\t\t\t<article class=\"premium-blog-post-outer-container\" data-total=\"8\">\r\n\t\t\t<div class=\"premium-blog-post-container premium-blog-skin-cards\">\r\n\t\t\t\t\t\t\t\t\t<div class=\"premium-blog-thumb-effect-wrapper\">\r\n\t\t\t\t\t\t<div class=\"premium-blog-thumbnail-container premium-blog-scale-effect\">\r\n\t\t\t\t\t\t\t\t\t\t\t<a href=\"https:\/\/www.iset.com.br\/blog\/como-aumentar-suas-vendas-online-no-dia-dos-namorados-com-presentes-incriveis\/\" target=\"_blank\">\r\n\t\t\t\t<img loading=\"lazy\" decoding=\"async\" width=\"1792\" height=\"1024\" src=\"https:\/\/www.iset.com.br\/blog\/wp-content\/uploads\/2025\/04\/img-qbcvAW10D2IpxmW3geOAM9S9.png\" class=\"attachment-full size-full wp-image-55800\" alt=\"\" srcset=\"https:\/\/www.iset.com.br\/blog\/wp-content\/uploads\/2025\/04\/img-qbcvAW10D2IpxmW3geOAM9S9.png 1792w, https:\/\/www.iset.com.br\/blog\/wp-content\/uploads\/2025\/04\/img-qbcvAW10D2IpxmW3geOAM9S9-300x171.png 300w, https:\/\/www.iset.com.br\/blog\/wp-content\/uploads\/2025\/04\/img-qbcvAW10D2IpxmW3geOAM9S9-1024x585.png 1024w, https:\/\/www.iset.com.br\/blog\/wp-content\/uploads\/2025\/04\/img-qbcvAW10D2IpxmW3geOAM9S9-768x439.png 768w, https:\/\/www.iset.com.br\/blog\/wp-content\/uploads\/2025\/04\/img-qbcvAW10D2IpxmW3geOAM9S9-1536x878.png 1536w\" sizes=\"(max-width: 1792px) 100vw, 1792px\" \/>\t\t\t\t<\/a>\r\n\t\t\t\t\t\t\t\t\t\t<\/div>\r\n\t\t\t\t\t\t\t\t\t\t\t\t\t<div class=\"premium-blog-effect-container premium-blog-diagonal-effect\">\r\n\t\t\t\t\t\t\t\t<a class=\"premium-blog-post-link\" href=\"https:\/\/www.iset.com.br\/blog\/como-aumentar-suas-vendas-online-no-dia-dos-namorados-com-presentes-incriveis\/\" target=\"_blank\"><span>Como Aumentar Suas Vendas Online no Dia dos Namorados com Presentes Incr\u00edveis<\/span><\/a>\r\n\t\t\t\t\t\t\t\t\t\t\t\t\t\t\t<\/div>\r\n\t\t\t\t\t\t\t\t\t\t\t<\/div>\r\n\t\t\t\t\t\t\t\t\t\t\t\t\t\t\t\t\t\t\t\t\t<div class=\"premium-blog-content-wrapper \">\r\n\r\n\t\t\t\t\t<div class=\"premium-blog-inner-container\">\r\n\r\n\t\t\t\t\t\t\t\t\t\t\t\t\t\t<h3 class=\"premium-blog-entry-title\">\r\n\t\t\t<a href=\"https:\/\/www.iset.com.br\/blog\/como-aumentar-suas-vendas-online-no-dia-dos-namorados-com-presentes-incriveis\/\" target=\"_blank\">\r\n\t\t\t\tComo Aumentar Suas Vendas Online no Dia dos Namorados com Presentes Incr\u00edveis\t\t\t<\/a>\r\n\t\t<\/h3>\r\n\t\t\r\n\t\t\t\t\t<\/div>\r\n\r\n\t\t\t\t\t\t\t<div class=\"premium-blog-content-inner-wrapper\">\r\n\t\t<p class=\"premium-blog-post-content\">Desperte o Amor com Presentes Incr\u00edveis! O Dia dos Namorados \u00e9 muito mais do que uma simples data no calend\u00e1rio; \u00e9 uma oportunidade \u00fanica de \u2026<\/p>\t\t<\/div>\r\n\t\t\t\t<div class=\"premium-blog-entry-meta\">\r\n\t\t\t\r\n\t\t\t\r\n\t\t\t\r\n\t\t\t\t\t<\/div>\r\n\t\t\t\t\t\t\t\r\n\t\t\t\t<\/div>\r\n\t\t\t<\/div>\r\n\t\t<\/article>\r\n\r\n\t\t\t\t<article class=\"premium-blog-post-outer-container\" data-total=\"8\">\r\n\t\t\t<div class=\"premium-blog-post-container premium-blog-skin-cards\">\r\n\t\t\t\t\t\t\t\t\t<div class=\"premium-blog-thumb-effect-wrapper\">\r\n\t\t\t\t\t\t<div class=\"premium-blog-thumbnail-container premium-blog-scale-effect\">\r\n\t\t\t\t\t\t\t\t\t\t\t<a href=\"https:\/\/www.iset.com.br\/blog\/como-aproveitar-o-dia-dos-namorados-para-aumentar-suas-vendas-online\/\" target=\"_blank\">\r\n\t\t\t\t<img loading=\"lazy\" decoding=\"async\" width=\"1792\" height=\"1024\" src=\"https:\/\/www.iset.com.br\/blog\/wp-content\/uploads\/2025\/04\/img-6QOKowlN6lzTxjnxDsDm0lkh.png\" class=\"attachment-full size-full wp-image-55802\" alt=\"\" srcset=\"https:\/\/www.iset.com.br\/blog\/wp-content\/uploads\/2025\/04\/img-6QOKowlN6lzTxjnxDsDm0lkh.png 1792w, https:\/\/www.iset.com.br\/blog\/wp-content\/uploads\/2025\/04\/img-6QOKowlN6lzTxjnxDsDm0lkh-300x171.png 300w, https:\/\/www.iset.com.br\/blog\/wp-content\/uploads\/2025\/04\/img-6QOKowlN6lzTxjnxDsDm0lkh-1024x585.png 1024w, https:\/\/www.iset.com.br\/blog\/wp-content\/uploads\/2025\/04\/img-6QOKowlN6lzTxjnxDsDm0lkh-768x439.png 768w, https:\/\/www.iset.com.br\/blog\/wp-content\/uploads\/2025\/04\/img-6QOKowlN6lzTxjnxDsDm0lkh-1536x878.png 1536w\" sizes=\"(max-width: 1792px) 100vw, 1792px\" \/>\t\t\t\t<\/a>\r\n\t\t\t\t\t\t\t\t\t\t<\/div>\r\n\t\t\t\t\t\t\t\t\t\t\t\t\t<div class=\"premium-blog-effect-container premium-blog-diagonal-effect\">\r\n\t\t\t\t\t\t\t\t<a class=\"premium-blog-post-link\" href=\"https:\/\/www.iset.com.br\/blog\/como-aproveitar-o-dia-dos-namorados-para-aumentar-suas-vendas-online\/\" target=\"_blank\"><span>Como Aproveitar o Dia dos Namorados para Aumentar suas Vendas Online<\/span><\/a>\r\n\t\t\t\t\t\t\t\t\t\t\t\t\t\t\t<\/div>\r\n\t\t\t\t\t\t\t\t\t\t\t<\/div>\r\n\t\t\t\t\t\t\t\t\t\t\t\t\t\t\t\t\t\t\t\t\t<div class=\"premium-blog-content-wrapper \">\r\n\r\n\t\t\t\t\t<div class=\"premium-blog-inner-container\">\r\n\r\n\t\t\t\t\t\t\t\t\t\t\t\t\t\t<h3 class=\"premium-blog-entry-title\">\r\n\t\t\t<a href=\"https:\/\/www.iset.com.br\/blog\/como-aproveitar-o-dia-dos-namorados-para-aumentar-suas-vendas-online\/\" target=\"_blank\">\r\n\t\t\t\tComo Aproveitar o Dia dos Namorados para Aumentar suas Vendas Online\t\t\t<\/a>\r\n\t\t<\/h3>\r\n\t\t\r\n\t\t\t\t\t<\/div>\r\n\r\n\t\t\t\t\t\t\t<div class=\"premium-blog-content-inner-wrapper\">\r\n\t\t<p class=\"premium-blog-post-content\">Descubra Ofertas Irresist\u00edveis Para cativar seus clientes durante o Dia dos Namorados, \u00e9 fundamental apresentar ofertas especiais que realmente se destaquem. Descontos exclusivos, promo\u00e7\u00f5es do \u2026<\/p>\t\t<\/div>\r\n\t\t\t\t<div class=\"premium-blog-entry-meta\">\r\n\t\t\t\r\n\t\t\t\r\n\t\t\t\r\n\t\t\t\t\t<\/div>\r\n\t\t\t\t\t\t\t\r\n\t\t\t\t<\/div>\r\n\t\t\t<\/div>\r\n\t\t<\/article>\r\n\r\n\t\t\t\t<article class=\"premium-blog-post-outer-container\" data-total=\"8\">\r\n\t\t\t<div class=\"premium-blog-post-container premium-blog-skin-cards\">\r\n\t\t\t\t\t\t\t\t\t<div class=\"premium-blog-thumb-effect-wrapper\">\r\n\t\t\t\t\t\t<div class=\"premium-blog-thumbnail-container premium-blog-scale-effect\">\r\n\t\t\t\t\t\t\t\t\t\t\t<a href=\"https:\/\/www.iset.com.br\/blog\/como-celebrar-o-dia-dos-namorados-com-sua-loja-virtual-dicas-de-vendas-e-marketing\/\" target=\"_blank\">\r\n\t\t\t\t<img loading=\"lazy\" decoding=\"async\" width=\"1792\" height=\"1024\" src=\"https:\/\/www.iset.com.br\/blog\/wp-content\/uploads\/2025\/04\/img-XLMwLYVfrxUB8eFzmi4bdxHf.png\" class=\"attachment-full size-full wp-image-55804\" alt=\"\" srcset=\"https:\/\/www.iset.com.br\/blog\/wp-content\/uploads\/2025\/04\/img-XLMwLYVfrxUB8eFzmi4bdxHf.png 1792w, https:\/\/www.iset.com.br\/blog\/wp-content\/uploads\/2025\/04\/img-XLMwLYVfrxUB8eFzmi4bdxHf-300x171.png 300w, https:\/\/www.iset.com.br\/blog\/wp-content\/uploads\/2025\/04\/img-XLMwLYVfrxUB8eFzmi4bdxHf-1024x585.png 1024w, https:\/\/www.iset.com.br\/blog\/wp-content\/uploads\/2025\/04\/img-XLMwLYVfrxUB8eFzmi4bdxHf-768x439.png 768w, https:\/\/www.iset.com.br\/blog\/wp-content\/uploads\/2025\/04\/img-XLMwLYVfrxUB8eFzmi4bdxHf-1536x878.png 1536w\" sizes=\"(max-width: 1792px) 100vw, 1792px\" \/>\t\t\t\t<\/a>\r\n\t\t\t\t\t\t\t\t\t\t<\/div>\r\n\t\t\t\t\t\t\t\t\t\t\t\t\t<div class=\"premium-blog-effect-container premium-blog-diagonal-effect\">\r\n\t\t\t\t\t\t\t\t<a class=\"premium-blog-post-link\" href=\"https:\/\/www.iset.com.br\/blog\/como-celebrar-o-dia-dos-namorados-com-sua-loja-virtual-dicas-de-vendas-e-marketing\/\" target=\"_blank\"><span>Como Celebrar o Dia dos Namorados com Sua Loja Virtual: Dicas de Vendas e Marketing<\/span><\/a>\r\n\t\t\t\t\t\t\t\t\t\t\t\t\t\t\t<\/div>\r\n\t\t\t\t\t\t\t\t\t\t\t<\/div>\r\n\t\t\t\t\t\t\t\t\t\t\t\t\t\t\t\t\t\t\t\t\t<div class=\"premium-blog-content-wrapper \">\r\n\r\n\t\t\t\t\t<div class=\"premium-blog-inner-container\">\r\n\r\n\t\t\t\t\t\t\t\t\t\t\t\t\t\t<h3 class=\"premium-blog-entry-title\">\r\n\t\t\t<a href=\"https:\/\/www.iset.com.br\/blog\/como-celebrar-o-dia-dos-namorados-com-sua-loja-virtual-dicas-de-vendas-e-marketing\/\" target=\"_blank\">\r\n\t\t\t\tComo Celebrar o Dia dos Namorados com Sua Loja Virtual: Dicas de Vendas e Marketing\t\t\t<\/a>\r\n\t\t<\/h3>\r\n\t\t\r\n\t\t\t\t\t<\/div>\r\n\r\n\t\t\t\t\t\t\t<div class=\"premium-blog-content-inner-wrapper\">\r\n\t\t<p class=\"premium-blog-post-content\">Prepare-se para a Magia do Dia dos Namorados! O Dia dos Namorados \u00e9 mais do que uma simples data no calend\u00e1rio; \u00e9 uma oportunidade poderosa \u2026<\/p>\t\t<\/div>\r\n\t\t\t\t<div class=\"premium-blog-entry-meta\">\r\n\t\t\t\r\n\t\t\t\r\n\t\t\t\r\n\t\t\t\t\t<\/div>\r\n\t\t\t\t\t\t\t\r\n\t\t\t\t<\/div>\r\n\t\t\t<\/div>\r\n\t\t<\/article>\r\n\r\n\t\t\t\t<\/div>\n\n\t\t\t\t\t\t<\/div>\n\t\t\t\t<\/div>\n\t\t\t\t\t<\/div>\n\t\t<\/div>\n\t\t\t\t\t<\/div>\n\t\t<\/section>\n\t\t\t\t<section class=\"elementor-section elementor-top-section elementor-element elementor-element-3bb4438b elementor-section-boxed elementor-section-height-default elementor-section-height-default\" data-id=\"3bb4438b\" data-element_type=\"section\" data-settings=\"{&quot;background_background&quot;:&quot;classic&quot;}\">\n\t\t\t\t\t\t<div class=\"elementor-container elementor-column-gap-default\">\n\t\t\t\t\t<div class=\"elementor-column elementor-col-100 elementor-top-column elementor-element elementor-element-40e91f8\" data-id=\"40e91f8\" data-element_type=\"column\">\n\t\t\t<div class=\"elementor-widget-wrap elementor-element-populated\">\n\t\t\t\t\t\t<div class=\"elementor-element elementor-element-1d585613 elementor-invisible elementor-widget elementor-widget-heading\" data-id=\"1d585613\" data-element_type=\"widget\" data-settings=\"{&quot;_animation&quot;:&quot;fadeInUp&quot;,&quot;_animation_delay&quot;:150}\" data-widget_type=\"heading.default\">\n\t\t\t\t<div class=\"elementor-widget-container\">\n\t\t\t\t\t<span class=\"elementor-heading-title elementor-size-default\">CATEGORIA<\/span>\t\t\t\t<\/div>\n\t\t\t\t<\/div>\n\t\t\t\t<div class=\"elementor-element elementor-element-20ede20d elementor-invisible elementor-widget elementor-widget-heading\" data-id=\"20ede20d\" data-element_type=\"widget\" data-settings=\"{&quot;_animation&quot;:&quot;fadeInUp&quot;,&quot;_animation_delay&quot;:80}\" data-widget_type=\"heading.default\">\n\t\t\t\t<div class=\"elementor-widget-container\">\n\t\t\t\t\t<h2 class=\"elementor-heading-title elementor-size-default\">Para Ag\u00eancias<\/h2>\t\t\t\t<\/div>\n\t\t\t\t<\/div>\n\t\t\t\t<div class=\"elementor-element elementor-element-52b2ee94 elementor-widget-divider--view-line_icon elementor-view-default elementor-widget-divider--element-align-center elementor-invisible elementor-widget elementor-widget-divider\" data-id=\"52b2ee94\" data-element_type=\"widget\" data-settings=\"{&quot;_animation&quot;:&quot;fadeInUp&quot;,&quot;_animation_delay&quot;:80}\" data-widget_type=\"divider.default\">\n\t\t\t\t<div class=\"elementor-widget-container\">\n\t\t\t\t\t\t\t<div class=\"elementor-divider\">\n\t\t\t<span class=\"elementor-divider-separator\">\n\t\t\t\t\t\t\t<div class=\"elementor-icon elementor-divider__element\">\n\t\t\t\t\t<svg aria-hidden=\"true\" class=\"e-font-icon-svg e-fas-dot-circle\" viewBox=\"0 0 512 512\" xmlns=\"http:\/\/www.w3.org\/2000\/svg\"><path d=\"M256 8C119.033 8 8 119.033 8 256s111.033 248 248 248 248-111.033 248-248S392.967 8 256 8zm80 248c0 44.112-35.888 80-80 80s-80-35.888-80-80 35.888-80 80-80 80 35.888 80 80z\"><\/path><\/svg><\/div>\n\t\t\t\t\t\t<\/span>\n\t\t<\/div>\n\t\t\t\t\t\t<\/div>\n\t\t\t\t<\/div>\n\t\t\t\t<div class=\"elementor-element elementor-element-c690a6a animated-slow premium-blog-align-left elementor-invisible elementor-widget elementor-widget-premium-addon-blog\" data-id=\"c690a6a\" data-element_type=\"widget\" data-settings=\"{&quot;force_height&quot;:&quot;true&quot;,&quot;_animation&quot;:&quot;fadeInUp&quot;,&quot;_animation_delay&quot;:80,&quot;premium_blog_columns_number&quot;:&quot;33.33%&quot;,&quot;premium_blog_carousel&quot;:&quot;yes&quot;,&quot;premium_blog_carousel_play&quot;:&quot;yes&quot;,&quot;premium_blog_grid&quot;:&quot;yes&quot;,&quot;premium_blog_layout&quot;:&quot;even&quot;,&quot;premium_blog_columns_number_tablet&quot;:&quot;50%&quot;,&quot;premium_blog_columns_number_mobile&quot;:&quot;100%&quot;,&quot;premium_blog_carousel_autoplay_speed&quot;:5000,&quot;carousel_speed&quot;:300,&quot;premium_blog_carousel_spacing&quot;:&quot;15&quot;,&quot;premium_blog_carousel_arrows&quot;:&quot;yes&quot;}\" data-widget_type=\"premium-addon-blog.default\">\n\t\t\t\t<div class=\"elementor-widget-container\">\n\t\t\t\t\t\n\t\t\t\t<div class=\"premium-blog-wrap  premium-blog-even premium-carousel-hidden\" data-page=\"54393\">\n\t\t\t\t\t<article class=\"premium-blog-post-outer-container\" data-total=\"3\">\r\n\t\t\t<div class=\"premium-blog-post-container premium-blog-skin-cards\">\r\n\t\t\t\t\t\t\t\t\t<div class=\"premium-blog-thumb-effect-wrapper\">\r\n\t\t\t\t\t\t<div class=\"premium-blog-thumbnail-container premium-blog-scale-effect\">\r\n\t\t\t\t\t\t\t\t\t\t\t<a href=\"https:\/\/www.iset.com.br\/blog\/5-estrategias-de-automacao-para-impulsionar-vendas-no-dia-dos-pais-e-liquidar-estoque-de-inverno\/\" target=\"_blank\">\r\n\t\t\t\t<img loading=\"lazy\" decoding=\"async\" width=\"1792\" height=\"1024\" src=\"https:\/\/www.iset.com.br\/blog\/wp-content\/uploads\/2025\/10\/img-foDhAw6AGS7WBl3x3LlJvbTF.png\" class=\"attachment-full size-full wp-image-56003\" alt=\"\" srcset=\"https:\/\/www.iset.com.br\/blog\/wp-content\/uploads\/2025\/10\/img-foDhAw6AGS7WBl3x3LlJvbTF.png 1792w, https:\/\/www.iset.com.br\/blog\/wp-content\/uploads\/2025\/10\/img-foDhAw6AGS7WBl3x3LlJvbTF-300x171.png 300w, https:\/\/www.iset.com.br\/blog\/wp-content\/uploads\/2025\/10\/img-foDhAw6AGS7WBl3x3LlJvbTF-1024x585.png 1024w, https:\/\/www.iset.com.br\/blog\/wp-content\/uploads\/2025\/10\/img-foDhAw6AGS7WBl3x3LlJvbTF-768x439.png 768w, https:\/\/www.iset.com.br\/blog\/wp-content\/uploads\/2025\/10\/img-foDhAw6AGS7WBl3x3LlJvbTF-1536x878.png 1536w\" sizes=\"(max-width: 1792px) 100vw, 1792px\" \/>\t\t\t\t<\/a>\r\n\t\t\t\t\t\t\t\t\t\t<\/div>\r\n\t\t\t\t\t\t\t\t\t\t\t\t\t<div class=\"premium-blog-effect-container premium-blog-diagonal-effect\">\r\n\t\t\t\t\t\t\t\t<a class=\"premium-blog-post-link\" href=\"https:\/\/www.iset.com.br\/blog\/5-estrategias-de-automacao-para-impulsionar-vendas-no-dia-dos-pais-e-liquidar-estoque-de-inverno\/\" target=\"_blank\"><span>5 Estrat\u00e9gias de Automa\u00e7\u00e3o para Impulsionar Vendas no Dia dos Pais e Liquidar Estoque de Inverno<\/span><\/a>\r\n\t\t\t\t\t\t\t\t\t\t\t\t\t\t\t<\/div>\r\n\t\t\t\t\t\t\t\t\t\t\t<\/div>\r\n\t\t\t\t\t\t\t\t\t\t\t\t\t\t\t\t\t\t\t\t\t<div class=\"premium-blog-content-wrapper \">\r\n\r\n\t\t\t\t\t<div class=\"premium-blog-inner-container\">\r\n\r\n\t\t\t\t\t\t\t\t\t\t\t\t\t\t<h3 class=\"premium-blog-entry-title\">\r\n\t\t\t<a href=\"https:\/\/www.iset.com.br\/blog\/5-estrategias-de-automacao-para-impulsionar-vendas-no-dia-dos-pais-e-liquidar-estoque-de-inverno\/\" target=\"_blank\">\r\n\t\t\t\t5 Estrat\u00e9gias de Automa\u00e7\u00e3o para Impulsionar Vendas no Dia dos Pais e Liquidar Estoque de Inverno\t\t\t<\/a>\r\n\t\t<\/h3>\r\n\t\t\r\n\t\t\t\t\t<\/div>\r\n\r\n\t\t\t\t\t\t\t<div class=\"premium-blog-content-inner-wrapper premium-blog-content-inner-wrapper\">\r\n\t\t<p class=\"premium-blog-post-content\">Preparando sua Loja para o Dia dos Pais O Dia dos Pais se aproxima e, junto com ele, uma grande oportunidade para aumentar suas vendas \u2026<\/p>\t\t<\/div>\r\n\t\t\t\t<div class=\"premium-blog-entry-meta\">\r\n\t\t\t\r\n\t\t\t\r\n\t\t\t\r\n\t\t\t\t\t<\/div>\r\n\t\t\t\t\t\t\t\r\n\t\t\t\t<\/div>\r\n\t\t\t<\/div>\r\n\t\t<\/article>\r\n\r\n\t\t\t\t<article class=\"premium-blog-post-outer-container\" data-total=\"3\">\r\n\t\t\t<div class=\"premium-blog-post-container premium-blog-skin-cards\">\r\n\t\t\t\t\t\t\t\t\t<div class=\"premium-blog-thumb-effect-wrapper\">\r\n\t\t\t\t\t\t<div class=\"premium-blog-thumbnail-container premium-blog-scale-effect\">\r\n\t\t\t\t\t\t\t\t\t\t\t<a href=\"https:\/\/www.iset.com.br\/blog\/aproveite-o-dia-dos-namorados-com-estrategias-de-vendas-online-dicas-para-engajar-e-converter\/\" target=\"_blank\">\r\n\t\t\t\t<img loading=\"lazy\" decoding=\"async\" width=\"1792\" height=\"1024\" src=\"https:\/\/www.iset.com.br\/blog\/wp-content\/uploads\/2025\/04\/img-XRbxwrMiepNvovdPCp5hPc7o.png\" class=\"attachment-full size-full wp-image-55798\" alt=\"\" srcset=\"https:\/\/www.iset.com.br\/blog\/wp-content\/uploads\/2025\/04\/img-XRbxwrMiepNvovdPCp5hPc7o.png 1792w, https:\/\/www.iset.com.br\/blog\/wp-content\/uploads\/2025\/04\/img-XRbxwrMiepNvovdPCp5hPc7o-300x171.png 300w, https:\/\/www.iset.com.br\/blog\/wp-content\/uploads\/2025\/04\/img-XRbxwrMiepNvovdPCp5hPc7o-1024x585.png 1024w, https:\/\/www.iset.com.br\/blog\/wp-content\/uploads\/2025\/04\/img-XRbxwrMiepNvovdPCp5hPc7o-768x439.png 768w, https:\/\/www.iset.com.br\/blog\/wp-content\/uploads\/2025\/04\/img-XRbxwrMiepNvovdPCp5hPc7o-1536x878.png 1536w\" sizes=\"(max-width: 1792px) 100vw, 1792px\" \/>\t\t\t\t<\/a>\r\n\t\t\t\t\t\t\t\t\t\t<\/div>\r\n\t\t\t\t\t\t\t\t\t\t\t\t\t<div class=\"premium-blog-effect-container premium-blog-diagonal-effect\">\r\n\t\t\t\t\t\t\t\t<a class=\"premium-blog-post-link\" href=\"https:\/\/www.iset.com.br\/blog\/aproveite-o-dia-dos-namorados-com-estrategias-de-vendas-online-dicas-para-engajar-e-converter\/\" target=\"_blank\"><span>Aproveite o Dia dos Namorados com Estrat\u00e9gias de Vendas Online: Dicas para Engajar e Converter<\/span><\/a>\r\n\t\t\t\t\t\t\t\t\t\t\t\t\t\t\t<\/div>\r\n\t\t\t\t\t\t\t\t\t\t\t<\/div>\r\n\t\t\t\t\t\t\t\t\t\t\t\t\t\t\t\t\t\t\t\t\t<div class=\"premium-blog-content-wrapper \">\r\n\r\n\t\t\t\t\t<div class=\"premium-blog-inner-container\">\r\n\r\n\t\t\t\t\t\t\t\t\t\t\t\t\t\t<h3 class=\"premium-blog-entry-title\">\r\n\t\t\t<a href=\"https:\/\/www.iset.com.br\/blog\/aproveite-o-dia-dos-namorados-com-estrategias-de-vendas-online-dicas-para-engajar-e-converter\/\" target=\"_blank\">\r\n\t\t\t\tAproveite o Dia dos Namorados com Estrat\u00e9gias de Vendas Online: Dicas para Engajar e Converter\t\t\t<\/a>\r\n\t\t<\/h3>\r\n\t\t\r\n\t\t\t\t\t<\/div>\r\n\r\n\t\t\t\t\t\t\t<div class=\"premium-blog-content-inner-wrapper\">\r\n\t\t<p class=\"premium-blog-post-content\">Introdu\u00e7\u00e3o O Dia dos Namorados \u00e9 muito mais do que uma data comemorativa; \u00e9 uma oportunidade de ouro para os neg\u00f3cios de e-commerce. Neste per\u00edodo, \u2026<\/p>\t\t<\/div>\r\n\t\t\t\t<div class=\"premium-blog-entry-meta\">\r\n\t\t\t\r\n\t\t\t\r\n\t\t\t\r\n\t\t\t\t\t<\/div>\r\n\t\t\t\t\t\t\t\r\n\t\t\t\t<\/div>\r\n\t\t\t<\/div>\r\n\t\t<\/article>\r\n\r\n\t\t\t\t<article class=\"premium-blog-post-outer-container\" data-total=\"3\">\r\n\t\t\t<div class=\"premium-blog-post-container premium-blog-skin-cards\">\r\n\t\t\t\t\t\t\t\t\t<div class=\"premium-blog-thumb-effect-wrapper\">\r\n\t\t\t\t\t\t<div class=\"premium-blog-thumbnail-container premium-blog-scale-effect\">\r\n\t\t\t\t\t\t\t\t\t\t\t<a href=\"https:\/\/www.iset.com.br\/blog\/agencas-marketing-digital-podem-impulsionar-negocio\/\" target=\"_blank\">\r\n\t\t\t\t<img loading=\"lazy\" decoding=\"async\" width=\"1160\" height=\"653\" src=\"https:\/\/www.iset.com.br\/blog\/wp-content\/uploads\/2021\/07\/2-10-AGENCIAS-DE-MARKETING-podem-impulsionar-negocio-1163x653-1.png\" class=\"attachment-full size-full wp-image-51649\" alt=\"\" srcset=\"https:\/\/www.iset.com.br\/blog\/wp-content\/uploads\/2021\/07\/2-10-AGENCIAS-DE-MARKETING-podem-impulsionar-negocio-1163x653-1.png 1160w, https:\/\/www.iset.com.br\/blog\/wp-content\/uploads\/2021\/07\/2-10-AGENCIAS-DE-MARKETING-podem-impulsionar-negocio-1163x653-1-300x169.png 300w, https:\/\/www.iset.com.br\/blog\/wp-content\/uploads\/2021\/07\/2-10-AGENCIAS-DE-MARKETING-podem-impulsionar-negocio-1163x653-1-768x432.png 768w, https:\/\/www.iset.com.br\/blog\/wp-content\/uploads\/2021\/07\/2-10-AGENCIAS-DE-MARKETING-podem-impulsionar-negocio-1163x653-1-1024x576.png 1024w\" sizes=\"(max-width: 1160px) 100vw, 1160px\" \/>\t\t\t\t<\/a>\r\n\t\t\t\t\t\t\t\t\t\t<\/div>\r\n\t\t\t\t\t\t\t\t\t\t\t\t\t<div class=\"premium-blog-effect-container premium-blog-diagonal-effect\">\r\n\t\t\t\t\t\t\t\t<a class=\"premium-blog-post-link\" href=\"https:\/\/www.iset.com.br\/blog\/agencas-marketing-digital-podem-impulsionar-negocio\/\" target=\"_blank\"><span>10 Ag\u00eancias de marketing digital que podem impulsionar seu neg\u00f3cio<\/span><\/a>\r\n\t\t\t\t\t\t\t\t\t\t\t\t\t\t\t<\/div>\r\n\t\t\t\t\t\t\t\t\t\t\t<\/div>\r\n\t\t\t\t\t\t\t\t\t\t\t\t\t\t\t\t\t\t\t\t\t<div class=\"premium-blog-content-wrapper \">\r\n\r\n\t\t\t\t\t<div class=\"premium-blog-inner-container\">\r\n\r\n\t\t\t\t\t\t\t\t\t\t\t\t\t\t<h3 class=\"premium-blog-entry-title\">\r\n\t\t\t<a href=\"https:\/\/www.iset.com.br\/blog\/agencas-marketing-digital-podem-impulsionar-negocio\/\" target=\"_blank\">\r\n\t\t\t\t10 Ag\u00eancias de marketing digital que podem impulsionar seu neg\u00f3cio\t\t\t<\/a>\r\n\t\t<\/h3>\r\n\t\t\r\n\t\t\t\t\t<\/div>\r\n\r\n\t\t\t\t\t\t\t<div class=\"premium-blog-content-inner-wrapper\">\r\n\t\t<p class=\"premium-blog-post-content\">Marketing digital \u00e9 uma estrat\u00e9gia de marketing baseada em a\u00e7\u00f5es, que buscam otimizar a comunica\u00e7\u00e3o usando a internet e outros meios digitais, com o intuito \u2026<\/p>\t\t<\/div>\r\n\t\t\t\t<div class=\"premium-blog-entry-meta\">\r\n\t\t\t\r\n\t\t\t\r\n\t\t\t\r\n\t\t\t\t\t<\/div>\r\n\t\t\t\t\t\t\t\r\n\t\t\t\t<\/div>\r\n\t\t\t<\/div>\r\n\t\t<\/article>\r\n\r\n\t\t\t\t<article class=\"premium-blog-post-outer-container\" data-total=\"3\">\r\n\t\t\t<div class=\"premium-blog-post-container premium-blog-skin-cards\">\r\n\t\t\t\t\t\t\t\t\t<div class=\"premium-blog-thumb-effect-wrapper\">\r\n\t\t\t\t\t\t<div class=\"premium-blog-thumbnail-container premium-blog-scale-effect\">\r\n\t\t\t\t\t\t\t\t\t\t\t<a href=\"https:\/\/www.iset.com.br\/blog\/ferramentas-para-aumentar-desempenho-agencia-marketing-digital\/\" target=\"_blank\">\r\n\t\t\t\t<img loading=\"lazy\" decoding=\"async\" width=\"1160\" height=\"653\" src=\"https:\/\/www.iset.com.br\/blog\/wp-content\/uploads\/2021\/05\/ferramentas-ajudar-aumentar-desempenho-agencia-marketing-digital-1160x653-1.png\" class=\"attachment-full size-full wp-image-51082\" alt=\"\" srcset=\"https:\/\/www.iset.com.br\/blog\/wp-content\/uploads\/2021\/05\/ferramentas-ajudar-aumentar-desempenho-agencia-marketing-digital-1160x653-1.png 1160w, https:\/\/www.iset.com.br\/blog\/wp-content\/uploads\/2021\/05\/ferramentas-ajudar-aumentar-desempenho-agencia-marketing-digital-1160x653-1-300x169.png 300w, https:\/\/www.iset.com.br\/blog\/wp-content\/uploads\/2021\/05\/ferramentas-ajudar-aumentar-desempenho-agencia-marketing-digital-1160x653-1-768x432.png 768w, https:\/\/www.iset.com.br\/blog\/wp-content\/uploads\/2021\/05\/ferramentas-ajudar-aumentar-desempenho-agencia-marketing-digital-1160x653-1-1024x576.png 1024w\" sizes=\"(max-width: 1160px) 100vw, 1160px\" \/>\t\t\t\t<\/a>\r\n\t\t\t\t\t\t\t\t\t\t<\/div>\r\n\t\t\t\t\t\t\t\t\t\t\t\t\t<div class=\"premium-blog-effect-container premium-blog-diagonal-effect\">\r\n\t\t\t\t\t\t\t\t<a class=\"premium-blog-post-link\" href=\"https:\/\/www.iset.com.br\/blog\/ferramentas-para-aumentar-desempenho-agencia-marketing-digital\/\" target=\"_blank\"><span>Ferramentas que podem ajudar a aumentar o desempenho da sua ag\u00eancia de marketing digital<\/span><\/a>\r\n\t\t\t\t\t\t\t\t\t\t\t\t\t\t\t<\/div>\r\n\t\t\t\t\t\t\t\t\t\t\t<\/div>\r\n\t\t\t\t\t\t\t\t\t\t\t\t\t\t\t\t\t\t\t\t\t<div class=\"premium-blog-content-wrapper \">\r\n\r\n\t\t\t\t\t<div class=\"premium-blog-inner-container\">\r\n\r\n\t\t\t\t\t\t\t\t\t\t\t\t\t\t<h3 class=\"premium-blog-entry-title\">\r\n\t\t\t<a href=\"https:\/\/www.iset.com.br\/blog\/ferramentas-para-aumentar-desempenho-agencia-marketing-digital\/\" target=\"_blank\">\r\n\t\t\t\tFerramentas que podem ajudar a aumentar o desempenho da sua ag\u00eancia de marketing digital\t\t\t<\/a>\r\n\t\t<\/h3>\r\n\t\t\r\n\t\t\t\t\t<\/div>\r\n\r\n\t\t\t\t\t\t\t<div class=\"premium-blog-content-inner-wrapper\">\r\n\t\t<p class=\"premium-blog-post-content\">Se preocupar com a produtividade da sua ag\u00eancia de marketing digital \u00e9 fundamental para aumentar o desempenho da sua empresa. Por isso, procurar por ferramentas \u2026<\/p>\t\t<\/div>\r\n\t\t\t\t<div class=\"premium-blog-entry-meta\">\r\n\t\t\t\r\n\t\t\t\r\n\t\t\t\r\n\t\t\t\t\t<\/div>\r\n\t\t\t\t\t\t\t\r\n\t\t\t\t<\/div>\r\n\t\t\t<\/div>\r\n\t\t<\/article>\r\n\r\n\t\t\t\t<article class=\"premium-blog-post-outer-container\" data-total=\"3\">\r\n\t\t\t<div class=\"premium-blog-post-container premium-blog-skin-cards\">\r\n\t\t\t\t\t\t\t\t\t<div class=\"premium-blog-thumb-effect-wrapper\">\r\n\t\t\t\t\t\t<div class=\"premium-blog-thumbnail-container premium-blog-scale-effect\">\r\n\t\t\t\t\t\t\t\t\t\t\t<a href=\"https:\/\/www.iset.com.br\/blog\/como-vender-programa-afiliado\/\" target=\"_blank\">\r\n\t\t\t\t<img loading=\"lazy\" decoding=\"async\" width=\"1160\" height=\"653\" src=\"https:\/\/www.iset.com.br\/blog\/wp-content\/uploads\/2020\/08\/como-vender-programa-afiliado-1160x653-1.png\" class=\"attachment-full size-full wp-image-49799\" alt=\"\" srcset=\"https:\/\/www.iset.com.br\/blog\/wp-content\/uploads\/2020\/08\/como-vender-programa-afiliado-1160x653-1.png 1160w, https:\/\/www.iset.com.br\/blog\/wp-content\/uploads\/2020\/08\/como-vender-programa-afiliado-1160x653-1-300x169.png 300w, https:\/\/www.iset.com.br\/blog\/wp-content\/uploads\/2020\/08\/como-vender-programa-afiliado-1160x653-1-768x432.png 768w, https:\/\/www.iset.com.br\/blog\/wp-content\/uploads\/2020\/08\/como-vender-programa-afiliado-1160x653-1-1024x576.png 1024w, https:\/\/www.iset.com.br\/blog\/wp-content\/uploads\/2020\/08\/como-vender-programa-afiliado-1160x653-1-600x338.png 600w, https:\/\/www.iset.com.br\/blog\/wp-content\/uploads\/2020\/08\/como-vender-programa-afiliado-1160x653-1-1000x563.png 1000w, https:\/\/www.iset.com.br\/blog\/wp-content\/uploads\/2020\/08\/como-vender-programa-afiliado-1160x653-1-24x14.png 24w, https:\/\/www.iset.com.br\/blog\/wp-content\/uploads\/2020\/08\/como-vender-programa-afiliado-1160x653-1-36x20.png 36w, https:\/\/www.iset.com.br\/blog\/wp-content\/uploads\/2020\/08\/como-vender-programa-afiliado-1160x653-1-48x27.png 48w\" sizes=\"(max-width: 1160px) 100vw, 1160px\" \/>\t\t\t\t<\/a>\r\n\t\t\t\t\t\t\t\t\t\t<\/div>\r\n\t\t\t\t\t\t\t\t\t\t\t\t\t<div class=\"premium-blog-effect-container premium-blog-diagonal-effect\">\r\n\t\t\t\t\t\t\t\t<a class=\"premium-blog-post-link\" href=\"https:\/\/www.iset.com.br\/blog\/como-vender-programa-afiliado\/\" target=\"_blank\"><span>Como vender em um Programa de Afiliado<\/span><\/a>\r\n\t\t\t\t\t\t\t\t\t\t\t\t\t\t\t<\/div>\r\n\t\t\t\t\t\t\t\t\t\t\t<\/div>\r\n\t\t\t\t\t\t\t\t\t\t\t\t\t\t\t\t\t\t\t\t\t<div class=\"premium-blog-content-wrapper \">\r\n\r\n\t\t\t\t\t<div class=\"premium-blog-inner-container\">\r\n\r\n\t\t\t\t\t\t\t\t\t\t\t\t\t\t<h3 class=\"premium-blog-entry-title\">\r\n\t\t\t<a href=\"https:\/\/www.iset.com.br\/blog\/como-vender-programa-afiliado\/\" target=\"_blank\">\r\n\t\t\t\tComo vender em um Programa de Afiliado\t\t\t<\/a>\r\n\t\t<\/h3>\r\n\t\t\r\n\t\t\t\t\t<\/div>\r\n\r\n\t\t\t\t\t\t\t<div class=\"premium-blog-content-inner-wrapper\">\r\n\t\t<p class=\"premium-blog-post-content\">Se voc\u00ea chegou at\u00e9 este post quer dizer que j\u00e1 entende o que \u00e9 e como funciona um Programa de Afiliados e deseja logo come\u00e7ar \u2026<\/p>\t\t<\/div>\r\n\t\t\t\t<div class=\"premium-blog-entry-meta\">\r\n\t\t\t\r\n\t\t\t\r\n\t\t\t\r\n\t\t\t\t\t<\/div>\r\n\t\t\t\t\t\t\t\r\n\t\t\t\t<\/div>\r\n\t\t\t<\/div>\r\n\t\t<\/article>\r\n\r\n\t\t\t\t<article class=\"premium-blog-post-outer-container\" data-total=\"3\">\r\n\t\t\t<div class=\"premium-blog-post-container premium-blog-skin-cards\">\r\n\t\t\t\t\t\t\t\t\t<div class=\"premium-blog-thumb-effect-wrapper\">\r\n\t\t\t\t\t\t<div class=\"premium-blog-thumbnail-container premium-blog-scale-effect\">\r\n\t\t\t\t\t\t\t\t\t\t\t<a href=\"https:\/\/www.iset.com.br\/blog\/como-influencer-digital-estrategias-marketing-digital\/\" target=\"_blank\">\r\n\t\t\t\t<img loading=\"lazy\" decoding=\"async\" width=\"1160\" height=\"653\" src=\"https:\/\/www.iset.com.br\/blog\/wp-content\/uploads\/2020\/07\/como-influencer-digital-estrategias-marketing-digital-1160x653-1.png\" class=\"attachment-full size-full wp-image-49731\" alt=\"\" srcset=\"https:\/\/www.iset.com.br\/blog\/wp-content\/uploads\/2020\/07\/como-influencer-digital-estrategias-marketing-digital-1160x653-1.png 1160w, https:\/\/www.iset.com.br\/blog\/wp-content\/uploads\/2020\/07\/como-influencer-digital-estrategias-marketing-digital-1160x653-1-300x169.png 300w, https:\/\/www.iset.com.br\/blog\/wp-content\/uploads\/2020\/07\/como-influencer-digital-estrategias-marketing-digital-1160x653-1-768x432.png 768w, https:\/\/www.iset.com.br\/blog\/wp-content\/uploads\/2020\/07\/como-influencer-digital-estrategias-marketing-digital-1160x653-1-1024x576.png 1024w, https:\/\/www.iset.com.br\/blog\/wp-content\/uploads\/2020\/07\/como-influencer-digital-estrategias-marketing-digital-1160x653-1-600x338.png 600w, https:\/\/www.iset.com.br\/blog\/wp-content\/uploads\/2020\/07\/como-influencer-digital-estrategias-marketing-digital-1160x653-1-1000x563.png 1000w, https:\/\/www.iset.com.br\/blog\/wp-content\/uploads\/2020\/07\/como-influencer-digital-estrategias-marketing-digital-1160x653-1-24x14.png 24w, https:\/\/www.iset.com.br\/blog\/wp-content\/uploads\/2020\/07\/como-influencer-digital-estrategias-marketing-digital-1160x653-1-36x20.png 36w, https:\/\/www.iset.com.br\/blog\/wp-content\/uploads\/2020\/07\/como-influencer-digital-estrategias-marketing-digital-1160x653-1-48x27.png 48w\" sizes=\"(max-width: 1160px) 100vw, 1160px\" \/>\t\t\t\t<\/a>\r\n\t\t\t\t\t\t\t\t\t\t<\/div>\r\n\t\t\t\t\t\t\t\t\t\t\t\t\t<div class=\"premium-blog-effect-container premium-blog-diagonal-effect\">\r\n\t\t\t\t\t\t\t\t<a class=\"premium-blog-post-link\" href=\"https:\/\/www.iset.com.br\/blog\/como-influencer-digital-estrategias-marketing-digital\/\" target=\"_blank\"><span>Como um influencer digital pode fazer parte de suas estrat\u00e9gias de marketing digital<\/span><\/a>\r\n\t\t\t\t\t\t\t\t\t\t\t\t\t\t\t<\/div>\r\n\t\t\t\t\t\t\t\t\t\t\t<\/div>\r\n\t\t\t\t\t\t\t\t\t\t\t\t\t\t\t\t\t\t\t\t\t<div class=\"premium-blog-content-wrapper \">\r\n\r\n\t\t\t\t\t<div class=\"premium-blog-inner-container\">\r\n\r\n\t\t\t\t\t\t\t\t\t\t\t\t\t\t<h3 class=\"premium-blog-entry-title\">\r\n\t\t\t<a href=\"https:\/\/www.iset.com.br\/blog\/como-influencer-digital-estrategias-marketing-digital\/\" target=\"_blank\">\r\n\t\t\t\tComo um influencer digital pode fazer parte de suas estrat\u00e9gias de marketing digital\t\t\t<\/a>\r\n\t\t<\/h3>\r\n\t\t\r\n\t\t\t\t\t<\/div>\r\n\r\n\t\t\t\t\t\t\t<div class=\"premium-blog-content-inner-wrapper\">\r\n\t\t<p class=\"premium-blog-post-content\">Pesquisa do Ibope Intelig\u00eancia mostra que 52% dos internautas brasileiros seguem influenciadores digitais em redes sociais. O poder vai al\u00e9m: metade (50%) afirma que se \u2026<\/p>\t\t<\/div>\r\n\t\t\t\t<div class=\"premium-blog-entry-meta\">\r\n\t\t\t\r\n\t\t\t\r\n\t\t\t\r\n\t\t\t\t\t<\/div>\r\n\t\t\t\t\t\t\t\r\n\t\t\t\t<\/div>\r\n\t\t\t<\/div>\r\n\t\t<\/article>\r\n\r\n\t\t\t\t<article class=\"premium-blog-post-outer-container\" data-total=\"3\">\r\n\t\t\t<div class=\"premium-blog-post-container premium-blog-skin-cards\">\r\n\t\t\t\t\t\t\t\t\t<div class=\"premium-blog-thumb-effect-wrapper\">\r\n\t\t\t\t\t\t<div class=\"premium-blog-thumbnail-container premium-blog-scale-effect\">\r\n\t\t\t\t\t\t\t\t\t\t\t<a href=\"https:\/\/www.iset.com.br\/blog\/aumentar-vendas-digital-influencers\/\" target=\"_blank\">\r\n\t\t\t\t<img loading=\"lazy\" decoding=\"async\" width=\"1160\" height=\"653\" src=\"https:\/\/www.iset.com.br\/blog\/wp-content\/uploads\/2020\/07\/aumentar-vendas-digital-influencers-1160x653-1.png\" class=\"attachment-full size-full wp-image-49686\" alt=\"\" srcset=\"https:\/\/www.iset.com.br\/blog\/wp-content\/uploads\/2020\/07\/aumentar-vendas-digital-influencers-1160x653-1.png 1160w, https:\/\/www.iset.com.br\/blog\/wp-content\/uploads\/2020\/07\/aumentar-vendas-digital-influencers-1160x653-1-300x169.png 300w, https:\/\/www.iset.com.br\/blog\/wp-content\/uploads\/2020\/07\/aumentar-vendas-digital-influencers-1160x653-1-768x432.png 768w, https:\/\/www.iset.com.br\/blog\/wp-content\/uploads\/2020\/07\/aumentar-vendas-digital-influencers-1160x653-1-1024x576.png 1024w, https:\/\/www.iset.com.br\/blog\/wp-content\/uploads\/2020\/07\/aumentar-vendas-digital-influencers-1160x653-1-600x338.png 600w, https:\/\/www.iset.com.br\/blog\/wp-content\/uploads\/2020\/07\/aumentar-vendas-digital-influencers-1160x653-1-1000x563.png 1000w, https:\/\/www.iset.com.br\/blog\/wp-content\/uploads\/2020\/07\/aumentar-vendas-digital-influencers-1160x653-1-24x14.png 24w, https:\/\/www.iset.com.br\/blog\/wp-content\/uploads\/2020\/07\/aumentar-vendas-digital-influencers-1160x653-1-36x20.png 36w, https:\/\/www.iset.com.br\/blog\/wp-content\/uploads\/2020\/07\/aumentar-vendas-digital-influencers-1160x653-1-48x27.png 48w\" sizes=\"(max-width: 1160px) 100vw, 1160px\" \/>\t\t\t\t<\/a>\r\n\t\t\t\t\t\t\t\t\t\t<\/div>\r\n\t\t\t\t\t\t\t\t\t\t\t\t\t<div class=\"premium-blog-effect-container premium-blog-diagonal-effect\">\r\n\t\t\t\t\t\t\t\t<a class=\"premium-blog-post-link\" href=\"https:\/\/www.iset.com.br\/blog\/aumentar-vendas-digital-influencers\/\" target=\"_blank\"><span>Aumentar as vendas usando digital influencers<\/span><\/a>\r\n\t\t\t\t\t\t\t\t\t\t\t\t\t\t\t<\/div>\r\n\t\t\t\t\t\t\t\t\t\t\t<\/div>\r\n\t\t\t\t\t\t\t\t\t\t\t\t\t\t\t\t\t\t\t\t\t<div class=\"premium-blog-content-wrapper \">\r\n\r\n\t\t\t\t\t<div class=\"premium-blog-inner-container\">\r\n\r\n\t\t\t\t\t\t\t\t\t\t\t\t\t\t<h3 class=\"premium-blog-entry-title\">\r\n\t\t\t<a href=\"https:\/\/www.iset.com.br\/blog\/aumentar-vendas-digital-influencers\/\" target=\"_blank\">\r\n\t\t\t\tAumentar as vendas usando digital influencers\t\t\t<\/a>\r\n\t\t<\/h3>\r\n\t\t\r\n\t\t\t\t\t<\/div>\r\n\r\n\t\t\t\t\t\t\t<div class=\"premium-blog-content-inner-wrapper\">\r\n\t\t<p class=\"premium-blog-post-content\">Atrav\u00e9s das redes sociais, as pessoas se habituaram a interagir umas com as outras, a tirar d\u00favidas, a conversar, a tomar decis\u00f5es, a fazer compras&#8230; \u2026<\/p>\t\t<\/div>\r\n\t\t\t\t<div class=\"premium-blog-entry-meta\">\r\n\t\t\t\r\n\t\t\t\r\n\t\t\t\r\n\t\t\t\t\t<\/div>\r\n\t\t\t\t\t\t\t\r\n\t\t\t\t<\/div>\r\n\t\t\t<\/div>\r\n\t\t<\/article>\r\n\r\n\t\t\t\t<article class=\"premium-blog-post-outer-container\" data-total=\"3\">\r\n\t\t\t<div class=\"premium-blog-post-container premium-blog-skin-cards\">\r\n\t\t\t\t\t\t\t\t\t<div class=\"premium-blog-thumb-effect-wrapper\">\r\n\t\t\t\t\t\t<div class=\"premium-blog-thumbnail-container premium-blog-scale-effect\">\r\n\t\t\t\t\t\t\t\t\t\t\t<a href=\"https:\/\/www.iset.com.br\/blog\/porque-tornar-afiliado-programa-afiliados\/\" target=\"_blank\">\r\n\t\t\t\t<img loading=\"lazy\" decoding=\"async\" width=\"1160\" height=\"653\" src=\"https:\/\/www.iset.com.br\/blog\/wp-content\/uploads\/2020\/06\/porque-tornar-afiliado-programa-afiliados-1160x653-1.png\" class=\"attachment-full size-full wp-image-49648\" alt=\"\" srcset=\"https:\/\/www.iset.com.br\/blog\/wp-content\/uploads\/2020\/06\/porque-tornar-afiliado-programa-afiliados-1160x653-1.png 1160w, https:\/\/www.iset.com.br\/blog\/wp-content\/uploads\/2020\/06\/porque-tornar-afiliado-programa-afiliados-1160x653-1-300x169.png 300w, https:\/\/www.iset.com.br\/blog\/wp-content\/uploads\/2020\/06\/porque-tornar-afiliado-programa-afiliados-1160x653-1-768x432.png 768w, https:\/\/www.iset.com.br\/blog\/wp-content\/uploads\/2020\/06\/porque-tornar-afiliado-programa-afiliados-1160x653-1-1024x576.png 1024w, https:\/\/www.iset.com.br\/blog\/wp-content\/uploads\/2020\/06\/porque-tornar-afiliado-programa-afiliados-1160x653-1-600x338.png 600w, https:\/\/www.iset.com.br\/blog\/wp-content\/uploads\/2020\/06\/porque-tornar-afiliado-programa-afiliados-1160x653-1-1000x563.png 1000w, https:\/\/www.iset.com.br\/blog\/wp-content\/uploads\/2020\/06\/porque-tornar-afiliado-programa-afiliados-1160x653-1-24x14.png 24w, https:\/\/www.iset.com.br\/blog\/wp-content\/uploads\/2020\/06\/porque-tornar-afiliado-programa-afiliados-1160x653-1-36x20.png 36w, https:\/\/www.iset.com.br\/blog\/wp-content\/uploads\/2020\/06\/porque-tornar-afiliado-programa-afiliados-1160x653-1-48x27.png 48w\" sizes=\"(max-width: 1160px) 100vw, 1160px\" \/>\t\t\t\t<\/a>\r\n\t\t\t\t\t\t\t\t\t\t<\/div>\r\n\t\t\t\t\t\t\t\t\t\t\t\t\t<div class=\"premium-blog-effect-container premium-blog-diagonal-effect\">\r\n\t\t\t\t\t\t\t\t<a class=\"premium-blog-post-link\" href=\"https:\/\/www.iset.com.br\/blog\/porque-tornar-afiliado-programa-afiliados\/\" target=\"_blank\"><span>Por que me tornar um afiliado em um Programa de Afiliados?<\/span><\/a>\r\n\t\t\t\t\t\t\t\t\t\t\t\t\t\t\t<\/div>\r\n\t\t\t\t\t\t\t\t\t\t\t<\/div>\r\n\t\t\t\t\t\t\t\t\t\t\t\t\t\t\t\t\t\t\t\t\t<div class=\"premium-blog-content-wrapper \">\r\n\r\n\t\t\t\t\t<div class=\"premium-blog-inner-container\">\r\n\r\n\t\t\t\t\t\t\t\t\t\t\t\t\t\t<h3 class=\"premium-blog-entry-title\">\r\n\t\t\t<a href=\"https:\/\/www.iset.com.br\/blog\/porque-tornar-afiliado-programa-afiliados\/\" target=\"_blank\">\r\n\t\t\t\tPor que me tornar um afiliado em um Programa de Afiliados?\t\t\t<\/a>\r\n\t\t<\/h3>\r\n\t\t\r\n\t\t\t\t\t<\/div>\r\n\r\n\t\t\t\t\t\t\t<div class=\"premium-blog-content-inner-wrapper\">\r\n\t\t<p class=\"premium-blog-post-content\">Atualmente, h\u00e1 um amplo mercado para as pessoas que desejam se tornar afiliados. Mas, primeiramente, o que \u00e9 isso? Quais as vantagens? Leia o post \u2026<\/p>\t\t<\/div>\r\n\t\t\t\t<div class=\"premium-blog-entry-meta\">\r\n\t\t\t\r\n\t\t\t\r\n\t\t\t\r\n\t\t\t\t\t<\/div>\r\n\t\t\t\t\t\t\t\r\n\t\t\t\t<\/div>\r\n\t\t\t<\/div>\r\n\t\t<\/article>\r\n\r\n\t\t\t\t<article class=\"premium-blog-post-outer-container\" data-total=\"3\">\r\n\t\t\t<div class=\"premium-blog-post-container premium-blog-skin-cards\">\r\n\t\t\t\t\t\t\t\t\t<div class=\"premium-blog-thumb-effect-wrapper\">\r\n\t\t\t\t\t\t<div class=\"premium-blog-thumbnail-container premium-blog-scale-effect\">\r\n\t\t\t\t\t\t\t\t\t\t\t<a href=\"https:\/\/www.iset.com.br\/blog\/como-usar-aplicar-marketing-afiliados\/\" target=\"_blank\">\r\n\t\t\t\t<img loading=\"lazy\" decoding=\"async\" width=\"1160\" height=\"653\" src=\"https:\/\/www.iset.com.br\/blog\/wp-content\/uploads\/2020\/06\/como-usar-aplicar-marketing-afiliados-1160x653-1.png\" class=\"attachment-full size-full wp-image-49624\" alt=\"\" srcset=\"https:\/\/www.iset.com.br\/blog\/wp-content\/uploads\/2020\/06\/como-usar-aplicar-marketing-afiliados-1160x653-1.png 1160w, https:\/\/www.iset.com.br\/blog\/wp-content\/uploads\/2020\/06\/como-usar-aplicar-marketing-afiliados-1160x653-1-300x169.png 300w, https:\/\/www.iset.com.br\/blog\/wp-content\/uploads\/2020\/06\/como-usar-aplicar-marketing-afiliados-1160x653-1-768x432.png 768w, https:\/\/www.iset.com.br\/blog\/wp-content\/uploads\/2020\/06\/como-usar-aplicar-marketing-afiliados-1160x653-1-1024x576.png 1024w, https:\/\/www.iset.com.br\/blog\/wp-content\/uploads\/2020\/06\/como-usar-aplicar-marketing-afiliados-1160x653-1-600x338.png 600w, https:\/\/www.iset.com.br\/blog\/wp-content\/uploads\/2020\/06\/como-usar-aplicar-marketing-afiliados-1160x653-1-1000x563.png 1000w, https:\/\/www.iset.com.br\/blog\/wp-content\/uploads\/2020\/06\/como-usar-aplicar-marketing-afiliados-1160x653-1-24x14.png 24w, https:\/\/www.iset.com.br\/blog\/wp-content\/uploads\/2020\/06\/como-usar-aplicar-marketing-afiliados-1160x653-1-36x20.png 36w, https:\/\/www.iset.com.br\/blog\/wp-content\/uploads\/2020\/06\/como-usar-aplicar-marketing-afiliados-1160x653-1-48x27.png 48w\" sizes=\"(max-width: 1160px) 100vw, 1160px\" \/>\t\t\t\t<\/a>\r\n\t\t\t\t\t\t\t\t\t\t<\/div>\r\n\t\t\t\t\t\t\t\t\t\t\t\t\t<div class=\"premium-blog-effect-container premium-blog-diagonal-effect\">\r\n\t\t\t\t\t\t\t\t<a class=\"premium-blog-post-link\" href=\"https:\/\/www.iset.com.br\/blog\/como-usar-aplicar-marketing-afiliados\/\" target=\"_blank\"><span>Como usar e aplicar o marketing de afiliados<\/span><\/a>\r\n\t\t\t\t\t\t\t\t\t\t\t\t\t\t\t<\/div>\r\n\t\t\t\t\t\t\t\t\t\t\t<\/div>\r\n\t\t\t\t\t\t\t\t\t\t\t\t\t\t\t\t\t\t\t\t\t<div class=\"premium-blog-content-wrapper \">\r\n\r\n\t\t\t\t\t<div class=\"premium-blog-inner-container\">\r\n\r\n\t\t\t\t\t\t\t\t\t\t\t\t\t\t<h3 class=\"premium-blog-entry-title\">\r\n\t\t\t<a href=\"https:\/\/www.iset.com.br\/blog\/como-usar-aplicar-marketing-afiliados\/\" target=\"_blank\">\r\n\t\t\t\tComo usar e aplicar o marketing de afiliados\t\t\t<\/a>\r\n\t\t<\/h3>\r\n\t\t\r\n\t\t\t\t\t<\/div>\r\n\r\n\t\t\t\t\t\t\t<div class=\"premium-blog-content-inner-wrapper\">\r\n\t\t<p class=\"premium-blog-post-content\">O Marketing de Afiliados \u00e9 um novo formato de marketing que tem como objetivo ampliar as formas e canais de comunica\u00e7\u00e3o que consigam chamar a \u2026<\/p>\t\t<\/div>\r\n\t\t\t\t<div class=\"premium-blog-entry-meta\">\r\n\t\t\t\r\n\t\t\t\r\n\t\t\t\r\n\t\t\t\t\t<\/div>\r\n\t\t\t\t\t\t\t\r\n\t\t\t\t<\/div>\r\n\t\t\t<\/div>\r\n\t\t<\/article>\r\n\r\n\t\t\t\t<article class=\"premium-blog-post-outer-container\" data-total=\"3\">\r\n\t\t\t<div class=\"premium-blog-post-container premium-blog-skin-cards\">\r\n\t\t\t\t\t\t\t\t\t<div class=\"premium-blog-thumb-effect-wrapper\">\r\n\t\t\t\t\t\t<div class=\"premium-blog-thumbnail-container premium-blog-scale-effect\">\r\n\t\t\t\t\t\t\t\t\t\t\t<a href=\"https:\/\/www.iset.com.br\/blog\/oque-influencer-digital-como-usa-estrategias-marketing\/\" target=\"_blank\">\r\n\t\t\t\t<img loading=\"lazy\" decoding=\"async\" width=\"1160\" height=\"653\" src=\"https:\/\/www.iset.com.br\/blog\/wp-content\/uploads\/2020\/06\/oque-influencer-digital-como-usa-estrategias-marketing-1160x653-1.png\" class=\"attachment-full size-full wp-image-49595\" alt=\"\" srcset=\"https:\/\/www.iset.com.br\/blog\/wp-content\/uploads\/2020\/06\/oque-influencer-digital-como-usa-estrategias-marketing-1160x653-1.png 1160w, https:\/\/www.iset.com.br\/blog\/wp-content\/uploads\/2020\/06\/oque-influencer-digital-como-usa-estrategias-marketing-1160x653-1-300x169.png 300w, https:\/\/www.iset.com.br\/blog\/wp-content\/uploads\/2020\/06\/oque-influencer-digital-como-usa-estrategias-marketing-1160x653-1-768x432.png 768w, https:\/\/www.iset.com.br\/blog\/wp-content\/uploads\/2020\/06\/oque-influencer-digital-como-usa-estrategias-marketing-1160x653-1-1024x576.png 1024w, https:\/\/www.iset.com.br\/blog\/wp-content\/uploads\/2020\/06\/oque-influencer-digital-como-usa-estrategias-marketing-1160x653-1-600x338.png 600w, https:\/\/www.iset.com.br\/blog\/wp-content\/uploads\/2020\/06\/oque-influencer-digital-como-usa-estrategias-marketing-1160x653-1-1000x563.png 1000w, https:\/\/www.iset.com.br\/blog\/wp-content\/uploads\/2020\/06\/oque-influencer-digital-como-usa-estrategias-marketing-1160x653-1-24x14.png 24w, https:\/\/www.iset.com.br\/blog\/wp-content\/uploads\/2020\/06\/oque-influencer-digital-como-usa-estrategias-marketing-1160x653-1-36x20.png 36w, https:\/\/www.iset.com.br\/blog\/wp-content\/uploads\/2020\/06\/oque-influencer-digital-como-usa-estrategias-marketing-1160x653-1-48x27.png 48w\" sizes=\"(max-width: 1160px) 100vw, 1160px\" \/>\t\t\t\t<\/a>\r\n\t\t\t\t\t\t\t\t\t\t<\/div>\r\n\t\t\t\t\t\t\t\t\t\t\t\t\t<div class=\"premium-blog-effect-container premium-blog-diagonal-effect\">\r\n\t\t\t\t\t\t\t\t<a class=\"premium-blog-post-link\" href=\"https:\/\/www.iset.com.br\/blog\/oque-influencer-digital-como-usa-estrategias-marketing\/\" target=\"_blank\"><span>O que \u00e9 um Influencer Digital e como us\u00e1-lo nas suas estrat\u00e9gias de marketing<\/span><\/a>\r\n\t\t\t\t\t\t\t\t\t\t\t\t\t\t\t<\/div>\r\n\t\t\t\t\t\t\t\t\t\t\t<\/div>\r\n\t\t\t\t\t\t\t\t\t\t\t\t\t\t\t\t\t\t\t\t\t<div class=\"premium-blog-content-wrapper \">\r\n\r\n\t\t\t\t\t<div class=\"premium-blog-inner-container\">\r\n\r\n\t\t\t\t\t\t\t\t\t\t\t\t\t\t<h3 class=\"premium-blog-entry-title\">\r\n\t\t\t<a href=\"https:\/\/www.iset.com.br\/blog\/oque-influencer-digital-como-usa-estrategias-marketing\/\" target=\"_blank\">\r\n\t\t\t\tO que \u00e9 um Influencer Digital e como us\u00e1-lo nas suas estrat\u00e9gias de marketing\t\t\t<\/a>\r\n\t\t<\/h3>\r\n\t\t\r\n\t\t\t\t\t<\/div>\r\n\r\n\t\t\t\t\t\t\t<div class=\"premium-blog-content-inner-wrapper\">\r\n\t\t<p class=\"premium-blog-post-content\">O marketing de influencer digital ou influenciadores digitais est\u00e1 crescendo mais r\u00e1pido do que o pr\u00f3prio marketing digital. Voc\u00ea sabia que 68% dos consumidores acreditam \u2026<\/p>\t\t<\/div>\r\n\t\t\t\t<div class=\"premium-blog-entry-meta\">\r\n\t\t\t\r\n\t\t\t\r\n\t\t\t\r\n\t\t\t\t\t<\/div>\r\n\t\t\t\t\t\t\t\r\n\t\t\t\t<\/div>\r\n\t\t\t<\/div>\r\n\t\t<\/article>\r\n\r\n\t\t\t\t<article class=\"premium-blog-post-outer-container\" data-total=\"3\">\r\n\t\t\t<div class=\"premium-blog-post-container premium-blog-skin-cards\">\r\n\t\t\t\t\t\t\t\t\t<div class=\"premium-blog-thumb-effect-wrapper\">\r\n\t\t\t\t\t\t<div class=\"premium-blog-thumbnail-container premium-blog-scale-effect\">\r\n\t\t\t\t\t\t\t\t\t\t\t<a href=\"https:\/\/www.iset.com.br\/blog\/como-agencia-parceira-plataforma-ecommerce\/\" target=\"_blank\">\r\n\t\t\t\t<img loading=\"lazy\" decoding=\"async\" width=\"1160\" height=\"653\" src=\"https:\/\/www.iset.com.br\/blog\/wp-content\/uploads\/2020\/04\/Como-ag\u00eancia-parceria-plataforma-ecommerce-1160X653.png\" class=\"attachment-full size-full wp-image-49387\" alt=\"\" srcset=\"https:\/\/www.iset.com.br\/blog\/wp-content\/uploads\/2020\/04\/Como-ag\u00eancia-parceria-plataforma-ecommerce-1160X653.png 1160w, https:\/\/www.iset.com.br\/blog\/wp-content\/uploads\/2020\/04\/Como-ag\u00eancia-parceria-plataforma-ecommerce-1160X653-300x169.png 300w, https:\/\/www.iset.com.br\/blog\/wp-content\/uploads\/2020\/04\/Como-ag\u00eancia-parceria-plataforma-ecommerce-1160X653-1024x576.png 1024w, https:\/\/www.iset.com.br\/blog\/wp-content\/uploads\/2020\/04\/Como-ag\u00eancia-parceria-plataforma-ecommerce-1160X653-768x432.png 768w, https:\/\/www.iset.com.br\/blog\/wp-content\/uploads\/2020\/04\/Como-ag\u00eancia-parceria-plataforma-ecommerce-1160X653-600x338.png 600w, https:\/\/www.iset.com.br\/blog\/wp-content\/uploads\/2020\/04\/Como-ag\u00eancia-parceria-plataforma-ecommerce-1160X653-1000x563.png 1000w, https:\/\/www.iset.com.br\/blog\/wp-content\/uploads\/2020\/04\/Como-ag\u00eancia-parceria-plataforma-ecommerce-1160X653-24x14.png 24w, https:\/\/www.iset.com.br\/blog\/wp-content\/uploads\/2020\/04\/Como-ag\u00eancia-parceria-plataforma-ecommerce-1160X653-36x20.png 36w, https:\/\/www.iset.com.br\/blog\/wp-content\/uploads\/2020\/04\/Como-ag\u00eancia-parceria-plataforma-ecommerce-1160X653-48x27.png 48w\" sizes=\"(max-width: 1160px) 100vw, 1160px\" \/>\t\t\t\t<\/a>\r\n\t\t\t\t\t\t\t\t\t\t<\/div>\r\n\t\t\t\t\t\t\t\t\t\t\t\t\t<div class=\"premium-blog-effect-container premium-blog-diagonal-effect\">\r\n\t\t\t\t\t\t\t\t<a class=\"premium-blog-post-link\" href=\"https:\/\/www.iset.com.br\/blog\/como-agencia-parceira-plataforma-ecommerce\/\" target=\"_blank\"><span>Como sua ag\u00eancia pode ser parceira de uma plataforma de e-commerce<\/span><\/a>\r\n\t\t\t\t\t\t\t\t\t\t\t\t\t\t\t<\/div>\r\n\t\t\t\t\t\t\t\t\t\t\t<\/div>\r\n\t\t\t\t\t\t\t\t\t\t\t\t\t\t\t\t\t\t\t\t\t<div class=\"premium-blog-content-wrapper \">\r\n\r\n\t\t\t\t\t<div class=\"premium-blog-inner-container\">\r\n\r\n\t\t\t\t\t\t\t\t\t\t\t\t\t\t<h3 class=\"premium-blog-entry-title\">\r\n\t\t\t<a href=\"https:\/\/www.iset.com.br\/blog\/como-agencia-parceira-plataforma-ecommerce\/\" target=\"_blank\">\r\n\t\t\t\tComo sua ag\u00eancia pode ser parceira de uma plataforma de e-commerce\t\t\t<\/a>\r\n\t\t<\/h3>\r\n\t\t\r\n\t\t\t\t\t<\/div>\r\n\r\n\t\t\t\t\t\t\t<div class=\"premium-blog-content-inner-wrapper\">\r\n\t\t<p class=\"premium-blog-post-content\">Sua ag\u00eancia est\u00e1 expandindo as \u00e1reas onde atua? Percebeu que \u00e9 dif\u00edcil ficar de fora do mundo do e-commerce, n\u00e3o \u00e9? Ent\u00e3o, resolveu se filiar \u2026<\/p>\t\t<\/div>\r\n\t\t\t\t<div class=\"premium-blog-entry-meta\">\r\n\t\t\t\r\n\t\t\t\r\n\t\t\t\r\n\t\t\t\t\t<\/div>\r\n\t\t\t\t\t\t\t\r\n\t\t\t\t<\/div>\r\n\t\t\t<\/div>\r\n\t\t<\/article>\r\n\r\n\t\t\t\t<article class=\"premium-blog-post-outer-container\" data-total=\"3\">\r\n\t\t\t<div class=\"premium-blog-post-container premium-blog-skin-cards\">\r\n\t\t\t\t\t\t\t\t\t<div class=\"premium-blog-thumb-effect-wrapper\">\r\n\t\t\t\t\t\t<div class=\"premium-blog-thumbnail-container premium-blog-scale-effect\">\r\n\t\t\t\t\t\t\t\t\t\t\t<a href=\"https:\/\/www.iset.com.br\/blog\/fee-mensal-a-importancia-desse-tipo-monetizacao-para-sua-agencia\/\" target=\"_blank\">\r\n\t\t\t\t<img loading=\"lazy\" decoding=\"async\" width=\"1000\" height=\"668\" src=\"https:\/\/www.iset.com.br\/blog\/wp-content\/uploads\/2018\/02\/170792-fee-mensal-a-importancia-desse-tipo-monetizacao-para-sua-agencia.jpg\" class=\"attachment-full size-full wp-image-3224\" alt=\"\" srcset=\"https:\/\/www.iset.com.br\/blog\/wp-content\/uploads\/2018\/02\/170792-fee-mensal-a-importancia-desse-tipo-monetizacao-para-sua-agencia.jpg 1000w, https:\/\/www.iset.com.br\/blog\/wp-content\/uploads\/2018\/02\/170792-fee-mensal-a-importancia-desse-tipo-monetizacao-para-sua-agencia-300x200.jpg 300w, https:\/\/www.iset.com.br\/blog\/wp-content\/uploads\/2018\/02\/170792-fee-mensal-a-importancia-desse-tipo-monetizacao-para-sua-agencia-768x513.jpg 768w, https:\/\/www.iset.com.br\/blog\/wp-content\/uploads\/2018\/02\/170792-fee-mensal-a-importancia-desse-tipo-monetizacao-para-sua-agencia-24x16.jpg 24w, https:\/\/www.iset.com.br\/blog\/wp-content\/uploads\/2018\/02\/170792-fee-mensal-a-importancia-desse-tipo-monetizacao-para-sua-agencia-36x24.jpg 36w, https:\/\/www.iset.com.br\/blog\/wp-content\/uploads\/2018\/02\/170792-fee-mensal-a-importancia-desse-tipo-monetizacao-para-sua-agencia-48x32.jpg 48w\" sizes=\"(max-width: 1000px) 100vw, 1000px\" \/>\t\t\t\t<\/a>\r\n\t\t\t\t\t\t\t\t\t\t<\/div>\r\n\t\t\t\t\t\t\t\t\t\t\t\t\t<div class=\"premium-blog-effect-container premium-blog-diagonal-effect\">\r\n\t\t\t\t\t\t\t\t<a class=\"premium-blog-post-link\" href=\"https:\/\/www.iset.com.br\/blog\/fee-mensal-a-importancia-desse-tipo-monetizacao-para-sua-agencia\/\" target=\"_blank\"><span>Fee Mensal: a import\u00e2ncia desse tipo monetiza\u00e7\u00e3o para sua ag\u00eancia<\/span><\/a>\r\n\t\t\t\t\t\t\t\t\t\t\t\t\t\t\t<\/div>\r\n\t\t\t\t\t\t\t\t\t\t\t<\/div>\r\n\t\t\t\t\t\t\t\t\t\t\t\t\t\t\t\t\t\t\t\t\t<div class=\"premium-blog-content-wrapper \">\r\n\r\n\t\t\t\t\t<div class=\"premium-blog-inner-container\">\r\n\r\n\t\t\t\t\t\t\t\t\t\t\t\t\t\t<h3 class=\"premium-blog-entry-title\">\r\n\t\t\t<a href=\"https:\/\/www.iset.com.br\/blog\/fee-mensal-a-importancia-desse-tipo-monetizacao-para-sua-agencia\/\" target=\"_blank\">\r\n\t\t\t\tFee Mensal: a import\u00e2ncia desse tipo monetiza\u00e7\u00e3o para sua ag\u00eancia\t\t\t<\/a>\r\n\t\t<\/h3>\r\n\t\t\r\n\t\t\t\t\t<\/div>\r\n\r\n\t\t\t\t\t\t\t<div class=\"premium-blog-content-inner-wrapper\">\r\n\t\t<p class=\"premium-blog-post-content\">Um dos principais desafios das ag\u00eancias \u00e9 manter os recursos para dar continuidade \u00e0s suas atividades. Da\u00ed a necessidade de adotar, no setor financeiro, uma \u2026<\/p>\t\t<\/div>\r\n\t\t\t\t<div class=\"premium-blog-entry-meta\">\r\n\t\t\t\r\n\t\t\t\r\n\t\t\t\r\n\t\t\t\t\t<\/div>\r\n\t\t\t\t\t\t\t\r\n\t\t\t\t<\/div>\r\n\t\t\t<\/div>\r\n\t\t<\/article>\r\n\r\n\t\t\t\t<\/div>\n\n\t\t\t\t\t\t<\/div>\n\t\t\t\t<\/div>\n\t\t\t\t\t<\/div>\n\t\t<\/div>\n\t\t\t\t\t<\/div>\n\t\t<\/section>\n\t\t\t\t<section class=\"elementor-section elementor-top-section elementor-element elementor-element-645c4086 elementor-section-boxed elementor-section-height-default elementor-section-height-default\" data-id=\"645c4086\" data-element_type=\"section\" data-settings=\"{&quot;background_background&quot;:&quot;classic&quot;}\">\n\t\t\t\t\t\t\t<div class=\"elementor-background-overlay\"><\/div>\n\t\t\t\t\t\t\t<div class=\"elementor-container elementor-column-gap-default\">\n\t\t\t\t\t<div class=\"elementor-column elementor-col-100 elementor-top-column elementor-element elementor-element-7b2f4417\" data-id=\"7b2f4417\" data-element_type=\"column\">\n\t\t\t<div class=\"elementor-widget-wrap elementor-element-populated\">\n\t\t\t\t\t<div class=\"elementor-background-overlay\"><\/div>\n\t\t\t\t\t\t<div class=\"elementor-element elementor-element-7e9e67b elementor-invisible elementor-widget elementor-widget-heading\" data-id=\"7e9e67b\" data-element_type=\"widget\" data-settings=\"{&quot;_animation&quot;:&quot;fadeInUp&quot;,&quot;_animation_delay&quot;:150}\" data-widget_type=\"heading.default\">\n\t\t\t\t<div class=\"elementor-widget-container\">\n\t\t\t\t\t<span class=\"elementor-heading-title elementor-size-default\">GOSTOU DO NOSSO CONTE\u00daDO?<\/span>\t\t\t\t<\/div>\n\t\t\t\t<\/div>\n\t\t\t\t<div class=\"elementor-element elementor-element-6aa95b57 elementor-invisible elementor-widget elementor-widget-heading\" data-id=\"6aa95b57\" data-element_type=\"widget\" data-settings=\"{&quot;_animation&quot;:&quot;fadeInUp&quot;,&quot;_animation_delay&quot;:80}\" data-widget_type=\"heading.default\">\n\t\t\t\t<div class=\"elementor-widget-container\">\n\t\t\t\t\t<h2 class=\"elementor-heading-title elementor-size-default\">Inscreva-se Em Nossa Newsletter<\/h2>\t\t\t\t<\/div>\n\t\t\t\t<\/div>\n\t\t\t\t<div class=\"elementor-element elementor-element-63263852 elementor-widget-divider--view-line_icon elementor-view-default elementor-widget-divider--element-align-center elementor-invisible elementor-widget elementor-widget-divider\" data-id=\"63263852\" data-element_type=\"widget\" data-settings=\"{&quot;_animation&quot;:&quot;fadeInUp&quot;,&quot;_animation_delay&quot;:80}\" data-widget_type=\"divider.default\">\n\t\t\t\t<div class=\"elementor-widget-container\">\n\t\t\t\t\t\t\t<div class=\"elementor-divider\">\n\t\t\t<span class=\"elementor-divider-separator\">\n\t\t\t\t\t\t\t<div class=\"elementor-icon elementor-divider__element\">\n\t\t\t\t\t<svg aria-hidden=\"true\" class=\"e-font-icon-svg e-fas-dot-circle\" viewBox=\"0 0 512 512\" xmlns=\"http:\/\/www.w3.org\/2000\/svg\"><path d=\"M256 8C119.033 8 8 119.033 8 256s111.033 248 248 248 248-111.033 248-248S392.967 8 256 8zm80 248c0 44.112-35.888 80-80 80s-80-35.888-80-80 35.888-80 80-80 80 35.888 80 80z\"><\/path><\/svg><\/div>\n\t\t\t\t\t\t<\/span>\n\t\t<\/div>\n\t\t\t\t\t\t<\/div>\n\t\t\t\t<\/div>\n\t\t\t\t<div class=\"elementor-element elementor-element-5c9d664c elementor-invisible elementor-widget elementor-widget-heading\" data-id=\"5c9d664c\" data-element_type=\"widget\" data-settings=\"{&quot;_animation&quot;:&quot;fadeInUp&quot;,&quot;_animation_delay&quot;:150}\" data-widget_type=\"heading.default\">\n\t\t\t\t<div class=\"elementor-widget-container\">\n\t\t\t\t\t<p class=\"elementor-heading-title elementor-size-default\">Ao inscrever-se em nossa newsletter, voc\u00ea ter\u00e1 acesso em primeira m\u00e3o de todos os nossos conte\u00fados, das mais diversas \u00e1rea de um neg\u00f3cio online, e nas mais diversas plataformas. <\/p>\t\t\t\t<\/div>\n\t\t\t\t<\/div>\n\t\t\t\t<div class=\"elementor-element elementor-element-ada38f5 elementor-widget elementor-widget-html\" data-id=\"ada38f5\" data-element_type=\"widget\" id=\"newsletter-form\" data-widget_type=\"html.default\">\n\t\t\t\t<div class=\"elementor-widget-container\">\n\t\t\t\t\t<form action=\"https:\/\/paginas.rocks\/pages\/index\/311172\" method=\"post\"><input id=\"id\" name=\"id\" type=\"hidden\" value=\"311172\" \/><input id=\"mid\" name=\"mid\" type=\"hidden\" value=\"311172\" \/><input id=\"pid\" name=\"pid\" type=\"hidden\" value=\"18494173\" \/><input id=\"list_id\" name=\"list_id\" type=\"hidden\" value=\"311172\" \/><input id=\"provider\" name=\"provider\" type=\"hidden\" value=\"leadlovers\" \/><input id=\"email\" class=\"form-control form-ll\" name=\"email\" type=\"text\" placeholder=\"Informe o seu email\" \/>\r\n<button class=\"btn btn-danger\" style=\"padding: 10px; width: 100%; margin: 15px 0 5px; background-color: rgba(0, 102, 153, 1); border-color: rgba(0, 102, 153, 1) !important;\" type=\"submit\">Inscreva-se<\/button><span style=\"text-align: center;\">\u00a0\u00a0<\/span><\/form>\t\t\t\t<\/div>\n\t\t\t\t<\/div>\n\t\t\t\t\t<\/div>\n\t\t<\/div>\n\t\t\t\t\t<\/div>\n\t\t<\/section>\n\t\t\t\t<\/div>\n\t\t","protected":false},"excerpt":{"rendered":"<p>BLOG DA iSET Acelere o Crescimento Do Seu Neg\u00f3cio Descubra como criar experi\u00eancias que impulsionam suas vendas e fidelizam seus clientes. BLOG DA iSET Acelere o Crescimento Do Seu Neg\u00f3cio Descubra como criar experi\u00eancias que impulsionam suas vendas e fidelizam seus clientes. CATEGORIAS Mais Populares Tecnologia Marketing Digital Primeiros Passos Gest\u00e3o &amp; Neg\u00f3cios Para Ag\u00eancias [&hellip;]<\/p>\n","protected":false},"author":9,"featured_media":54495,"parent":0,"menu_order":0,"comment_status":"closed","ping_status":"closed","template":"","meta":{"footnotes":""},"class_list":["post-54393","page","type-page","status-publish","has-post-thumbnail","hentry"],"_links":{"self":[{"href":"https:\/\/www.iset.com.br\/blog\/wp-json\/wp\/v2\/pages\/54393","targetHints":{"allow":["GET"]}}],"collection":[{"href":"https:\/\/www.iset.com.br\/blog\/wp-json\/wp\/v2\/pages"}],"about":[{"href":"https:\/\/www.iset.com.br\/blog\/wp-json\/wp\/v2\/types\/page"}],"author":[{"embeddable":true,"href":"https:\/\/www.iset.com.br\/blog\/wp-json\/wp\/v2\/users\/9"}],"replies":[{"embeddable":true,"href":"https:\/\/www.iset.com.br\/blog\/wp-json\/wp\/v2\/comments?post=54393"}],"version-history":[{"count":140,"href":"https:\/\/www.iset.com.br\/blog\/wp-json\/wp\/v2\/pages\/54393\/revisions"}],"predecessor-version":[{"id":55944,"href":"https:\/\/www.iset.com.br\/blog\/wp-json\/wp\/v2\/pages\/54393\/revisions\/55944"}],"wp:featuredmedia":[{"embeddable":true,"href":"https:\/\/www.iset.com.br\/blog\/wp-json\/wp\/v2\/media\/54495"}],"wp:attachment":[{"href":"https:\/\/www.iset.com.br\/blog\/wp-json\/wp\/v2\/media?parent=54393"}],"curies":[{"name":"wp","href":"https:\/\/api.w.org\/{rel}","templated":true}]}}